{"id":13847,"date":"2021-07-28T10:23:56","date_gmt":"2021-07-28T07:23:56","guid":{"rendered":"https:\/\/www.biopapa.lt\/?post_type=product&#038;p=13847"},"modified":"2025-11-13T12:47:41","modified_gmt":"2025-11-13T10:47:41","slug":"ekologiski-sauleje-dziovinti-pomidorai-2","status":"publish","type":"product","link":"https:\/\/www.biopapa.de\/lt\/producte\/ekologiski-sauleje-dziovinti-pomidorai-2\/","title":{"rendered":"Ekologi\u0161ki saul\u0117je d\u017eiovinti pomidorai"},"content":{"rendered":"<p><strong>Ekologi\u0161ki saul\u0117je d\u017eiovinti pomidorai<\/strong> &#8211; nat\u016braliai u\u017eauginti ir saul\u0117je d\u017eiovinti pomidorai i\u0161laiko did\u017ei\u0105j\u0105 dal\u012f vitamin\u0173 ir mineral\u0173. Jie itin praturtina daugel\u012f patiekal\u0173, suteikia salotoms ry\u0161kesn\u012f skon\u012f. U\u017epilkite juose ypa\u010d tyru alyvuogi\u0173 aliejumi, pabarstykite \u017eolel\u0117mis ir taip tur\u0117site visi\u0161kai nat\u016bralius saul\u0117je d\u017eiovintus pomidorus aliejuje be konservant\u0173!<\/p>\n<p>Da\u017eniausia, d\u017eiovinami pomidorai saul\u0117je praleid\u017eia 4-10 dien\u0173 ir netenka apie 90% savo svorio, tod\u0117l reikia 8-18 kg \u017eali\u0173 pomidor\u0173 norint gauti 1 kg saul\u0117je d\u017eiovint\u0173. Kita vertus, did\u017eioji dalis prarasto svorio yra vanduo, tod\u0117l pomidorai i\u0161saugo savo maisting\u0105sias savybes.<\/p>\n<p>&nbsp;<\/p>\n","protected":false},"excerpt":{"rendered":"<p>Ekologi\u0161ki saul\u0117je d\u017eiovinti pomidorai &#8211; nat\u016braliai u\u017eauginti ir saul\u0117je d\u017eiovinti pomidorai i\u0161laiko did\u017ei\u0105j\u0105 dal\u012f vitamin\u0173 ir mineral\u0173. Jie itin praturtina<\/p>\n","protected":false},"featured_media":14540,"template":"","meta":{"_acf_changed":false},"product_brand":[],"product_cat":[1228,2335],"product_tag":[1378],"class_list":{"0":"post-13847","1":"product","2":"type-product","3":"status-publish","4":"has-post-thumbnail","6":"product_cat-ekologiski-dziovinti-vaisiai-uogos-darzoves","7":"product_cat-dziovintos-darzoves","8":"product_tag-veganams","9":"pa_svoris-1-kg","10":"pa_svoris-10-kg","11":"pa_svoris-100-g","12":"pa_svoris-200-g","13":"pa_svoris-300-g","14":"pa_svoris-400-g","15":"pa_svoris-5-kg","16":"pa_svoris-500-g","18":"first","19":"instock","20":"shipping-taxable","21":"purchasable","22":"product-type-variable"},"acf":[],"yoast_head":"<!-- This site is optimized with the Yoast SEO plugin v27.5 - https:\/\/yoast.com\/product\/yoast-seo-wordpress\/ -->\n<title>Ekologi\u0161ki saul\u0117je d\u017eiovinti pomidorai - Biopapa<\/title>\n<meta name=\"description\" content=\"Ekologi\u0161ki saul\u0117je d\u017eiovinti pomidorai - nat\u016braliai u\u017eauginti ir saul\u0117je d\u017eiovinti pomidorai i\u0161laiko did\u017ei\u0105j\u0105 dal\u012f vitamin\u0173 ir mineral\u0173.\" \/>\n<meta name=\"robots\" content=\"index, follow, max-snippet:-1, max-image-preview:large, max-video-preview:-1\" \/>\n<link rel=\"canonical\" href=\"https:\/\/www.biopapa.de\/lt\/producte\/ekologiski-sauleje-dziovinti-pomidorai-2\/\" \/>\n<meta property=\"og:locale\" content=\"lt_LT\" \/>\n<meta property=\"og:type\" content=\"article\" \/>\n<meta property=\"og:title\" content=\"Ekologi\u0161ki saul\u0117je d\u017eiovinti pomidorai - Biopapa\" \/>\n<meta property=\"og:description\" content=\"Ekologi\u0161ki saul\u0117je d\u017eiovinti pomidorai - nat\u016braliai u\u017eauginti ir saul\u0117je d\u017eiovinti pomidorai i\u0161laiko did\u017ei\u0105j\u0105 dal\u012f vitamin\u0173 ir mineral\u0173.\" \/>\n<meta property=\"og:url\" content=\"https:\/\/www.biopapa.de\/lt\/producte\/ekologiski-sauleje-dziovinti-pomidorai-2\/\" \/>\n<meta property=\"og:site_name\" content=\"Biopapa\" \/>\n<meta property=\"article:publisher\" content=\"https:\/\/www.facebook.com\/biopapa.lt\" \/>\n<meta property=\"article:modified_time\" content=\"2025-11-13T10:47:41+00:00\" \/>\n<meta property=\"og:image\" content=\"https:\/\/www.biopapa.de\/wp-content\/uploads\/2021\/07\/779A1270.jpg\" \/>\n\t<meta property=\"og:image:width\" content=\"800\" \/>\n\t<meta property=\"og:image:height\" content=\"640\" \/>\n\t<meta property=\"og:image:type\" content=\"image\/jpeg\" \/>\n<meta name=\"twitter:card\" content=\"summary_large_image\" \/>\n<script type=\"application\/ld+json\" class=\"yoast-schema-graph\">{\"@context\":\"https:\\\/\\\/schema.org\",\"@graph\":[{\"@type\":\"WebPage\",\"@id\":\"https:\\\/\\\/www.biopapa.de\\\/lt\\\/producte\\\/ekologiski-sauleje-dziovinti-pomidorai-2\\\/\",\"url\":\"https:\\\/\\\/www.biopapa.de\\\/lt\\\/producte\\\/ekologiski-sauleje-dziovinti-pomidorai-2\\\/\",\"name\":\"Ekologi\u0161ki saul\u0117je d\u017eiovinti pomidorai - Biopapa\",\"isPartOf\":{\"@id\":\"https:\\\/\\\/www.biopapa.de\\\/lt\\\/#website\"},\"primaryImageOfPage\":{\"@id\":\"https:\\\/\\\/www.biopapa.de\\\/lt\\\/producte\\\/ekologiski-sauleje-dziovinti-pomidorai-2\\\/#primaryimage\"},\"image\":{\"@id\":\"https:\\\/\\\/www.biopapa.de\\\/lt\\\/producte\\\/ekologiski-sauleje-dziovinti-pomidorai-2\\\/#primaryimage\"},\"thumbnailUrl\":\"https:\\\/\\\/www.biopapa.de\\\/wp-content\\\/uploads\\\/2021\\\/07\\\/779A1270.jpg\",\"datePublished\":\"2021-07-28T07:23:56+00:00\",\"dateModified\":\"2025-11-13T10:47:41+00:00\",\"description\":\"Ekologi\u0161ki saul\u0117je d\u017eiovinti pomidorai - nat\u016braliai u\u017eauginti ir saul\u0117je d\u017eiovinti pomidorai i\u0161laiko did\u017ei\u0105j\u0105 dal\u012f vitamin\u0173 ir mineral\u0173.\",\"breadcrumb\":{\"@id\":\"https:\\\/\\\/www.biopapa.de\\\/lt\\\/producte\\\/ekologiski-sauleje-dziovinti-pomidorai-2\\\/#breadcrumb\"},\"inLanguage\":\"lt-LT\",\"potentialAction\":[{\"@type\":\"ReadAction\",\"target\":[\"https:\\\/\\\/www.biopapa.de\\\/lt\\\/producte\\\/ekologiski-sauleje-dziovinti-pomidorai-2\\\/\"]}]},{\"@type\":\"ImageObject\",\"inLanguage\":\"lt-LT\",\"@id\":\"https:\\\/\\\/www.biopapa.de\\\/lt\\\/producte\\\/ekologiski-sauleje-dziovinti-pomidorai-2\\\/#primaryimage\",\"url\":\"https:\\\/\\\/www.biopapa.de\\\/wp-content\\\/uploads\\\/2021\\\/07\\\/779A1270.jpg\",\"contentUrl\":\"https:\\\/\\\/www.biopapa.de\\\/wp-content\\\/uploads\\\/2021\\\/07\\\/779A1270.jpg\",\"width\":800,\"height\":640},{\"@type\":\"BreadcrumbList\",\"@id\":\"https:\\\/\\\/www.biopapa.de\\\/lt\\\/producte\\\/ekologiski-sauleje-dziovinti-pomidorai-2\\\/#breadcrumb\",\"itemListElement\":[{\"@type\":\"ListItem\",\"position\":1,\"name\":\"Home\",\"item\":\"https:\\\/\\\/www.biopapa.de\\\/lt\\\/\"},{\"@type\":\"ListItem\",\"position\":2,\"name\":\"Parduotuv\u0117\",\"item\":\"https:\\\/\\\/www.biopapa.de\\\/parduotuve\\\/\"},{\"@type\":\"ListItem\",\"position\":3,\"name\":\"Ekologi\u0161ki saul\u0117je d\u017eiovinti pomidorai\"}]},{\"@type\":\"WebSite\",\"@id\":\"https:\\\/\\\/www.biopapa.de\\\/lt\\\/#website\",\"url\":\"https:\\\/\\\/www.biopapa.de\\\/lt\\\/\",\"name\":\"Biopapa\",\"description\":\"\u0160var\u016bs ekologi\u0161ki produktai\",\"publisher\":{\"@id\":\"https:\\\/\\\/www.biopapa.de\\\/lt\\\/#organization\"},\"potentialAction\":[{\"@type\":\"SearchAction\",\"target\":{\"@type\":\"EntryPoint\",\"urlTemplate\":\"https:\\\/\\\/www.biopapa.de\\\/lt\\\/?s={search_term_string}\"},\"query-input\":{\"@type\":\"PropertyValueSpecification\",\"valueRequired\":true,\"valueName\":\"search_term_string\"}}],\"inLanguage\":\"lt-LT\"},{\"@type\":\"Organization\",\"@id\":\"https:\\\/\\\/www.biopapa.de\\\/lt\\\/#organization\",\"name\":\"Biopapa\",\"url\":\"https:\\\/\\\/www.biopapa.de\\\/lt\\\/\",\"logo\":{\"@type\":\"ImageObject\",\"inLanguage\":\"lt-LT\",\"@id\":\"https:\\\/\\\/www.biopapa.de\\\/lt\\\/#\\\/schema\\\/logo\\\/image\\\/\",\"url\":\"https:\\\/\\\/www.biopapa.lt\\\/wp-content\\\/uploads\\\/2022\\\/04\\\/facebook_biopapa.jpg\",\"contentUrl\":\"https:\\\/\\\/www.biopapa.lt\\\/wp-content\\\/uploads\\\/2022\\\/04\\\/facebook_biopapa.jpg\",\"width\":1733,\"height\":907,\"caption\":\"Biopapa\"},\"image\":{\"@id\":\"https:\\\/\\\/www.biopapa.de\\\/lt\\\/#\\\/schema\\\/logo\\\/image\\\/\"},\"sameAs\":[\"https:\\\/\\\/www.facebook.com\\\/biopapa.lt\"]}]}<\/script>\n<!-- \/ Yoast SEO plugin. -->","yoast_head_json":{"title":"Ekologi\u0161ki saul\u0117je d\u017eiovinti pomidorai - Biopapa","description":"Ekologi\u0161ki saul\u0117je d\u017eiovinti pomidorai - nat\u016braliai u\u017eauginti ir saul\u0117je d\u017eiovinti pomidorai i\u0161laiko did\u017ei\u0105j\u0105 dal\u012f vitamin\u0173 ir mineral\u0173.","robots":{"index":"index","follow":"follow","max-snippet":"max-snippet:-1","max-image-preview":"max-image-preview:large","max-video-preview":"max-video-preview:-1"},"canonical":"https:\/\/www.biopapa.de\/lt\/producte\/ekologiski-sauleje-dziovinti-pomidorai-2\/","og_locale":"lt_LT","og_type":"article","og_title":"Ekologi\u0161ki saul\u0117je d\u017eiovinti pomidorai - Biopapa","og_description":"Ekologi\u0161ki saul\u0117je d\u017eiovinti pomidorai - nat\u016braliai u\u017eauginti ir saul\u0117je d\u017eiovinti pomidorai i\u0161laiko did\u017ei\u0105j\u0105 dal\u012f vitamin\u0173 ir mineral\u0173.","og_url":"https:\/\/www.biopapa.de\/lt\/producte\/ekologiski-sauleje-dziovinti-pomidorai-2\/","og_site_name":"Biopapa","article_publisher":"https:\/\/www.facebook.com\/biopapa.lt","article_modified_time":"2025-11-13T10:47:41+00:00","og_image":[{"width":800,"height":640,"url":"https:\/\/www.biopapa.de\/wp-content\/uploads\/2021\/07\/779A1270.jpg","type":"image\/jpeg"}],"twitter_card":"summary_large_image","schema":{"@context":"https:\/\/schema.org","@graph":[{"@type":"WebPage","@id":"https:\/\/www.biopapa.de\/lt\/producte\/ekologiski-sauleje-dziovinti-pomidorai-2\/","url":"https:\/\/www.biopapa.de\/lt\/producte\/ekologiski-sauleje-dziovinti-pomidorai-2\/","name":"Ekologi\u0161ki saul\u0117je d\u017eiovinti pomidorai - Biopapa","isPartOf":{"@id":"https:\/\/www.biopapa.de\/lt\/#website"},"primaryImageOfPage":{"@id":"https:\/\/www.biopapa.de\/lt\/producte\/ekologiski-sauleje-dziovinti-pomidorai-2\/#primaryimage"},"image":{"@id":"https:\/\/www.biopapa.de\/lt\/producte\/ekologiski-sauleje-dziovinti-pomidorai-2\/#primaryimage"},"thumbnailUrl":"https:\/\/www.biopapa.de\/wp-content\/uploads\/2021\/07\/779A1270.jpg","datePublished":"2021-07-28T07:23:56+00:00","dateModified":"2025-11-13T10:47:41+00:00","description":"Ekologi\u0161ki saul\u0117je d\u017eiovinti pomidorai - nat\u016braliai u\u017eauginti ir saul\u0117je d\u017eiovinti pomidorai i\u0161laiko did\u017ei\u0105j\u0105 dal\u012f vitamin\u0173 ir mineral\u0173.","breadcrumb":{"@id":"https:\/\/www.biopapa.de\/lt\/producte\/ekologiski-sauleje-dziovinti-pomidorai-2\/#breadcrumb"},"inLanguage":"lt-LT","potentialAction":[{"@type":"ReadAction","target":["https:\/\/www.biopapa.de\/lt\/producte\/ekologiski-sauleje-dziovinti-pomidorai-2\/"]}]},{"@type":"ImageObject","inLanguage":"lt-LT","@id":"https:\/\/www.biopapa.de\/lt\/producte\/ekologiski-sauleje-dziovinti-pomidorai-2\/#primaryimage","url":"https:\/\/www.biopapa.de\/wp-content\/uploads\/2021\/07\/779A1270.jpg","contentUrl":"https:\/\/www.biopapa.de\/wp-content\/uploads\/2021\/07\/779A1270.jpg","width":800,"height":640},{"@type":"BreadcrumbList","@id":"https:\/\/www.biopapa.de\/lt\/producte\/ekologiski-sauleje-dziovinti-pomidorai-2\/#breadcrumb","itemListElement":[{"@type":"ListItem","position":1,"name":"Home","item":"https:\/\/www.biopapa.de\/lt\/"},{"@type":"ListItem","position":2,"name":"Parduotuv\u0117","item":"https:\/\/www.biopapa.de\/parduotuve\/"},{"@type":"ListItem","position":3,"name":"Ekologi\u0161ki saul\u0117je d\u017eiovinti pomidorai"}]},{"@type":"WebSite","@id":"https:\/\/www.biopapa.de\/lt\/#website","url":"https:\/\/www.biopapa.de\/lt\/","name":"Biopapa","description":"\u0160var\u016bs ekologi\u0161ki produktai","publisher":{"@id":"https:\/\/www.biopapa.de\/lt\/#organization"},"potentialAction":[{"@type":"SearchAction","target":{"@type":"EntryPoint","urlTemplate":"https:\/\/www.biopapa.de\/lt\/?s={search_term_string}"},"query-input":{"@type":"PropertyValueSpecification","valueRequired":true,"valueName":"search_term_string"}}],"inLanguage":"lt-LT"},{"@type":"Organization","@id":"https:\/\/www.biopapa.de\/lt\/#organization","name":"Biopapa","url":"https:\/\/www.biopapa.de\/lt\/","logo":{"@type":"ImageObject","inLanguage":"lt-LT","@id":"https:\/\/www.biopapa.de\/lt\/#\/schema\/logo\/image\/","url":"https:\/\/www.biopapa.lt\/wp-content\/uploads\/2022\/04\/facebook_biopapa.jpg","contentUrl":"https:\/\/www.biopapa.lt\/wp-content\/uploads\/2022\/04\/facebook_biopapa.jpg","width":1733,"height":907,"caption":"Biopapa"},"image":{"@id":"https:\/\/www.biopapa.de\/lt\/#\/schema\/logo\/image\/"},"sameAs":["https:\/\/www.facebook.com\/biopapa.lt"]}]}},"_links":{"self":[{"href":"https:\/\/www.biopapa.de\/lt\/wp-json\/wp\/v2\/product\/13847","targetHints":{"allow":["GET"]}}],"collection":[{"href":"https:\/\/www.biopapa.de\/lt\/wp-json\/wp\/v2\/product"}],"about":[{"href":"https:\/\/www.biopapa.de\/lt\/wp-json\/wp\/v2\/types\/product"}],"wp:featuredmedia":[{"embeddable":true,"href":"https:\/\/www.biopapa.de\/lt\/wp-json\/wp\/v2\/media\/14540"}],"wp:attachment":[{"href":"https:\/\/www.biopapa.de\/lt\/wp-json\/wp\/v2\/media?parent=13847"}],"wp:term":[{"taxonomy":"product_brand","embeddable":true,"href":"https:\/\/www.biopapa.de\/lt\/wp-json\/wp\/v2\/product_brand?post=13847"},{"taxonomy":"product_cat","embeddable":true,"href":"https:\/\/www.biopapa.de\/lt\/wp-json\/wp\/v2\/product_cat?post=13847"},{"taxonomy":"product_tag","embeddable":true,"href":"https:\/\/www.biopapa.de\/lt\/wp-json\/wp\/v2\/product_tag?post=13847"}],"curies":[{"name":"wp","href":"https:\/\/api.w.org\/{rel}","templated":true}]}}