{"id":13984,"date":"2021-07-28T18:51:50","date_gmt":"2021-07-28T15:51:50","guid":{"rendered":"https:\/\/www.biopapa.lt\/?post_type=product&#038;p=13984"},"modified":"2026-03-13T17:04:15","modified_gmt":"2026-03-13T15:04:15","slug":"ekologiskas-maltas-imbieras","status":"publish","type":"product","link":"https:\/\/www.biopapa.de\/lt\/producte\/ekologiskas-maltas-imbieras\/","title":{"rendered":"Ekologi\u0161kas maltas imbieras"},"content":{"rendered":"<p><strong>Ekologi\u0161kas maltas imbieras<\/strong><br \/>\nImbieras\u00a0laikomas vienu vertingiausi\u0173 ir pla\u010diausiai vartojam\u0173 augal\u0173 o jo gydomasis poveikis \u017einomas jau daugel\u012f am\u017ei\u0173. Imbieras, lotyni\u0161kai\u00a0Zingiber officinale, yra daugiametis augalas daugiausia Kinijoje, Indijoje ir Nepale.<br \/>\nImbieras yra kil\u0119s i\u0161 augal\u0173 \u0161eimos, kuriai priklauso kardamonas ir ciber\u017eol\u0117. Jo a\u0161tr\u0173 skon\u012f daugiausia lemia ketonai, ypa\u010d gingeroliai, kurie yra pagrindiniai imbiero komponentai, tirti daugelyje su sveikata susijusi\u0173 mokslini\u0173 tyrim\u0173. Indijoje ir Kinijoje imbiero vartojimas skai\u010diuojamas t\u016bkstanme\u010diais. Manoma, kad \u012f Romos Imperij\u0105 imbieras atkeliavo i\u0161 Indijos prie\u0161 2000 t\u016bkstan\u010dius met\u0173 ir taip paplito visoje Europoje.<br \/>\nKaip ir daugelis vaistini\u0173 augal\u0173, imbiero nauda sveikatai buvo perduodama i\u0161 l\u016bp\u0173 \u012f l\u016bpas ir netur\u0117jo mokslini\u0173 \u012frodym\u0173, patvirtinan\u010di\u0173 daugyb\u0119 teigini\u0173. Ta\u010diau per pastaruosius kelerius metus buvo atlikta daugelis tyrim\u0173 apie imbiero ir \u012fvairi\u0173 jo komponent\u0173 savybes, kurie patvirtino \u012fvairiapus\u012f imbiero poveik\u012f sveikatai.<br \/>\nTaigi imbieras yra ne tik puikaus skonio, ta\u010diau ir labai naudingas sveikatai. Da\u017eniausiai naudojama dalis yra ant\u017eeminis \u0161akniastiebis, kartais neteisingai vadinamas \u0161aknimis.<br \/>\nVartodami imbier\u0105 galvokite apie \u201evir\u0161kinim\u0105\u201c, nors ne tik \u0161ioje srityje jis gali b\u016bti naudingas.<\/p>\n<p>Imbieras naudojamas tiek \u0161vie\u017eias, tiek d\u017eiovintas.\u00a0\u0160vie\u017eias imbieras\u00a0yra saugus daugumai \u017emoni\u0173. Sausas imbieras yra a\u0161tresnis ir gali b\u016bti kai kam per stiprus, tod\u0117l vasar\u0105, ankstyv\u0105 ruden\u012f reik\u0117t\u0173 j\u012f naudoti saikingai.<\/p>\n<p>D\u017eiovinti imbiero milteliai ir\u00a0\u0161vie\u017eias imbieras\u00a0naudojami kaip prieskonis gaminant maist\u0105. Jis taip pat puikiai dera su kitais prieskoniais, tokiais kaip ciber\u017eol\u0117, kmynai, kalendra, pankolis ir cinamonas. Imbieras naudojamas pada\u017eams, kariams, marinatams, sriubai, tro\u0161kiniams, kepiniams ir arbatai ruo\u0161ti.<br \/>\nImbieras ypa\u010d tinka \u017eiemos sezonui. Arbata su imbieru ne tik suteikia jauki\u0105 \u0161ilum\u0105 \u0161altomis \u017eiemos dienomis, bet ir gali b\u016bti naudojamas norint suteikti nuostab\u0173 \u0161ildant\u012f skon\u012f sausainiams ir kitiems saldumynams. Grei\u010diausiai dauguma m\u016bs\u0173 neapseina be imbierinio skonio gardumyn\u0173 ant Kal\u0117dinio stalo.<\/p>\n<p>Pastaba. D\u017eiovintas imbieras yra saugu vartoti, ta\u010diau nepatariama vartoti didesnes 5 gram\u0173 dozes per dien\u0105. D\u017eiovinto imbiero milteliai nepatartina da\u017enai vartoti kar\u0161tomis vasaros dienomis.<\/p>\n<p>Receptai:<\/p>\n<p>Paruo\u0161kite kelis obuolius, i\u0161pjaukite kotelius su s\u0117klomis ir sud\u0117kite \u012f kepimo ind\u0105 su 1\/2 puodelio vandens. \u012e razin\u0173, cinamono mi\u0161in\u012f sutarkuokite \u0161vie\u017ei\u0105 imbier\u0105. U\u017epildykite obuolius \u0161iuo mi\u0161iniu ir kepkite 170 C temperat\u016broje apie 30 minu\u010di\u0173. I\u0161kepus pa\u0161lakstykite agav\u0173 ar klev\u0173 syrupu. Skanaus!<br \/>\nSupjaustykite\u00a0\u0161vie\u017ei\u0105 imbier\u0105, p\u0161lakstykite citrinos sultimis ir valgykite su \u017eiupsneliu Himalaj\u0173 druskos. Tai, kaip teigiama, padeda \u012fsisavinti maistines med\u017eiagas.<br \/>\nLabai smulkiai (iki ko\u0161el\u0117s konsistencijos) sutarkuoti\u00a0\u0161vie\u017eio imbiero\u00a01 arbatin\u012f \u0161auk\u0161tel\u012f, prid\u0117ti \u017eiupsnel\u012f Himalaj\u0173 druskos ir la\u0161el\u012f aliejaus, suvalgyti 10-15 min. prie\u0161 pietus. Tai skatina vir\u0161kinim\u0105.<br \/>\nCHAI Masala arbatos prieskoni\u0173 mi\u0161inys:<br \/>\n6 \u0161auk\u0161tai\u00a0sauso imbiero milteli\u0173\u00a045g<br \/>\n\u00bd puodelio\u00a0\u017ealio kardamono ank\u0161\u010di\u0173\u00a0arba 80 g\u00a0\u017ealio kardamono milteli\u0173<br \/>\n\u00bc\u00a0puodelio gvazdik\u0117li\u0173\u00a0arba 18g\u00a0gvazdik\u0117li\u0173 milteli\u0173<br \/>\n\u00bc\u00a0puodelio juod\u0173j\u0173 pipir\u0173\u00a0arba 30g\u00a0juod\u0173j\u0173 pipir\u0173 milteli\u0173<br \/>\n1-1,5\u00a0cinamono lazdeli\u0173\u00a0arba 8g\u00a0cinamono milteli\u0173<br \/>\nVisus ingredientus sumalkite kavos arba prieskoni\u0173 mal\u016bn\u0117liu iki rupi\u0173 milteli\u0173. Gerai i\u0161mai\u0161ykite ingridientus ir laikykite hermeti\u0161kame inde, sausoje ir tamsioje vietoje. Galima \u0161\u012f mi\u0161in\u012f paruo\u0161ti i\u0161 jau sumalt\u0173 prieskoni\u0173.<br \/>\nKiekvienam CHAI masala puodeliui naudokite 1\/4\u00a0\u00a0\u2013 1\/2 (kokio stiprumo norite) \u0161auk\u0161telio \u0161io prieskoni\u0173 mi\u0161inio. U\u017evirkite vanden\u012f, \u012fd\u0117kite miltelius \u012f vanden\u012f ir ant ma\u017eos ugnis pavirti apie 1-3 min, \u012fpilkite augalinio g\u0117rimo arba pieno, pakaitinkite iki u\u017evirimo.<\/p>\n<p>\u0160altiniai<br \/>\nhttps:\/\/someindiangirl.com<\/p>\n<blockquote class=\"wp-embedded-content\" data-secret=\"0EocWRntWW\"><p><a href=\"https:\/\/www.tcmworld.org\/\">Home Page<\/a><\/p><\/blockquote>\n<p><iframe class=\"wp-embedded-content\" sandbox=\"allow-scripts\" security=\"restricted\" style=\"position: absolute; visibility: hidden;\" title=\"&#8220;Home Page&#8221; &#8212; TCM World\" src=\"https:\/\/www.tcmworld.org\/embed\/#?secret=rJjRRgmP93#?secret=0EocWRntWW\" data-secret=\"0EocWRntWW\" width=\"500\" height=\"282\" frameborder=\"0\" marginwidth=\"0\" marginheight=\"0\" scrolling=\"no\"><\/iframe><br \/>\nhttps:\/\/www.banyanbotanicals.com<\/p>\n<p>PASTABA.\u00a0\u010cia pateikta informacija negali b\u016bti interpretuojama kaip gydymo ar kitokio pob\u016bd\u017eio sveikatos klausim\u0173 sprendimo rekomendacija.<br \/>\nRaginame sprendimus, susijusius su asmenine sveikata, priimti asmeni\u0161kai, \u012fvertinus \u012fvairius informacijos \u0161altinius.<\/p>\n","protected":false},"excerpt":{"rendered":"<p>Ekologi\u0161kas maltas imbieras Imbieras\u00a0laikomas vienu vertingiausi\u0173 ir pla\u010diausiai vartojam\u0173 augal\u0173 o jo gydomasis poveikis \u017einomas jau daugel\u012f am\u017ei\u0173. Imbieras, lotyni\u0161kai\u00a0Zingiber<\/p>\n","protected":false},"featured_media":16029,"template":"","meta":{"_acf_changed":false},"product_brand":[],"product_cat":[1216,2349,1315],"product_tag":[1378],"class_list":{"0":"post-13984","1":"product","2":"type-product","3":"status-publish","4":"has-post-thumbnail","6":"product_cat-augalinis-supermaistas","7":"product_cat-milteliai","8":"product_cat-ekologiski-prieskoniai","9":"product_tag-veganams","10":"pa_svoris-1-kg","11":"pa_svoris-100-g","12":"pa_svoris-20-kg","13":"pa_svoris-200-g","14":"pa_svoris-25-g","15":"pa_svoris-300-g","16":"pa_svoris-400-g","17":"pa_svoris-50-g","18":"pa_svoris-500-g","20":"first","21":"instock","22":"shipping-taxable","23":"purchasable","24":"product-type-variable"},"acf":[],"yoast_head":"<!-- This site is optimized with the Yoast SEO plugin v27.5 - https:\/\/yoast.com\/product\/yoast-seo-wordpress\/ -->\n<title>Ekologi\u0161kas maltas imbieras - Biopapa<\/title>\n<meta name=\"description\" content=\"D\u017eiovintas imbieras turi daugiau sausinan\u010di\u0173 savybi\u0173, bet kartu ir didesn\u012f kartum\u0105 nei \u0161vie\u017eias, taigi labiau \u0161ildo organizm\u0105.\" \/>\n<meta name=\"robots\" content=\"index, follow, max-snippet:-1, max-image-preview:large, max-video-preview:-1\" \/>\n<link rel=\"canonical\" href=\"https:\/\/www.biopapa.de\/lt\/producte\/ekologiskas-maltas-imbieras\/\" \/>\n<meta property=\"og:locale\" content=\"lt_LT\" \/>\n<meta property=\"og:type\" content=\"article\" \/>\n<meta property=\"og:title\" content=\"Ekologi\u0161kas maltas imbieras - Biopapa\" \/>\n<meta property=\"og:description\" content=\"D\u017eiovintas imbieras turi daugiau sausinan\u010di\u0173 savybi\u0173, bet kartu ir didesn\u012f kartum\u0105 nei \u0161vie\u017eias, taigi labiau \u0161ildo organizm\u0105.\" \/>\n<meta property=\"og:url\" content=\"https:\/\/www.biopapa.de\/lt\/producte\/ekologiskas-maltas-imbieras\/\" \/>\n<meta property=\"og:site_name\" content=\"Biopapa\" \/>\n<meta property=\"article:publisher\" content=\"https:\/\/www.facebook.com\/biopapa.lt\" \/>\n<meta property=\"article:modified_time\" content=\"2026-03-13T15:04:15+00:00\" \/>\n<meta property=\"og:image\" content=\"https:\/\/www.biopapa.de\/wp-content\/uploads\/2021\/07\/Ekologiskas-maltas-imbieras.jpg\" \/>\n\t<meta property=\"og:image:width\" content=\"800\" \/>\n\t<meta property=\"og:image:height\" content=\"640\" \/>\n\t<meta property=\"og:image:type\" content=\"image\/jpeg\" \/>\n<meta name=\"twitter:card\" content=\"summary_large_image\" \/>\n<meta name=\"twitter:label1\" content=\"Est. reading time\" \/>\n\t<meta name=\"twitter:data1\" content=\"1 minut\u0117\" \/>\n<script type=\"application\/ld+json\" class=\"yoast-schema-graph\">{\"@context\":\"https:\\\/\\\/schema.org\",\"@graph\":[{\"@type\":\"WebPage\",\"@id\":\"https:\\\/\\\/www.biopapa.de\\\/lt\\\/producte\\\/ekologiskas-maltas-imbieras\\\/\",\"url\":\"https:\\\/\\\/www.biopapa.de\\\/lt\\\/producte\\\/ekologiskas-maltas-imbieras\\\/\",\"name\":\"Ekologi\u0161kas maltas imbieras - Biopapa\",\"isPartOf\":{\"@id\":\"https:\\\/\\\/www.biopapa.de\\\/lt\\\/#website\"},\"primaryImageOfPage\":{\"@id\":\"https:\\\/\\\/www.biopapa.de\\\/lt\\\/producte\\\/ekologiskas-maltas-imbieras\\\/#primaryimage\"},\"image\":{\"@id\":\"https:\\\/\\\/www.biopapa.de\\\/lt\\\/producte\\\/ekologiskas-maltas-imbieras\\\/#primaryimage\"},\"thumbnailUrl\":\"https:\\\/\\\/www.biopapa.de\\\/wp-content\\\/uploads\\\/2021\\\/07\\\/Ekologiskas-maltas-imbieras.jpg\",\"datePublished\":\"2021-07-28T15:51:50+00:00\",\"dateModified\":\"2026-03-13T15:04:15+00:00\",\"description\":\"D\u017eiovintas imbieras turi daugiau sausinan\u010di\u0173 savybi\u0173, bet kartu ir didesn\u012f kartum\u0105 nei \u0161vie\u017eias, taigi labiau \u0161ildo organizm\u0105.\",\"breadcrumb\":{\"@id\":\"https:\\\/\\\/www.biopapa.de\\\/lt\\\/producte\\\/ekologiskas-maltas-imbieras\\\/#breadcrumb\"},\"inLanguage\":\"lt-LT\",\"potentialAction\":[{\"@type\":\"ReadAction\",\"target\":[\"https:\\\/\\\/www.biopapa.de\\\/lt\\\/producte\\\/ekologiskas-maltas-imbieras\\\/\"]}]},{\"@type\":\"ImageObject\",\"inLanguage\":\"lt-LT\",\"@id\":\"https:\\\/\\\/www.biopapa.de\\\/lt\\\/producte\\\/ekologiskas-maltas-imbieras\\\/#primaryimage\",\"url\":\"https:\\\/\\\/www.biopapa.de\\\/wp-content\\\/uploads\\\/2021\\\/07\\\/Ekologiskas-maltas-imbieras.jpg\",\"contentUrl\":\"https:\\\/\\\/www.biopapa.de\\\/wp-content\\\/uploads\\\/2021\\\/07\\\/Ekologiskas-maltas-imbieras.jpg\",\"width\":800,\"height\":640,\"caption\":\"Ekologi\u0161kas maltas imbieras\"},{\"@type\":\"BreadcrumbList\",\"@id\":\"https:\\\/\\\/www.biopapa.de\\\/lt\\\/producte\\\/ekologiskas-maltas-imbieras\\\/#breadcrumb\",\"itemListElement\":[{\"@type\":\"ListItem\",\"position\":1,\"name\":\"Home\",\"item\":\"https:\\\/\\\/www.biopapa.de\\\/lt\\\/\"},{\"@type\":\"ListItem\",\"position\":2,\"name\":\"Parduotuv\u0117\",\"item\":\"https:\\\/\\\/www.biopapa.de\\\/parduotuve\\\/\"},{\"@type\":\"ListItem\",\"position\":3,\"name\":\"Ekologi\u0161kas maltas imbieras\"}]},{\"@type\":\"WebSite\",\"@id\":\"https:\\\/\\\/www.biopapa.de\\\/lt\\\/#website\",\"url\":\"https:\\\/\\\/www.biopapa.de\\\/lt\\\/\",\"name\":\"Biopapa\",\"description\":\"\u0160var\u016bs ekologi\u0161ki produktai\",\"publisher\":{\"@id\":\"https:\\\/\\\/www.biopapa.de\\\/lt\\\/#organization\"},\"potentialAction\":[{\"@type\":\"SearchAction\",\"target\":{\"@type\":\"EntryPoint\",\"urlTemplate\":\"https:\\\/\\\/www.biopapa.de\\\/lt\\\/?s={search_term_string}\"},\"query-input\":{\"@type\":\"PropertyValueSpecification\",\"valueRequired\":true,\"valueName\":\"search_term_string\"}}],\"inLanguage\":\"lt-LT\"},{\"@type\":\"Organization\",\"@id\":\"https:\\\/\\\/www.biopapa.de\\\/lt\\\/#organization\",\"name\":\"Biopapa\",\"url\":\"https:\\\/\\\/www.biopapa.de\\\/lt\\\/\",\"logo\":{\"@type\":\"ImageObject\",\"inLanguage\":\"lt-LT\",\"@id\":\"https:\\\/\\\/www.biopapa.de\\\/lt\\\/#\\\/schema\\\/logo\\\/image\\\/\",\"url\":\"https:\\\/\\\/www.biopapa.lt\\\/wp-content\\\/uploads\\\/2022\\\/04\\\/facebook_biopapa.jpg\",\"contentUrl\":\"https:\\\/\\\/www.biopapa.lt\\\/wp-content\\\/uploads\\\/2022\\\/04\\\/facebook_biopapa.jpg\",\"width\":1733,\"height\":907,\"caption\":\"Biopapa\"},\"image\":{\"@id\":\"https:\\\/\\\/www.biopapa.de\\\/lt\\\/#\\\/schema\\\/logo\\\/image\\\/\"},\"sameAs\":[\"https:\\\/\\\/www.facebook.com\\\/biopapa.lt\"]}]}<\/script>\n<!-- \/ Yoast SEO plugin. -->","yoast_head_json":{"title":"Ekologi\u0161kas maltas imbieras - Biopapa","description":"D\u017eiovintas imbieras turi daugiau sausinan\u010di\u0173 savybi\u0173, bet kartu ir didesn\u012f kartum\u0105 nei \u0161vie\u017eias, taigi labiau \u0161ildo organizm\u0105.","robots":{"index":"index","follow":"follow","max-snippet":"max-snippet:-1","max-image-preview":"max-image-preview:large","max-video-preview":"max-video-preview:-1"},"canonical":"https:\/\/www.biopapa.de\/lt\/producte\/ekologiskas-maltas-imbieras\/","og_locale":"lt_LT","og_type":"article","og_title":"Ekologi\u0161kas maltas imbieras - Biopapa","og_description":"D\u017eiovintas imbieras turi daugiau sausinan\u010di\u0173 savybi\u0173, bet kartu ir didesn\u012f kartum\u0105 nei \u0161vie\u017eias, taigi labiau \u0161ildo organizm\u0105.","og_url":"https:\/\/www.biopapa.de\/lt\/producte\/ekologiskas-maltas-imbieras\/","og_site_name":"Biopapa","article_publisher":"https:\/\/www.facebook.com\/biopapa.lt","article_modified_time":"2026-03-13T15:04:15+00:00","og_image":[{"width":800,"height":640,"url":"https:\/\/www.biopapa.de\/wp-content\/uploads\/2021\/07\/Ekologiskas-maltas-imbieras.jpg","type":"image\/jpeg"}],"twitter_card":"summary_large_image","twitter_misc":{"Est. reading time":"1 minut\u0117"},"schema":{"@context":"https:\/\/schema.org","@graph":[{"@type":"WebPage","@id":"https:\/\/www.biopapa.de\/lt\/producte\/ekologiskas-maltas-imbieras\/","url":"https:\/\/www.biopapa.de\/lt\/producte\/ekologiskas-maltas-imbieras\/","name":"Ekologi\u0161kas maltas imbieras - Biopapa","isPartOf":{"@id":"https:\/\/www.biopapa.de\/lt\/#website"},"primaryImageOfPage":{"@id":"https:\/\/www.biopapa.de\/lt\/producte\/ekologiskas-maltas-imbieras\/#primaryimage"},"image":{"@id":"https:\/\/www.biopapa.de\/lt\/producte\/ekologiskas-maltas-imbieras\/#primaryimage"},"thumbnailUrl":"https:\/\/www.biopapa.de\/wp-content\/uploads\/2021\/07\/Ekologiskas-maltas-imbieras.jpg","datePublished":"2021-07-28T15:51:50+00:00","dateModified":"2026-03-13T15:04:15+00:00","description":"D\u017eiovintas imbieras turi daugiau sausinan\u010di\u0173 savybi\u0173, bet kartu ir didesn\u012f kartum\u0105 nei \u0161vie\u017eias, taigi labiau \u0161ildo organizm\u0105.","breadcrumb":{"@id":"https:\/\/www.biopapa.de\/lt\/producte\/ekologiskas-maltas-imbieras\/#breadcrumb"},"inLanguage":"lt-LT","potentialAction":[{"@type":"ReadAction","target":["https:\/\/www.biopapa.de\/lt\/producte\/ekologiskas-maltas-imbieras\/"]}]},{"@type":"ImageObject","inLanguage":"lt-LT","@id":"https:\/\/www.biopapa.de\/lt\/producte\/ekologiskas-maltas-imbieras\/#primaryimage","url":"https:\/\/www.biopapa.de\/wp-content\/uploads\/2021\/07\/Ekologiskas-maltas-imbieras.jpg","contentUrl":"https:\/\/www.biopapa.de\/wp-content\/uploads\/2021\/07\/Ekologiskas-maltas-imbieras.jpg","width":800,"height":640,"caption":"Ekologi\u0161kas maltas imbieras"},{"@type":"BreadcrumbList","@id":"https:\/\/www.biopapa.de\/lt\/producte\/ekologiskas-maltas-imbieras\/#breadcrumb","itemListElement":[{"@type":"ListItem","position":1,"name":"Home","item":"https:\/\/www.biopapa.de\/lt\/"},{"@type":"ListItem","position":2,"name":"Parduotuv\u0117","item":"https:\/\/www.biopapa.de\/parduotuve\/"},{"@type":"ListItem","position":3,"name":"Ekologi\u0161kas maltas imbieras"}]},{"@type":"WebSite","@id":"https:\/\/www.biopapa.de\/lt\/#website","url":"https:\/\/www.biopapa.de\/lt\/","name":"Biopapa","description":"\u0160var\u016bs ekologi\u0161ki produktai","publisher":{"@id":"https:\/\/www.biopapa.de\/lt\/#organization"},"potentialAction":[{"@type":"SearchAction","target":{"@type":"EntryPoint","urlTemplate":"https:\/\/www.biopapa.de\/lt\/?s={search_term_string}"},"query-input":{"@type":"PropertyValueSpecification","valueRequired":true,"valueName":"search_term_string"}}],"inLanguage":"lt-LT"},{"@type":"Organization","@id":"https:\/\/www.biopapa.de\/lt\/#organization","name":"Biopapa","url":"https:\/\/www.biopapa.de\/lt\/","logo":{"@type":"ImageObject","inLanguage":"lt-LT","@id":"https:\/\/www.biopapa.de\/lt\/#\/schema\/logo\/image\/","url":"https:\/\/www.biopapa.lt\/wp-content\/uploads\/2022\/04\/facebook_biopapa.jpg","contentUrl":"https:\/\/www.biopapa.lt\/wp-content\/uploads\/2022\/04\/facebook_biopapa.jpg","width":1733,"height":907,"caption":"Biopapa"},"image":{"@id":"https:\/\/www.biopapa.de\/lt\/#\/schema\/logo\/image\/"},"sameAs":["https:\/\/www.facebook.com\/biopapa.lt"]}]}},"_links":{"self":[{"href":"https:\/\/www.biopapa.de\/lt\/wp-json\/wp\/v2\/product\/13984","targetHints":{"allow":["GET"]}}],"collection":[{"href":"https:\/\/www.biopapa.de\/lt\/wp-json\/wp\/v2\/product"}],"about":[{"href":"https:\/\/www.biopapa.de\/lt\/wp-json\/wp\/v2\/types\/product"}],"wp:featuredmedia":[{"embeddable":true,"href":"https:\/\/www.biopapa.de\/lt\/wp-json\/wp\/v2\/media\/16029"}],"wp:attachment":[{"href":"https:\/\/www.biopapa.de\/lt\/wp-json\/wp\/v2\/media?parent=13984"}],"wp:term":[{"taxonomy":"product_brand","embeddable":true,"href":"https:\/\/www.biopapa.de\/lt\/wp-json\/wp\/v2\/product_brand?post=13984"},{"taxonomy":"product_cat","embeddable":true,"href":"https:\/\/www.biopapa.de\/lt\/wp-json\/wp\/v2\/product_cat?post=13984"},{"taxonomy":"product_tag","embeddable":true,"href":"https:\/\/www.biopapa.de\/lt\/wp-json\/wp\/v2\/product_tag?post=13984"}],"curies":[{"name":"wp","href":"https:\/\/api.w.org\/{rel}","templated":true}]}}