{"id":15901,"date":"2021-11-05T13:26:59","date_gmt":"2021-11-05T11:26:59","guid":{"rendered":"https:\/\/www.biopapa.lt\/?post_type=product&#038;p=15901"},"modified":"2026-01-23T12:56:06","modified_gmt":"2026-01-23T10:56:06","slug":"ekologiskas-maltas-kardamonas","status":"publish","type":"product","link":"https:\/\/www.biopapa.de\/lt\/producte\/ekologiskas-maltas-kardamonas\/","title":{"rendered":"Ekologi\u0161kas maltas kardamonas"},"content":{"rendered":"<p><strong>Ekologi\u0161kas maltas kardamonas<\/strong><br \/>\nKardamono milteliai turi turting\u0105 istorij\u0105, besit\u0119sian\u010di\u0105 daugiau nei 4000 met\u0173, kilusi\u0105 i\u0161 Indijos, Nepalo ir Butano tropini\u0173 mi\u0161k\u0173. Senov\u0117s Egipte jie buvo labai vertinami maistui ir smilkalams, o graikai ir rom\u0117nai naudojo juos vynui, desertams ir kvepalams. Viduram\u017eiais kardamonas tapo vertinga prek\u0117 \u0160ilko kelyje, o \u0161iandien jis vis dar yra svarbi Piet\u0173 Azijos ir Artim\u0173j\u0173 Ryt\u0173 kulinarijos ir kult\u016bros dalis, simbolizuojanti svetingum\u0105 ir \u0161ilum\u0105.<br \/>\n\u0160iandien kardamono milteliai vertinami d\u0117l savo aromato ir skonio stiprinimo savybi\u0173. Jie suteikia unikal\u0173 sald\u017eiai-prieskonin\u012f skon\u012f tiek saldiems, tiek s\u016briems patiekalams ir da\u017enai naudojami arbatoje, kavoje, ry\u017ei\u0173 patiekaluose, tro\u0161kiniuose, kari ir kepiniuose. Nedidelis kiekis gali praturtinti desertus, vaisius ar jogurt\u0105 savo kvapniu prisilietimu, o da\u017enai jie pasirodo prieskoni\u0173 mi\u0161iniuose, tokiuose kaip garam masala ar chai masala.<br \/>\nBe kulinarin\u0117s vert\u0117s, kardamonas vertinamas d\u0117l raminan\u010dio aromato ir turtingumo, kur\u012f jis suteikia tradiciniams patiekalams bei g\u0117rimams. D\u0117l savo universalumo ir istorin\u0117s svarbos jis yra branginamas ingredientas daugelyje kult\u016br\u0173.<\/p>\n<p>Kardamono kava (arab\u0173 stilius)<br \/>\nIngredientai (2 puodeliams):<br \/>\n2 puodeliai vandens<br \/>\n2 arbatiniai \u0161auk\u0161teliai smulkiai maltos kavos (vidutinio ar tamsaus skrudimo)<br \/>\n2\u20133\u00a0\u017ealiojo kardamono ank\u0161tel\u0117s\u00a0arba \u00bc arbatinio \u0161auk\u0161telio kardamono milteli\u0173<br \/>\nCukraus pagal pagal savo pasirinkim\u0105 ir skon\u012f<\/p>\n<p>Instrukcijos:<br \/>\nLengvai sutrinkite kardamono ank\u0161teles, kad atskleist\u0173 aromat\u0105.<br \/>\nNedideliame puode u\u017evirinkite vanden\u012f.<br \/>\n\u012eberkite kav\u0105 ir kardamon\u0105. Suma\u017einkite ugn\u012f ir virkite 3\u20135 minutes, kartais pamai\u0161ydami.<br \/>\n\u012ed\u0117kite cukraus pagal skon\u012f ir i\u0161mai\u0161ykite, kol i\u0161tirps.<br \/>\nKava nuko\u0161iama \u012f ma\u017eus puodelius ir patiekiama kar\u0161ta.<\/p>\n<p>Patarimas: Dar intensyvesniam skoniui galite sumalti kav\u0105 kartu su kardamonu prie\u0161 gaminant. \u0160i kava da\u017enai geriama l\u0117tai, m\u0117gaujantis kvapniu aromatu.<\/p>\n<p><em>PASTABA. Svetain\u0117je pateikiama informacija negali b\u016bti interpretuojama kaip gydymo ar kitokio pob\u016bd\u017eio sveikatos klausim\u0173 sprendimo rekomendacija. Raginame sprendimus, susijusius su asmenine sveikata, priimti asmeni\u0161kai, \u012fvertinus \u012fvairius informacijos \u0161altinius.<\/em><\/p>\n","protected":false},"excerpt":{"rendered":"<p>Ekologi\u0161kas maltas kardamonas Kardamono milteliai turi turting\u0105 istorij\u0105, besit\u0119sian\u010di\u0105 daugiau nei 4000 met\u0173, kilusi\u0105 i\u0161 Indijos, Nepalo ir Butano tropini\u0173<\/p>\n","protected":false},"featured_media":16030,"template":"","meta":{"_acf_changed":false},"product_brand":[],"product_cat":[1315],"product_tag":[1378],"class_list":{"0":"post-15901","1":"product","2":"type-product","3":"status-publish","4":"has-post-thumbnail","6":"product_cat-ekologiski-prieskoniai","7":"product_tag-veganams","8":"pa_svoris-1-kg","9":"pa_svoris-100-g","10":"pa_svoris-20-kg","11":"pa_svoris-200-g","12":"pa_svoris-25-g","13":"pa_svoris-300-g","14":"pa_svoris-400-g","15":"pa_svoris-50-g","16":"pa_svoris-500-g","18":"first","19":"instock","20":"shipping-taxable","21":"purchasable","22":"product-type-variable"},"acf":[],"yoast_head":"<!-- This site is optimized with the Yoast SEO plugin v27.5 - https:\/\/yoast.com\/product\/yoast-seo-wordpress\/ -->\n<title>Ekologi\u0161kas maltas kardamonas - Biopapa<\/title>\n<meta name=\"robots\" content=\"index, follow, max-snippet:-1, max-image-preview:large, max-video-preview:-1\" \/>\n<link rel=\"canonical\" href=\"https:\/\/www.biopapa.de\/lt\/producte\/ekologiskas-maltas-kardamonas\/\" \/>\n<meta property=\"og:locale\" content=\"lt_LT\" \/>\n<meta property=\"og:type\" content=\"article\" \/>\n<meta property=\"og:title\" content=\"Ekologi\u0161kas maltas kardamonas - Biopapa\" \/>\n<meta property=\"og:description\" content=\"Ekologi\u0161kas maltas kardamonas Kardamono milteliai turi turting\u0105 istorij\u0105, besit\u0119sian\u010di\u0105 daugiau nei 4000 met\u0173, kilusi\u0105 i\u0161 Indijos, Nepalo ir Butano tropini\u0173\" \/>\n<meta property=\"og:url\" content=\"https:\/\/www.biopapa.de\/lt\/producte\/ekologiskas-maltas-kardamonas\/\" \/>\n<meta property=\"og:site_name\" content=\"Biopapa\" \/>\n<meta property=\"article:publisher\" content=\"https:\/\/www.facebook.com\/biopapa.lt\" \/>\n<meta property=\"article:modified_time\" content=\"2026-01-23T10:56:06+00:00\" \/>\n<meta property=\"og:image\" content=\"https:\/\/www.biopapa.de\/wp-content\/uploads\/2021\/11\/Ekologiskas-maltas-kardamonas.jpg\" \/>\n\t<meta property=\"og:image:width\" content=\"800\" \/>\n\t<meta property=\"og:image:height\" content=\"640\" \/>\n\t<meta property=\"og:image:type\" content=\"image\/jpeg\" \/>\n<meta name=\"twitter:card\" content=\"summary_large_image\" \/>\n<meta name=\"twitter:label1\" content=\"Est. reading time\" \/>\n\t<meta name=\"twitter:data1\" content=\"1 minut\u0117\" \/>\n<script type=\"application\/ld+json\" class=\"yoast-schema-graph\">{\"@context\":\"https:\\\/\\\/schema.org\",\"@graph\":[{\"@type\":\"WebPage\",\"@id\":\"https:\\\/\\\/www.biopapa.de\\\/lt\\\/producte\\\/ekologiskas-maltas-kardamonas\\\/\",\"url\":\"https:\\\/\\\/www.biopapa.de\\\/lt\\\/producte\\\/ekologiskas-maltas-kardamonas\\\/\",\"name\":\"Ekologi\u0161kas maltas kardamonas - Biopapa\",\"isPartOf\":{\"@id\":\"https:\\\/\\\/www.biopapa.de\\\/lt\\\/#website\"},\"primaryImageOfPage\":{\"@id\":\"https:\\\/\\\/www.biopapa.de\\\/lt\\\/producte\\\/ekologiskas-maltas-kardamonas\\\/#primaryimage\"},\"image\":{\"@id\":\"https:\\\/\\\/www.biopapa.de\\\/lt\\\/producte\\\/ekologiskas-maltas-kardamonas\\\/#primaryimage\"},\"thumbnailUrl\":\"https:\\\/\\\/www.biopapa.de\\\/wp-content\\\/uploads\\\/2021\\\/11\\\/Ekologiskas-maltas-kardamonas.jpg\",\"datePublished\":\"2021-11-05T11:26:59+00:00\",\"dateModified\":\"2026-01-23T10:56:06+00:00\",\"breadcrumb\":{\"@id\":\"https:\\\/\\\/www.biopapa.de\\\/lt\\\/producte\\\/ekologiskas-maltas-kardamonas\\\/#breadcrumb\"},\"inLanguage\":\"lt-LT\",\"potentialAction\":[{\"@type\":\"ReadAction\",\"target\":[\"https:\\\/\\\/www.biopapa.de\\\/lt\\\/producte\\\/ekologiskas-maltas-kardamonas\\\/\"]}]},{\"@type\":\"ImageObject\",\"inLanguage\":\"lt-LT\",\"@id\":\"https:\\\/\\\/www.biopapa.de\\\/lt\\\/producte\\\/ekologiskas-maltas-kardamonas\\\/#primaryimage\",\"url\":\"https:\\\/\\\/www.biopapa.de\\\/wp-content\\\/uploads\\\/2021\\\/11\\\/Ekologiskas-maltas-kardamonas.jpg\",\"contentUrl\":\"https:\\\/\\\/www.biopapa.de\\\/wp-content\\\/uploads\\\/2021\\\/11\\\/Ekologiskas-maltas-kardamonas.jpg\",\"width\":800,\"height\":640,\"caption\":\"Ekologi\u0161kas maltas kardamonas\"},{\"@type\":\"BreadcrumbList\",\"@id\":\"https:\\\/\\\/www.biopapa.de\\\/lt\\\/producte\\\/ekologiskas-maltas-kardamonas\\\/#breadcrumb\",\"itemListElement\":[{\"@type\":\"ListItem\",\"position\":1,\"name\":\"Home\",\"item\":\"https:\\\/\\\/www.biopapa.de\\\/lt\\\/\"},{\"@type\":\"ListItem\",\"position\":2,\"name\":\"Parduotuv\u0117\",\"item\":\"https:\\\/\\\/www.biopapa.de\\\/parduotuve\\\/\"},{\"@type\":\"ListItem\",\"position\":3,\"name\":\"Ekologi\u0161kas maltas kardamonas\"}]},{\"@type\":\"WebSite\",\"@id\":\"https:\\\/\\\/www.biopapa.de\\\/lt\\\/#website\",\"url\":\"https:\\\/\\\/www.biopapa.de\\\/lt\\\/\",\"name\":\"Biopapa\",\"description\":\"\u0160var\u016bs ekologi\u0161ki produktai\",\"publisher\":{\"@id\":\"https:\\\/\\\/www.biopapa.de\\\/lt\\\/#organization\"},\"potentialAction\":[{\"@type\":\"SearchAction\",\"target\":{\"@type\":\"EntryPoint\",\"urlTemplate\":\"https:\\\/\\\/www.biopapa.de\\\/lt\\\/?s={search_term_string}\"},\"query-input\":{\"@type\":\"PropertyValueSpecification\",\"valueRequired\":true,\"valueName\":\"search_term_string\"}}],\"inLanguage\":\"lt-LT\"},{\"@type\":\"Organization\",\"@id\":\"https:\\\/\\\/www.biopapa.de\\\/lt\\\/#organization\",\"name\":\"Biopapa\",\"url\":\"https:\\\/\\\/www.biopapa.de\\\/lt\\\/\",\"logo\":{\"@type\":\"ImageObject\",\"inLanguage\":\"lt-LT\",\"@id\":\"https:\\\/\\\/www.biopapa.de\\\/lt\\\/#\\\/schema\\\/logo\\\/image\\\/\",\"url\":\"https:\\\/\\\/www.biopapa.lt\\\/wp-content\\\/uploads\\\/2022\\\/04\\\/facebook_biopapa.jpg\",\"contentUrl\":\"https:\\\/\\\/www.biopapa.lt\\\/wp-content\\\/uploads\\\/2022\\\/04\\\/facebook_biopapa.jpg\",\"width\":1733,\"height\":907,\"caption\":\"Biopapa\"},\"image\":{\"@id\":\"https:\\\/\\\/www.biopapa.de\\\/lt\\\/#\\\/schema\\\/logo\\\/image\\\/\"},\"sameAs\":[\"https:\\\/\\\/www.facebook.com\\\/biopapa.lt\"]}]}<\/script>\n<!-- \/ Yoast SEO plugin. -->","yoast_head_json":{"title":"Ekologi\u0161kas maltas kardamonas - Biopapa","robots":{"index":"index","follow":"follow","max-snippet":"max-snippet:-1","max-image-preview":"max-image-preview:large","max-video-preview":"max-video-preview:-1"},"canonical":"https:\/\/www.biopapa.de\/lt\/producte\/ekologiskas-maltas-kardamonas\/","og_locale":"lt_LT","og_type":"article","og_title":"Ekologi\u0161kas maltas kardamonas - Biopapa","og_description":"Ekologi\u0161kas maltas kardamonas Kardamono milteliai turi turting\u0105 istorij\u0105, besit\u0119sian\u010di\u0105 daugiau nei 4000 met\u0173, kilusi\u0105 i\u0161 Indijos, Nepalo ir Butano tropini\u0173","og_url":"https:\/\/www.biopapa.de\/lt\/producte\/ekologiskas-maltas-kardamonas\/","og_site_name":"Biopapa","article_publisher":"https:\/\/www.facebook.com\/biopapa.lt","article_modified_time":"2026-01-23T10:56:06+00:00","og_image":[{"width":800,"height":640,"url":"https:\/\/www.biopapa.de\/wp-content\/uploads\/2021\/11\/Ekologiskas-maltas-kardamonas.jpg","type":"image\/jpeg"}],"twitter_card":"summary_large_image","twitter_misc":{"Est. reading time":"1 minut\u0117"},"schema":{"@context":"https:\/\/schema.org","@graph":[{"@type":"WebPage","@id":"https:\/\/www.biopapa.de\/lt\/producte\/ekologiskas-maltas-kardamonas\/","url":"https:\/\/www.biopapa.de\/lt\/producte\/ekologiskas-maltas-kardamonas\/","name":"Ekologi\u0161kas maltas kardamonas - Biopapa","isPartOf":{"@id":"https:\/\/www.biopapa.de\/lt\/#website"},"primaryImageOfPage":{"@id":"https:\/\/www.biopapa.de\/lt\/producte\/ekologiskas-maltas-kardamonas\/#primaryimage"},"image":{"@id":"https:\/\/www.biopapa.de\/lt\/producte\/ekologiskas-maltas-kardamonas\/#primaryimage"},"thumbnailUrl":"https:\/\/www.biopapa.de\/wp-content\/uploads\/2021\/11\/Ekologiskas-maltas-kardamonas.jpg","datePublished":"2021-11-05T11:26:59+00:00","dateModified":"2026-01-23T10:56:06+00:00","breadcrumb":{"@id":"https:\/\/www.biopapa.de\/lt\/producte\/ekologiskas-maltas-kardamonas\/#breadcrumb"},"inLanguage":"lt-LT","potentialAction":[{"@type":"ReadAction","target":["https:\/\/www.biopapa.de\/lt\/producte\/ekologiskas-maltas-kardamonas\/"]}]},{"@type":"ImageObject","inLanguage":"lt-LT","@id":"https:\/\/www.biopapa.de\/lt\/producte\/ekologiskas-maltas-kardamonas\/#primaryimage","url":"https:\/\/www.biopapa.de\/wp-content\/uploads\/2021\/11\/Ekologiskas-maltas-kardamonas.jpg","contentUrl":"https:\/\/www.biopapa.de\/wp-content\/uploads\/2021\/11\/Ekologiskas-maltas-kardamonas.jpg","width":800,"height":640,"caption":"Ekologi\u0161kas maltas kardamonas"},{"@type":"BreadcrumbList","@id":"https:\/\/www.biopapa.de\/lt\/producte\/ekologiskas-maltas-kardamonas\/#breadcrumb","itemListElement":[{"@type":"ListItem","position":1,"name":"Home","item":"https:\/\/www.biopapa.de\/lt\/"},{"@type":"ListItem","position":2,"name":"Parduotuv\u0117","item":"https:\/\/www.biopapa.de\/parduotuve\/"},{"@type":"ListItem","position":3,"name":"Ekologi\u0161kas maltas kardamonas"}]},{"@type":"WebSite","@id":"https:\/\/www.biopapa.de\/lt\/#website","url":"https:\/\/www.biopapa.de\/lt\/","name":"Biopapa","description":"\u0160var\u016bs ekologi\u0161ki produktai","publisher":{"@id":"https:\/\/www.biopapa.de\/lt\/#organization"},"potentialAction":[{"@type":"SearchAction","target":{"@type":"EntryPoint","urlTemplate":"https:\/\/www.biopapa.de\/lt\/?s={search_term_string}"},"query-input":{"@type":"PropertyValueSpecification","valueRequired":true,"valueName":"search_term_string"}}],"inLanguage":"lt-LT"},{"@type":"Organization","@id":"https:\/\/www.biopapa.de\/lt\/#organization","name":"Biopapa","url":"https:\/\/www.biopapa.de\/lt\/","logo":{"@type":"ImageObject","inLanguage":"lt-LT","@id":"https:\/\/www.biopapa.de\/lt\/#\/schema\/logo\/image\/","url":"https:\/\/www.biopapa.lt\/wp-content\/uploads\/2022\/04\/facebook_biopapa.jpg","contentUrl":"https:\/\/www.biopapa.lt\/wp-content\/uploads\/2022\/04\/facebook_biopapa.jpg","width":1733,"height":907,"caption":"Biopapa"},"image":{"@id":"https:\/\/www.biopapa.de\/lt\/#\/schema\/logo\/image\/"},"sameAs":["https:\/\/www.facebook.com\/biopapa.lt"]}]}},"_links":{"self":[{"href":"https:\/\/www.biopapa.de\/lt\/wp-json\/wp\/v2\/product\/15901","targetHints":{"allow":["GET"]}}],"collection":[{"href":"https:\/\/www.biopapa.de\/lt\/wp-json\/wp\/v2\/product"}],"about":[{"href":"https:\/\/www.biopapa.de\/lt\/wp-json\/wp\/v2\/types\/product"}],"wp:featuredmedia":[{"embeddable":true,"href":"https:\/\/www.biopapa.de\/lt\/wp-json\/wp\/v2\/media\/16030"}],"wp:attachment":[{"href":"https:\/\/www.biopapa.de\/lt\/wp-json\/wp\/v2\/media?parent=15901"}],"wp:term":[{"taxonomy":"product_brand","embeddable":true,"href":"https:\/\/www.biopapa.de\/lt\/wp-json\/wp\/v2\/product_brand?post=15901"},{"taxonomy":"product_cat","embeddable":true,"href":"https:\/\/www.biopapa.de\/lt\/wp-json\/wp\/v2\/product_cat?post=15901"},{"taxonomy":"product_tag","embeddable":true,"href":"https:\/\/www.biopapa.de\/lt\/wp-json\/wp\/v2\/product_tag?post=15901"}],"curies":[{"name":"wp","href":"https:\/\/api.w.org\/{rel}","templated":true}]}}