{"id":16054,"date":"2021-11-11T18:03:59","date_gmt":"2021-11-11T16:03:59","guid":{"rendered":"https:\/\/www.biopapa.lt\/?post_type=product&#038;p=16054"},"modified":"2026-03-02T14:34:27","modified_gmt":"2026-03-02T12:34:27","slug":"ekologiski-kmynai","status":"publish","type":"product","link":"https:\/\/www.biopapa.de\/lt\/producte\/ekologiski-kmynai\/","title":{"rendered":"Ekologi\u0161ki kmynai"},"content":{"rendered":"<p><strong>Ekologi\u0161ki kmynai<\/strong><\/p>\n<p>Kmyn\u0173 s\u0117kl\u0173 nauda sveikatai buvo \u017einoma nuo sen\u0173 senov\u0117s. Ties\u0105 sakant, kmynai (carum carvi) teb\u0117ra vienas i\u0161 seniausi\u0173 vaista\u017eoli\u0173 ir vaistini\u0173 augal\u0173, vis dar naudojam\u0173 Europoje. Kmyn\u0173 s\u0117klos ne tik gydo, bet ir turi ilg\u0105 kulinarin\u0119 ir medicinin\u0119 istorij\u0105.<br \/>\nKas yra kmynas?<br \/>\nKmynai yra augalas i\u0161 Apiaceae arba Umbelliferae \u0161eimos. Apiaceae \u0161eimai priklauso salier\u0173, mork\u0173, pankoli\u0173 ir petra\u017eoli\u0173 veisl\u0117s, pasi\u017eymin\u010dios aromatin\u0117mis savyb\u0117mis. Kmyn\u0173 gimtin\u0117 yra Europa, \u0160iaur\u0117s Afrika ir Vakar\u0173 Azija.<br \/>\nKmynai dvimetis augalas, pirmaisiais metais j\u0173 lapai gali b\u016bti puikus sriubos ar salot\u0173 priedas. Kmyn\u0173 augalas gali u\u017eaugti iki metro auk\u0161\u010dio, su \u0161velniais, plunksni\u0161kais lapais. Kmynai \u017eydi baltais arba rausvais \u017eiedais nuo gegu\u017e\u0117s iki liepos, prie\u0161 prad\u0117dami der\u0117ti.<br \/>\nKas yra kmyn\u0173 s\u0117klos?<br \/>\nKmyn\u0173 s\u0117klos ir lapai labai pana\u0161\u016bs \u012f kit\u0173 salierini\u0173 \u0161eimos augal\u0173, tod\u0117l kartais kmynai painiojami su pankoliu ir kumino s\u0117klomis.<br \/>\nKmyn\u0173 s\u0117klos i\u0161siskiria, nors tik atid\u017eiai ap\u017ei\u016br\u0117jus. Pusm\u0117nulio formos kmyn\u0173 s\u0117klos yra tamsesn\u0117s spalvos ir lygesn\u0117s nei kumino s\u0117klos. Kmyn\u0173 s\u0117klos taip pat yra kartesn\u0117s u\u017e kumino. Kmyn\u0173 s\u0117kl\u0173 aromat\u0105 galima apib\u016bdinti kaip \u0161iek tiek m\u0117tin\u012f ar pipirin\u012f.<br \/>\nKoks yra kmyn\u0173 skonis?<br \/>\nKmyn\u0173 s\u0117klos turi any\u017ei\u0173 skon\u012f, nors jis ma\u017eiau ry\u0161kus nei pankoli\u0173 s\u0117kl\u0173 any\u017ei\u0173 skonis. Kmyn\u0173 s\u0117klos taip pat turi \u017eolin\u012f kartum\u0105 su ry\u0161kiomis aromatin\u0117mis savyb\u0117mis. \u0160tai kod\u0117l kmynai yra \u012fprastas pikanti\u0161kas prieskonis tradicin\u0117je europieti\u0161koje virtuv\u0117je ir kepiniuose.<br \/>\nKaip naudojamos kmyn\u0173 s\u0117klos?<br \/>\n\u017dmon\u0117s kmynus jau seniai naudojo ir kaip kulinarin\u012f, ir kaip gydom\u0105j\u012f augal\u0105. Ties\u0105 sakant, \u017emon\u0117s kmynus prad\u0117jo rinkti neolito laikotarpiu. Viduram\u017eiais \u017emon\u0117s kmynus vartojo kaip vir\u0161kinim\u0105 skatinan\u010di\u0105 priemon\u0119 po dideli\u0173 puot\u0173, kad i\u0161vengt\u0173 pilvo p\u016btimo ir kit\u0173 vir\u0161kinimo problem\u0173.<br \/>\nBe daugelio kulinarinio naudojimo, kmynai yra moksli\u0161kai pripa\u017einti d\u0117l savo galimai gydom\u0173j\u0173 savybi\u0173.<br \/>\nKmyn\u0173 naudojimas maisto gamyboje<br \/>\nKmynai populiar\u016bs tradicin\u0117je Europos virtuv\u0117je kaip kop\u016bst\u0173 patiekal\u0173, raugint\u0173 kop\u016bst\u0173, duonos, svog\u016bn\u0173 pyrago, kept\u0173 bulvi\u0173 ir daugelio kit\u0173 prieskonis.<br \/>\nBuvo tikima, kad tiems, kurie \u012f savo racion\u0105 \u012ftrauks kmynus, pager\u0117s sveikata.<br \/>\nKmynai taip pat turi tam tikr\u0173 antimikrobini\u0173 savybi\u0173, ma\u017eina pilvo p\u016btim\u0105.<\/p>\n<p>Kmyn\u0173 arbatos receptas<br \/>\nIngredientai:<br \/>\n1 arbatinis \u0161auk\u0161telis susmulkint\u0173 kmyn\u0173,<br \/>\n200 &#8211; 300 ml puodelis kar\u0161to vandens,<br \/>\nParuo\u0161imas:<br \/>\nKmyn\u0173 s\u0117klas susmulkinti gr\u016bstuve arba sumalti. Kmyn\u0173 susmulkinimas padeda i\u0161skirti eterinius aliejus ir sodr\u0173 skon\u012f.<br \/>\nVienam puodeliui kar\u0161to vandens naudokite 1 arbatin\u012f \u0161auk\u0161tel\u012f susmulkint\u0173 kmyn\u0173. Palikite 10 minu\u010di\u0173, kad i\u0161brinkt\u0173.<br \/>\nNevirkite arbatos ir nenaudokite verdan\u010dio vandens, kad nepa\u017eeistum\u0117te eterini\u0173 aliej\u0173.<br \/>\n\u0160i arbata palaiko sveik\u0105 vir\u0161kinim\u0105, ypa\u010d geriant po valgio.<\/p>\n<p>Kad vir\u0161kinimas b\u016bt\u0173 visapusi\u0161kesnis, sumai\u0161ykite lygiomis dalimis kmyn\u0173, pipirm\u0117\u010di\u0173 ir ramun\u0117li\u0173. \u0160is mi\u0161inys yra idealus derinys visam vir\u0161kinamajam traktui. Kmyn\u0173 ekstraktas slopina viduri\u0173 p\u016btim\u0105 ir ramina \u017earnyn\u0105, pipirm\u0117t\u0117s ma\u017eina spazmus ir atpalaiduoja skrand\u012f.<\/p>\n<p>Daugiau informacijos galima rasti:<br \/>\n1. <a href=\"https:\/\/www.organicfacts.net\/caraway.html\">Organicfacts<\/a><br \/>\n2. <a href=\"https:\/\/www.ncbi.nlm.nih.gov\/pmc\/articles\/PMC6328425\/\">NationalLibraryOfMedicine<\/a><\/p>\n<p>PASTABA. \u010cia pateikta informacija negali b\u016bti interpretuojama kaip gydymo ar kitokio pob\u016bd\u017eio sveikatos klausim\u0173 sprendimo rekomendacija. Raginame sprendimus, susijusius su asmenine sveikata, priimti asmeni\u0161kai, \u012fvertinus \u012fvairius informacijos \u0161altinius.<\/p>\n","protected":false},"excerpt":{"rendered":"<p>Ekologi\u0161ki kmynai Kmyn\u0173 s\u0117kl\u0173 nauda sveikatai buvo \u017einoma nuo sen\u0173 senov\u0117s. Ties\u0105 sakant, kmynai (carum carvi) teb\u0117ra vienas i\u0161 seniausi\u0173<\/p>\n","protected":false},"featured_media":16339,"template":"","meta":{"_acf_changed":false},"product_brand":[],"product_cat":[1315],"product_tag":[1378],"class_list":{"0":"post-16054","1":"product","2":"type-product","3":"status-publish","4":"has-post-thumbnail","6":"product_cat-ekologiski-prieskoniai","7":"product_tag-veganams","8":"pa_svoris-1-kg","9":"pa_svoris-100-g","10":"pa_svoris-200-g","11":"pa_svoris-25-g","12":"pa_svoris-25-kg","13":"pa_svoris-300-g","14":"pa_svoris-400-g","15":"pa_svoris-50-g","16":"pa_svoris-500-g","18":"first","19":"instock","20":"shipping-taxable","21":"purchasable","22":"product-type-variable"},"acf":[],"yoast_head":"<!-- This site is optimized with the Yoast SEO plugin v27.5 - https:\/\/yoast.com\/product\/yoast-seo-wordpress\/ -->\n<title>Ekologi\u0161ki kmynai - Biopapa<\/title>\n<meta name=\"description\" content=\"Kmynai yra augalas i\u0161 Apiaceae arba Umbelliferae \u0161eimos. Apiaceae \u0161eimai priklauso salier\u0173, mork\u0173, pankoli\u0173 ir petra\u017eoli\u0173 veisl\u0117s, pasi\u017eymin\u010dios aromatin\u0117mis savyb\u0117mis.\" \/>\n<meta name=\"robots\" content=\"index, follow, max-snippet:-1, max-image-preview:large, max-video-preview:-1\" \/>\n<link rel=\"canonical\" href=\"https:\/\/www.biopapa.de\/lt\/producte\/ekologiski-kmynai\/\" \/>\n<meta property=\"og:locale\" content=\"lt_LT\" \/>\n<meta property=\"og:type\" content=\"article\" \/>\n<meta property=\"og:title\" content=\"Ekologi\u0161ki kmynai - Biopapa\" \/>\n<meta property=\"og:description\" content=\"Kmynai yra augalas i\u0161 Apiaceae arba Umbelliferae \u0161eimos. Apiaceae \u0161eimai priklauso salier\u0173, mork\u0173, pankoli\u0173 ir petra\u017eoli\u0173 veisl\u0117s, pasi\u017eymin\u010dios aromatin\u0117mis savyb\u0117mis.\" \/>\n<meta property=\"og:url\" content=\"https:\/\/www.biopapa.de\/lt\/producte\/ekologiski-kmynai\/\" \/>\n<meta property=\"og:site_name\" content=\"Biopapa\" \/>\n<meta property=\"article:publisher\" content=\"https:\/\/www.facebook.com\/biopapa.lt\" \/>\n<meta property=\"article:modified_time\" content=\"2026-03-02T12:34:27+00:00\" \/>\n<meta property=\"og:image\" content=\"https:\/\/www.biopapa.de\/wp-content\/uploads\/2021\/11\/Ekologiski-kmynai.jpg\" \/>\n\t<meta property=\"og:image:width\" content=\"800\" \/>\n\t<meta property=\"og:image:height\" content=\"640\" \/>\n\t<meta property=\"og:image:type\" content=\"image\/jpeg\" \/>\n<meta name=\"twitter:card\" content=\"summary_large_image\" \/>\n<meta name=\"twitter:label1\" content=\"Est. reading time\" \/>\n\t<meta name=\"twitter:data1\" content=\"3 minut\u0117s\" \/>\n<script type=\"application\/ld+json\" class=\"yoast-schema-graph\">{\"@context\":\"https:\\\/\\\/schema.org\",\"@graph\":[{\"@type\":\"WebPage\",\"@id\":\"https:\\\/\\\/www.biopapa.de\\\/lt\\\/producte\\\/ekologiski-kmynai\\\/\",\"url\":\"https:\\\/\\\/www.biopapa.de\\\/lt\\\/producte\\\/ekologiski-kmynai\\\/\",\"name\":\"Ekologi\u0161ki kmynai - Biopapa\",\"isPartOf\":{\"@id\":\"https:\\\/\\\/www.biopapa.de\\\/lt\\\/#website\"},\"primaryImageOfPage\":{\"@id\":\"https:\\\/\\\/www.biopapa.de\\\/lt\\\/producte\\\/ekologiski-kmynai\\\/#primaryimage\"},\"image\":{\"@id\":\"https:\\\/\\\/www.biopapa.de\\\/lt\\\/producte\\\/ekologiski-kmynai\\\/#primaryimage\"},\"thumbnailUrl\":\"https:\\\/\\\/www.biopapa.de\\\/wp-content\\\/uploads\\\/2021\\\/11\\\/Ekologiski-kmynai.jpg\",\"datePublished\":\"2021-11-11T16:03:59+00:00\",\"dateModified\":\"2026-03-02T12:34:27+00:00\",\"description\":\"Kmynai yra augalas i\u0161 Apiaceae arba Umbelliferae \u0161eimos. Apiaceae \u0161eimai priklauso salier\u0173, mork\u0173, pankoli\u0173 ir petra\u017eoli\u0173 veisl\u0117s, pasi\u017eymin\u010dios aromatin\u0117mis savyb\u0117mis.\",\"breadcrumb\":{\"@id\":\"https:\\\/\\\/www.biopapa.de\\\/lt\\\/producte\\\/ekologiski-kmynai\\\/#breadcrumb\"},\"inLanguage\":\"lt-LT\",\"potentialAction\":[{\"@type\":\"ReadAction\",\"target\":[\"https:\\\/\\\/www.biopapa.de\\\/lt\\\/producte\\\/ekologiski-kmynai\\\/\"]}]},{\"@type\":\"ImageObject\",\"inLanguage\":\"lt-LT\",\"@id\":\"https:\\\/\\\/www.biopapa.de\\\/lt\\\/producte\\\/ekologiski-kmynai\\\/#primaryimage\",\"url\":\"https:\\\/\\\/www.biopapa.de\\\/wp-content\\\/uploads\\\/2021\\\/11\\\/Ekologiski-kmynai.jpg\",\"contentUrl\":\"https:\\\/\\\/www.biopapa.de\\\/wp-content\\\/uploads\\\/2021\\\/11\\\/Ekologiski-kmynai.jpg\",\"width\":800,\"height\":640,\"caption\":\"Ekologi\u0161ki kmynai\"},{\"@type\":\"BreadcrumbList\",\"@id\":\"https:\\\/\\\/www.biopapa.de\\\/lt\\\/producte\\\/ekologiski-kmynai\\\/#breadcrumb\",\"itemListElement\":[{\"@type\":\"ListItem\",\"position\":1,\"name\":\"Home\",\"item\":\"https:\\\/\\\/www.biopapa.de\\\/lt\\\/\"},{\"@type\":\"ListItem\",\"position\":2,\"name\":\"Parduotuv\u0117\",\"item\":\"https:\\\/\\\/www.biopapa.de\\\/parduotuve\\\/\"},{\"@type\":\"ListItem\",\"position\":3,\"name\":\"Ekologi\u0161ki kmynai\"}]},{\"@type\":\"WebSite\",\"@id\":\"https:\\\/\\\/www.biopapa.de\\\/lt\\\/#website\",\"url\":\"https:\\\/\\\/www.biopapa.de\\\/lt\\\/\",\"name\":\"Biopapa\",\"description\":\"\u0160var\u016bs ekologi\u0161ki produktai\",\"publisher\":{\"@id\":\"https:\\\/\\\/www.biopapa.de\\\/lt\\\/#organization\"},\"potentialAction\":[{\"@type\":\"SearchAction\",\"target\":{\"@type\":\"EntryPoint\",\"urlTemplate\":\"https:\\\/\\\/www.biopapa.de\\\/lt\\\/?s={search_term_string}\"},\"query-input\":{\"@type\":\"PropertyValueSpecification\",\"valueRequired\":true,\"valueName\":\"search_term_string\"}}],\"inLanguage\":\"lt-LT\"},{\"@type\":\"Organization\",\"@id\":\"https:\\\/\\\/www.biopapa.de\\\/lt\\\/#organization\",\"name\":\"Biopapa\",\"url\":\"https:\\\/\\\/www.biopapa.de\\\/lt\\\/\",\"logo\":{\"@type\":\"ImageObject\",\"inLanguage\":\"lt-LT\",\"@id\":\"https:\\\/\\\/www.biopapa.de\\\/lt\\\/#\\\/schema\\\/logo\\\/image\\\/\",\"url\":\"https:\\\/\\\/www.biopapa.lt\\\/wp-content\\\/uploads\\\/2022\\\/04\\\/facebook_biopapa.jpg\",\"contentUrl\":\"https:\\\/\\\/www.biopapa.lt\\\/wp-content\\\/uploads\\\/2022\\\/04\\\/facebook_biopapa.jpg\",\"width\":1733,\"height\":907,\"caption\":\"Biopapa\"},\"image\":{\"@id\":\"https:\\\/\\\/www.biopapa.de\\\/lt\\\/#\\\/schema\\\/logo\\\/image\\\/\"},\"sameAs\":[\"https:\\\/\\\/www.facebook.com\\\/biopapa.lt\"]}]}<\/script>\n<!-- \/ Yoast SEO plugin. -->","yoast_head_json":{"title":"Ekologi\u0161ki kmynai - Biopapa","description":"Kmynai yra augalas i\u0161 Apiaceae arba Umbelliferae \u0161eimos. Apiaceae \u0161eimai priklauso salier\u0173, mork\u0173, pankoli\u0173 ir petra\u017eoli\u0173 veisl\u0117s, pasi\u017eymin\u010dios aromatin\u0117mis savyb\u0117mis.","robots":{"index":"index","follow":"follow","max-snippet":"max-snippet:-1","max-image-preview":"max-image-preview:large","max-video-preview":"max-video-preview:-1"},"canonical":"https:\/\/www.biopapa.de\/lt\/producte\/ekologiski-kmynai\/","og_locale":"lt_LT","og_type":"article","og_title":"Ekologi\u0161ki kmynai - Biopapa","og_description":"Kmynai yra augalas i\u0161 Apiaceae arba Umbelliferae \u0161eimos. Apiaceae \u0161eimai priklauso salier\u0173, mork\u0173, pankoli\u0173 ir petra\u017eoli\u0173 veisl\u0117s, pasi\u017eymin\u010dios aromatin\u0117mis savyb\u0117mis.","og_url":"https:\/\/www.biopapa.de\/lt\/producte\/ekologiski-kmynai\/","og_site_name":"Biopapa","article_publisher":"https:\/\/www.facebook.com\/biopapa.lt","article_modified_time":"2026-03-02T12:34:27+00:00","og_image":[{"width":800,"height":640,"url":"https:\/\/www.biopapa.de\/wp-content\/uploads\/2021\/11\/Ekologiski-kmynai.jpg","type":"image\/jpeg"}],"twitter_card":"summary_large_image","twitter_misc":{"Est. reading time":"3 minut\u0117s"},"schema":{"@context":"https:\/\/schema.org","@graph":[{"@type":"WebPage","@id":"https:\/\/www.biopapa.de\/lt\/producte\/ekologiski-kmynai\/","url":"https:\/\/www.biopapa.de\/lt\/producte\/ekologiski-kmynai\/","name":"Ekologi\u0161ki kmynai - Biopapa","isPartOf":{"@id":"https:\/\/www.biopapa.de\/lt\/#website"},"primaryImageOfPage":{"@id":"https:\/\/www.biopapa.de\/lt\/producte\/ekologiski-kmynai\/#primaryimage"},"image":{"@id":"https:\/\/www.biopapa.de\/lt\/producte\/ekologiski-kmynai\/#primaryimage"},"thumbnailUrl":"https:\/\/www.biopapa.de\/wp-content\/uploads\/2021\/11\/Ekologiski-kmynai.jpg","datePublished":"2021-11-11T16:03:59+00:00","dateModified":"2026-03-02T12:34:27+00:00","description":"Kmynai yra augalas i\u0161 Apiaceae arba Umbelliferae \u0161eimos. Apiaceae \u0161eimai priklauso salier\u0173, mork\u0173, pankoli\u0173 ir petra\u017eoli\u0173 veisl\u0117s, pasi\u017eymin\u010dios aromatin\u0117mis savyb\u0117mis.","breadcrumb":{"@id":"https:\/\/www.biopapa.de\/lt\/producte\/ekologiski-kmynai\/#breadcrumb"},"inLanguage":"lt-LT","potentialAction":[{"@type":"ReadAction","target":["https:\/\/www.biopapa.de\/lt\/producte\/ekologiski-kmynai\/"]}]},{"@type":"ImageObject","inLanguage":"lt-LT","@id":"https:\/\/www.biopapa.de\/lt\/producte\/ekologiski-kmynai\/#primaryimage","url":"https:\/\/www.biopapa.de\/wp-content\/uploads\/2021\/11\/Ekologiski-kmynai.jpg","contentUrl":"https:\/\/www.biopapa.de\/wp-content\/uploads\/2021\/11\/Ekologiski-kmynai.jpg","width":800,"height":640,"caption":"Ekologi\u0161ki kmynai"},{"@type":"BreadcrumbList","@id":"https:\/\/www.biopapa.de\/lt\/producte\/ekologiski-kmynai\/#breadcrumb","itemListElement":[{"@type":"ListItem","position":1,"name":"Home","item":"https:\/\/www.biopapa.de\/lt\/"},{"@type":"ListItem","position":2,"name":"Parduotuv\u0117","item":"https:\/\/www.biopapa.de\/parduotuve\/"},{"@type":"ListItem","position":3,"name":"Ekologi\u0161ki kmynai"}]},{"@type":"WebSite","@id":"https:\/\/www.biopapa.de\/lt\/#website","url":"https:\/\/www.biopapa.de\/lt\/","name":"Biopapa","description":"\u0160var\u016bs ekologi\u0161ki produktai","publisher":{"@id":"https:\/\/www.biopapa.de\/lt\/#organization"},"potentialAction":[{"@type":"SearchAction","target":{"@type":"EntryPoint","urlTemplate":"https:\/\/www.biopapa.de\/lt\/?s={search_term_string}"},"query-input":{"@type":"PropertyValueSpecification","valueRequired":true,"valueName":"search_term_string"}}],"inLanguage":"lt-LT"},{"@type":"Organization","@id":"https:\/\/www.biopapa.de\/lt\/#organization","name":"Biopapa","url":"https:\/\/www.biopapa.de\/lt\/","logo":{"@type":"ImageObject","inLanguage":"lt-LT","@id":"https:\/\/www.biopapa.de\/lt\/#\/schema\/logo\/image\/","url":"https:\/\/www.biopapa.lt\/wp-content\/uploads\/2022\/04\/facebook_biopapa.jpg","contentUrl":"https:\/\/www.biopapa.lt\/wp-content\/uploads\/2022\/04\/facebook_biopapa.jpg","width":1733,"height":907,"caption":"Biopapa"},"image":{"@id":"https:\/\/www.biopapa.de\/lt\/#\/schema\/logo\/image\/"},"sameAs":["https:\/\/www.facebook.com\/biopapa.lt"]}]}},"_links":{"self":[{"href":"https:\/\/www.biopapa.de\/lt\/wp-json\/wp\/v2\/product\/16054","targetHints":{"allow":["GET"]}}],"collection":[{"href":"https:\/\/www.biopapa.de\/lt\/wp-json\/wp\/v2\/product"}],"about":[{"href":"https:\/\/www.biopapa.de\/lt\/wp-json\/wp\/v2\/types\/product"}],"wp:featuredmedia":[{"embeddable":true,"href":"https:\/\/www.biopapa.de\/lt\/wp-json\/wp\/v2\/media\/16339"}],"wp:attachment":[{"href":"https:\/\/www.biopapa.de\/lt\/wp-json\/wp\/v2\/media?parent=16054"}],"wp:term":[{"taxonomy":"product_brand","embeddable":true,"href":"https:\/\/www.biopapa.de\/lt\/wp-json\/wp\/v2\/product_brand?post=16054"},{"taxonomy":"product_cat","embeddable":true,"href":"https:\/\/www.biopapa.de\/lt\/wp-json\/wp\/v2\/product_cat?post=16054"},{"taxonomy":"product_tag","embeddable":true,"href":"https:\/\/www.biopapa.de\/lt\/wp-json\/wp\/v2\/product_tag?post=16054"}],"curies":[{"name":"wp","href":"https:\/\/api.w.org\/{rel}","templated":true}]}}