{"id":19625,"date":"2022-08-06T17:34:53","date_gmt":"2022-08-06T14:34:53","guid":{"rendered":"https:\/\/www.biopapa.lt\/?post_type=product&#038;p=19625"},"modified":"2026-01-23T13:29:05","modified_gmt":"2026-01-23T11:29:05","slug":"ekologiska-zalia-malta-kava","status":"publish","type":"product","link":"https:\/\/www.biopapa.de\/lt\/producte\/ekologiska-zalia-malta-kava\/","title":{"rendered":"Ekologi\u0161ka \u017ealia malta kava"},"content":{"rendered":"<p><strong>Ekologi\u0161ka \u017ealia malta kava<\/strong><br \/>\n\u017dalios kavos pupel\u0117s n\u0117ra skrudintos, tod\u0117l nuo juod\u0173j\u0173 skiriasi visi\u0161kai kitokiu skoniu \u2013 \u017eoliniu, \u0161iek tiek r\u016bg\u0161toku, pana\u0161iu \u012f neprinokus\u012f persimon\u0105. Ta\u010diau jos laikomos naudingesn\u0117mis, nes termi\u0161kai neapdorotos jos visi\u0161kai i\u0161laiko naudingas med\u017eiagas. Kitaip nei juodosios, \u017ealiosios kavos pupel\u0117s gaunamos d\u017eiovinant, ne skrudinant. I\u0161vaizda pupel\u0117s primena l\u0119\u0161ius. G\u0117rimo spalva \u2013 \u017ealiai-ruda, aitroko skonio.<br \/>\nMoksliniai tyrimai tvirtina \u017ealios kavos nauda svorio metimui. Taip yra d\u0117l pupel\u0117se esan\u010dio didelio kiekio chlorogeno r\u016bg\u0161ties \u2013\u00a0 vienu i\u0161 galingiausi\u0173 antioksidant\u0173.<br \/>\nPagrindin\u0117 taisykl\u0117 \u2013 g\u0117rimas turi b\u016bti vartojamas nenaudojant\u00a0 saldikli\u0173. Pagal skon\u012f galite prid\u0117ti imbiero, cinamono, vanil\u0117s, kardamono ar kit\u0173 prieskoni\u0173.<\/p>\n<p>Rekomenduojamas paros kiekis \u2013\u00a0 ne daugiau kaip 2 puodeliai tonizuojan\u010dio g\u0117rimo.<br \/>\nKavos neleistina vartoti vaikams ir paaugliams, nes\u010diosioms ir maitinan\u010dioms moterims.<\/p>\n<p>Kavos paruo\u0161imas:<br \/>\n1-2 arbatinius \u0161auk\u0161telius maltos \u017ealios kavos u\u017epilkite kar\u0161tu vandeniu (geriausia 90\u00b0C). Po 5 minu\u010di\u0173 kava yra paruo\u0161ta vartoti. \u0160iek tiek aitrokas u\u017epilo skonis, pana\u0161us \u012f \u017ealiosios arbatos skon\u012f.<\/p>\n<p>PASTABA. \u010cia pateikta informacija negali b\u016bti interpretuojama kaip gydymo ar kitokio pob\u016bd\u017eio sveikatos klausim\u0173 sprendimo rekomendacija. Raginame sprendimus, susijusius su asmenine sveikata, priimti asmeni\u0161kai, \u012fvertinus \u012fvairius informacijos \u0161altinius.<\/p>\n","protected":false},"excerpt":{"rendered":"<p>Ekologi\u0161ka \u017ealia malta kava \u017dalios kavos pupel\u0117s n\u0117ra skrudintos, tod\u0117l nuo juod\u0173j\u0173 skiriasi visi\u0161kai kitokiu skoniu \u2013 \u017eoliniu, \u0161iek tiek<\/p>\n","protected":false},"featured_media":22307,"template":"","meta":{"_acf_changed":false},"product_brand":[],"product_cat":[1265,1216,1799,2349],"product_tag":[1378,1382],"class_list":{"0":"post-19625","1":"product","2":"type-product","3":"status-publish","4":"has-post-thumbnail","6":"product_cat-ekologiska-kakava-arbata-kava","7":"product_cat-augalinis-supermaistas","8":"product_cat-kava","9":"product_cat-milteliai","10":"product_tag-veganams","11":"product_tag-zaliavalgiams","12":"pa_svoris-1-kg","13":"pa_svoris-100-g","14":"pa_svoris-200-g","15":"pa_svoris-25-kg","16":"pa_svoris-300-g","17":"pa_svoris-400-g","18":"pa_svoris-500-g","20":"first","21":"instock","22":"shipping-taxable","23":"purchasable","24":"product-type-variable"},"acf":[],"yoast_head":"<!-- This site is optimized with the Yoast SEO plugin v27.5 - https:\/\/yoast.com\/product\/yoast-seo-wordpress\/ -->\n<title>Ekologi\u0161ka \u017ealia malta kava - Biopapa<\/title>\n<meta name=\"description\" content=\"\u017dalios kavos pupel\u0117s n\u0117ra skrudintos, tod\u0117l nuo juod\u0173j\u0173 skiriasi visi\u0161kai kitokiu skoniu \u2013 \u017eoliniu, \u0161iek tiek r\u016bg\u0161toku, pana\u0161iu \u012f neprinokus\u012f persimon\u0105.\" \/>\n<meta name=\"robots\" content=\"index, follow, max-snippet:-1, max-image-preview:large, max-video-preview:-1\" \/>\n<link rel=\"canonical\" href=\"https:\/\/www.biopapa.de\/lt\/producte\/ekologiska-zalia-malta-kava\/\" \/>\n<meta property=\"og:locale\" content=\"lt_LT\" \/>\n<meta property=\"og:type\" content=\"article\" \/>\n<meta property=\"og:title\" content=\"Ekologi\u0161ka \u017ealia malta kava - Biopapa\" \/>\n<meta property=\"og:description\" content=\"\u017dalios kavos pupel\u0117s n\u0117ra skrudintos, tod\u0117l nuo juod\u0173j\u0173 skiriasi visi\u0161kai kitokiu skoniu \u2013 \u017eoliniu, \u0161iek tiek r\u016bg\u0161toku, pana\u0161iu \u012f neprinokus\u012f persimon\u0105.\" \/>\n<meta property=\"og:url\" content=\"https:\/\/www.biopapa.de\/lt\/producte\/ekologiska-zalia-malta-kava\/\" \/>\n<meta property=\"og:site_name\" content=\"Biopapa\" \/>\n<meta property=\"article:publisher\" content=\"https:\/\/www.facebook.com\/biopapa.lt\" \/>\n<meta property=\"article:modified_time\" content=\"2026-01-23T11:29:05+00:00\" \/>\n<meta property=\"og:image\" content=\"https:\/\/www.biopapa.de\/wp-content\/uploads\/2022\/08\/Ekologiska-zalia-malta-kava.png\" \/>\n\t<meta property=\"og:image:width\" content=\"800\" \/>\n\t<meta property=\"og:image:height\" content=\"640\" \/>\n\t<meta property=\"og:image:type\" content=\"image\/png\" \/>\n<meta name=\"twitter:card\" content=\"summary_large_image\" \/>\n<script type=\"application\/ld+json\" class=\"yoast-schema-graph\">{\"@context\":\"https:\\\/\\\/schema.org\",\"@graph\":[{\"@type\":\"WebPage\",\"@id\":\"https:\\\/\\\/www.biopapa.de\\\/lt\\\/producte\\\/ekologiska-zalia-malta-kava\\\/\",\"url\":\"https:\\\/\\\/www.biopapa.de\\\/lt\\\/producte\\\/ekologiska-zalia-malta-kava\\\/\",\"name\":\"Ekologi\u0161ka \u017ealia malta kava - Biopapa\",\"isPartOf\":{\"@id\":\"https:\\\/\\\/www.biopapa.de\\\/lt\\\/#website\"},\"primaryImageOfPage\":{\"@id\":\"https:\\\/\\\/www.biopapa.de\\\/lt\\\/producte\\\/ekologiska-zalia-malta-kava\\\/#primaryimage\"},\"image\":{\"@id\":\"https:\\\/\\\/www.biopapa.de\\\/lt\\\/producte\\\/ekologiska-zalia-malta-kava\\\/#primaryimage\"},\"thumbnailUrl\":\"https:\\\/\\\/www.biopapa.de\\\/wp-content\\\/uploads\\\/2022\\\/08\\\/Ekologiska-zalia-malta-kava.png\",\"datePublished\":\"2022-08-06T14:34:53+00:00\",\"dateModified\":\"2026-01-23T11:29:05+00:00\",\"description\":\"\u017dalios kavos pupel\u0117s n\u0117ra skrudintos, tod\u0117l nuo juod\u0173j\u0173 skiriasi visi\u0161kai kitokiu skoniu \u2013 \u017eoliniu, \u0161iek tiek r\u016bg\u0161toku, pana\u0161iu \u012f neprinokus\u012f persimon\u0105.\",\"breadcrumb\":{\"@id\":\"https:\\\/\\\/www.biopapa.de\\\/lt\\\/producte\\\/ekologiska-zalia-malta-kava\\\/#breadcrumb\"},\"inLanguage\":\"lt-LT\",\"potentialAction\":[{\"@type\":\"ReadAction\",\"target\":[\"https:\\\/\\\/www.biopapa.de\\\/lt\\\/producte\\\/ekologiska-zalia-malta-kava\\\/\"]}]},{\"@type\":\"ImageObject\",\"inLanguage\":\"lt-LT\",\"@id\":\"https:\\\/\\\/www.biopapa.de\\\/lt\\\/producte\\\/ekologiska-zalia-malta-kava\\\/#primaryimage\",\"url\":\"https:\\\/\\\/www.biopapa.de\\\/wp-content\\\/uploads\\\/2022\\\/08\\\/Ekologiska-zalia-malta-kava.png\",\"contentUrl\":\"https:\\\/\\\/www.biopapa.de\\\/wp-content\\\/uploads\\\/2022\\\/08\\\/Ekologiska-zalia-malta-kava.png\",\"width\":800,\"height\":640,\"caption\":\"Ekologi\u0161ka \u017ealia malta kava\"},{\"@type\":\"BreadcrumbList\",\"@id\":\"https:\\\/\\\/www.biopapa.de\\\/lt\\\/producte\\\/ekologiska-zalia-malta-kava\\\/#breadcrumb\",\"itemListElement\":[{\"@type\":\"ListItem\",\"position\":1,\"name\":\"Home\",\"item\":\"https:\\\/\\\/www.biopapa.de\\\/lt\\\/\"},{\"@type\":\"ListItem\",\"position\":2,\"name\":\"Parduotuv\u0117\",\"item\":\"https:\\\/\\\/www.biopapa.de\\\/parduotuve\\\/\"},{\"@type\":\"ListItem\",\"position\":3,\"name\":\"Ekologi\u0161ka \u017ealia malta kava\"}]},{\"@type\":\"WebSite\",\"@id\":\"https:\\\/\\\/www.biopapa.de\\\/lt\\\/#website\",\"url\":\"https:\\\/\\\/www.biopapa.de\\\/lt\\\/\",\"name\":\"Biopapa\",\"description\":\"\u0160var\u016bs ekologi\u0161ki produktai\",\"publisher\":{\"@id\":\"https:\\\/\\\/www.biopapa.de\\\/lt\\\/#organization\"},\"potentialAction\":[{\"@type\":\"SearchAction\",\"target\":{\"@type\":\"EntryPoint\",\"urlTemplate\":\"https:\\\/\\\/www.biopapa.de\\\/lt\\\/?s={search_term_string}\"},\"query-input\":{\"@type\":\"PropertyValueSpecification\",\"valueRequired\":true,\"valueName\":\"search_term_string\"}}],\"inLanguage\":\"lt-LT\"},{\"@type\":\"Organization\",\"@id\":\"https:\\\/\\\/www.biopapa.de\\\/lt\\\/#organization\",\"name\":\"Biopapa\",\"url\":\"https:\\\/\\\/www.biopapa.de\\\/lt\\\/\",\"logo\":{\"@type\":\"ImageObject\",\"inLanguage\":\"lt-LT\",\"@id\":\"https:\\\/\\\/www.biopapa.de\\\/lt\\\/#\\\/schema\\\/logo\\\/image\\\/\",\"url\":\"https:\\\/\\\/www.biopapa.lt\\\/wp-content\\\/uploads\\\/2022\\\/04\\\/facebook_biopapa.jpg\",\"contentUrl\":\"https:\\\/\\\/www.biopapa.lt\\\/wp-content\\\/uploads\\\/2022\\\/04\\\/facebook_biopapa.jpg\",\"width\":1733,\"height\":907,\"caption\":\"Biopapa\"},\"image\":{\"@id\":\"https:\\\/\\\/www.biopapa.de\\\/lt\\\/#\\\/schema\\\/logo\\\/image\\\/\"},\"sameAs\":[\"https:\\\/\\\/www.facebook.com\\\/biopapa.lt\"]}]}<\/script>\n<!-- \/ Yoast SEO plugin. -->","yoast_head_json":{"title":"Ekologi\u0161ka \u017ealia malta kava - Biopapa","description":"\u017dalios kavos pupel\u0117s n\u0117ra skrudintos, tod\u0117l nuo juod\u0173j\u0173 skiriasi visi\u0161kai kitokiu skoniu \u2013 \u017eoliniu, \u0161iek tiek r\u016bg\u0161toku, pana\u0161iu \u012f neprinokus\u012f persimon\u0105.","robots":{"index":"index","follow":"follow","max-snippet":"max-snippet:-1","max-image-preview":"max-image-preview:large","max-video-preview":"max-video-preview:-1"},"canonical":"https:\/\/www.biopapa.de\/lt\/producte\/ekologiska-zalia-malta-kava\/","og_locale":"lt_LT","og_type":"article","og_title":"Ekologi\u0161ka \u017ealia malta kava - Biopapa","og_description":"\u017dalios kavos pupel\u0117s n\u0117ra skrudintos, tod\u0117l nuo juod\u0173j\u0173 skiriasi visi\u0161kai kitokiu skoniu \u2013 \u017eoliniu, \u0161iek tiek r\u016bg\u0161toku, pana\u0161iu \u012f neprinokus\u012f persimon\u0105.","og_url":"https:\/\/www.biopapa.de\/lt\/producte\/ekologiska-zalia-malta-kava\/","og_site_name":"Biopapa","article_publisher":"https:\/\/www.facebook.com\/biopapa.lt","article_modified_time":"2026-01-23T11:29:05+00:00","og_image":[{"width":800,"height":640,"url":"https:\/\/www.biopapa.de\/wp-content\/uploads\/2022\/08\/Ekologiska-zalia-malta-kava.png","type":"image\/png"}],"twitter_card":"summary_large_image","schema":{"@context":"https:\/\/schema.org","@graph":[{"@type":"WebPage","@id":"https:\/\/www.biopapa.de\/lt\/producte\/ekologiska-zalia-malta-kava\/","url":"https:\/\/www.biopapa.de\/lt\/producte\/ekologiska-zalia-malta-kava\/","name":"Ekologi\u0161ka \u017ealia malta kava - Biopapa","isPartOf":{"@id":"https:\/\/www.biopapa.de\/lt\/#website"},"primaryImageOfPage":{"@id":"https:\/\/www.biopapa.de\/lt\/producte\/ekologiska-zalia-malta-kava\/#primaryimage"},"image":{"@id":"https:\/\/www.biopapa.de\/lt\/producte\/ekologiska-zalia-malta-kava\/#primaryimage"},"thumbnailUrl":"https:\/\/www.biopapa.de\/wp-content\/uploads\/2022\/08\/Ekologiska-zalia-malta-kava.png","datePublished":"2022-08-06T14:34:53+00:00","dateModified":"2026-01-23T11:29:05+00:00","description":"\u017dalios kavos pupel\u0117s n\u0117ra skrudintos, tod\u0117l nuo juod\u0173j\u0173 skiriasi visi\u0161kai kitokiu skoniu \u2013 \u017eoliniu, \u0161iek tiek r\u016bg\u0161toku, pana\u0161iu \u012f neprinokus\u012f persimon\u0105.","breadcrumb":{"@id":"https:\/\/www.biopapa.de\/lt\/producte\/ekologiska-zalia-malta-kava\/#breadcrumb"},"inLanguage":"lt-LT","potentialAction":[{"@type":"ReadAction","target":["https:\/\/www.biopapa.de\/lt\/producte\/ekologiska-zalia-malta-kava\/"]}]},{"@type":"ImageObject","inLanguage":"lt-LT","@id":"https:\/\/www.biopapa.de\/lt\/producte\/ekologiska-zalia-malta-kava\/#primaryimage","url":"https:\/\/www.biopapa.de\/wp-content\/uploads\/2022\/08\/Ekologiska-zalia-malta-kava.png","contentUrl":"https:\/\/www.biopapa.de\/wp-content\/uploads\/2022\/08\/Ekologiska-zalia-malta-kava.png","width":800,"height":640,"caption":"Ekologi\u0161ka \u017ealia malta kava"},{"@type":"BreadcrumbList","@id":"https:\/\/www.biopapa.de\/lt\/producte\/ekologiska-zalia-malta-kava\/#breadcrumb","itemListElement":[{"@type":"ListItem","position":1,"name":"Home","item":"https:\/\/www.biopapa.de\/lt\/"},{"@type":"ListItem","position":2,"name":"Parduotuv\u0117","item":"https:\/\/www.biopapa.de\/parduotuve\/"},{"@type":"ListItem","position":3,"name":"Ekologi\u0161ka \u017ealia malta kava"}]},{"@type":"WebSite","@id":"https:\/\/www.biopapa.de\/lt\/#website","url":"https:\/\/www.biopapa.de\/lt\/","name":"Biopapa","description":"\u0160var\u016bs ekologi\u0161ki produktai","publisher":{"@id":"https:\/\/www.biopapa.de\/lt\/#organization"},"potentialAction":[{"@type":"SearchAction","target":{"@type":"EntryPoint","urlTemplate":"https:\/\/www.biopapa.de\/lt\/?s={search_term_string}"},"query-input":{"@type":"PropertyValueSpecification","valueRequired":true,"valueName":"search_term_string"}}],"inLanguage":"lt-LT"},{"@type":"Organization","@id":"https:\/\/www.biopapa.de\/lt\/#organization","name":"Biopapa","url":"https:\/\/www.biopapa.de\/lt\/","logo":{"@type":"ImageObject","inLanguage":"lt-LT","@id":"https:\/\/www.biopapa.de\/lt\/#\/schema\/logo\/image\/","url":"https:\/\/www.biopapa.lt\/wp-content\/uploads\/2022\/04\/facebook_biopapa.jpg","contentUrl":"https:\/\/www.biopapa.lt\/wp-content\/uploads\/2022\/04\/facebook_biopapa.jpg","width":1733,"height":907,"caption":"Biopapa"},"image":{"@id":"https:\/\/www.biopapa.de\/lt\/#\/schema\/logo\/image\/"},"sameAs":["https:\/\/www.facebook.com\/biopapa.lt"]}]}},"_links":{"self":[{"href":"https:\/\/www.biopapa.de\/lt\/wp-json\/wp\/v2\/product\/19625","targetHints":{"allow":["GET"]}}],"collection":[{"href":"https:\/\/www.biopapa.de\/lt\/wp-json\/wp\/v2\/product"}],"about":[{"href":"https:\/\/www.biopapa.de\/lt\/wp-json\/wp\/v2\/types\/product"}],"wp:featuredmedia":[{"embeddable":true,"href":"https:\/\/www.biopapa.de\/lt\/wp-json\/wp\/v2\/media\/22307"}],"wp:attachment":[{"href":"https:\/\/www.biopapa.de\/lt\/wp-json\/wp\/v2\/media?parent=19625"}],"wp:term":[{"taxonomy":"product_brand","embeddable":true,"href":"https:\/\/www.biopapa.de\/lt\/wp-json\/wp\/v2\/product_brand?post=19625"},{"taxonomy":"product_cat","embeddable":true,"href":"https:\/\/www.biopapa.de\/lt\/wp-json\/wp\/v2\/product_cat?post=19625"},{"taxonomy":"product_tag","embeddable":true,"href":"https:\/\/www.biopapa.de\/lt\/wp-json\/wp\/v2\/product_tag?post=19625"}],"curies":[{"name":"wp","href":"https:\/\/api.w.org\/{rel}","templated":true}]}}