{"id":19935,"date":"2022-08-31T06:48:03","date_gmt":"2022-08-31T03:48:03","guid":{"rendered":"https:\/\/www.biopapa.lt\/?post_type=product&#038;p=19935"},"modified":"2026-01-23T18:05:46","modified_gmt":"2026-01-23T16:05:46","slug":"ekologiska-malta-saldzioji-paprika","status":"publish","type":"product","link":"https:\/\/www.biopapa.de\/lt\/producte\/ekologiska-malta-saldzioji-paprika\/","title":{"rendered":"Ekologi\u0161ka malta sald\u017eioji paprika"},"content":{"rendered":"<p><strong>Ekologi\u0161ka malta sald\u017eioji paprika<\/strong><br \/>\nPaprikos kilm\u0117 Centrin\u0117 Meksika, ji buvo atve\u017eta \u012f Ispanij\u0105 XVI am\u017eiuje gr\u012f\u017etan\u010di\u0173 tyrin\u0117toj\u0173. Jos populiarumas ir auginimas i\u0161plito po Europ\u0105, ypa\u010d Vengrijoje, kur paprika tapo Vengrijos virtuv\u0117s kertiniu akmeniu. Pats \u017eodis &#8222;paprika&#8221; Vengrijos kalboje kilo i\u0161 lotyn\u0173 kalbos \u017eod\u017eio &#8222;piper&#8221; arba serb\u0173 ir kroat\u0173 kalbos \u017eod\u017eio &#8222;papar&#8221;, rei\u0161kian\u010dio pipirus, atspindint jo pipiri\u0161k\u0105 skon\u012f. Laikui b\u0117gant, Vengrija suk\u016br\u0117 \u012fvairias paprikos r\u016b\u0161is, nuo sald\u017ei\u0173 iki a\u0161tri\u0173, kurie yra iki \u0161iandien naudojami nacionaliniams patiekalams. Paprika tapo mylimu prieskoniu daugelyje pasaulio virtuvi\u0173. \u0160iandien paprika gaminama \u012fvairiose \u0161alyse, i\u0161 kuri\u0173 Vengrija, Ispanija, Serbija ir JAV yra pastebimi gamintojai. Kiekviena regionas augina savitas veisles, kurios suteikia unikalius skonius ir spalvas vietiniams bei tarptautiniams patiekalams, d\u0117l ko paprika tapo globaliai pripa\u017eintu ir universaliu prieskoniu.<br \/>\nSald\u017eiosios paprikos milteliai ne tik suteikia patiekalams raudon\u0105 spalv\u0105 ir sald\u017eiai a\u0161tr\u0173 skon\u012f, bet ir turi kelet\u0105 sveikatai nauding\u0173 savybi\u0173.<\/p>\n<p>Virtuv\u0117je saldi paprika yra labai universali; ji da\u017enai naudojama \u012fvairiose kulinarijos tradicijose kaip prieskonis \u012fvairiems tradiciniams ir moderniems patiekalams. Jos \u0161velnus saldumas ir skonio gilumas praturtina marinatus, pada\u017eus ir prieskoni\u0173 mi\u0161inius, tod\u0117l tai yra svarbus prieskonis tiek s\u016briuose, tiek kai kuriuose sald\u017eiuose receptuose.<br \/>\nPuikiai tinka gardinti tro\u0161kinius, pada\u017eus, sriubas ir kitus patiekalus.<br \/>\nVaisinis saldumas su trupu\u010diu pikanti\u0161ko skonio.<br \/>\nBe dirbtini\u0173 kvapi\u0173j\u0173 med\u017eiag\u0173.<\/p>\n<p><em>PASTABA. Svetain\u0117je pateikiama informacija negali b\u016bti interpretuojama kaip gydymo ar kitokio pob\u016bd\u017eio sveikatos klausim\u0173 sprendimo rekomendacija. Raginame sprendimus, susijusius su asmenine sveikata, priimti asmeni\u0161kai, \u012fvertinus \u012fvairius informacijos \u0161altinius.<\/em><\/p>\n","protected":false},"excerpt":{"rendered":"<p>Ekologi\u0161ka malta sald\u017eioji paprika Paprikos kilm\u0117 Centrin\u0117 Meksika, ji buvo atve\u017eta \u012f Ispanij\u0105 XVI am\u017eiuje gr\u012f\u017etan\u010di\u0173 tyrin\u0117toj\u0173. Jos populiarumas ir<\/p>\n","protected":false},"featured_media":23475,"template":"","meta":{"_acf_changed":false},"product_brand":[],"product_cat":[1315],"product_tag":[1378,1382],"class_list":{"0":"post-19935","1":"product","2":"type-product","3":"status-publish","4":"has-post-thumbnail","6":"product_cat-ekologiski-prieskoniai","7":"product_tag-veganams","8":"product_tag-zaliavalgiams","9":"pa_svoris-1-kg","10":"pa_svoris-100-g","11":"pa_svoris-200-g","12":"pa_svoris-25-g","13":"pa_svoris-300-g","14":"pa_svoris-400-g","15":"pa_svoris-5-kg","16":"pa_svoris-50-g","17":"pa_svoris-500-g","19":"first","20":"instock","21":"shipping-taxable","22":"purchasable","23":"product-type-variable"},"acf":[],"yoast_head":"<!-- This site is optimized with the Yoast SEO plugin v27.5 - https:\/\/yoast.com\/product\/yoast-seo-wordpress\/ -->\n<title>Ekologi\u0161ka malta sald\u017eioji paprika - Biopapa<\/title>\n<meta name=\"description\" content=\"Ekologi\u0161ka malta sald\u017eioji paprika virtuv\u0117je yra labai universali; ji da\u017enai naudojama \u012fvairiose kulinarijos tradicijose kaip prieskonis \u012fvairiems tradiciniams ir moderniems patiekalams.\" \/>\n<meta name=\"robots\" content=\"index, follow, max-snippet:-1, max-image-preview:large, max-video-preview:-1\" \/>\n<link rel=\"canonical\" href=\"https:\/\/www.biopapa.de\/lt\/producte\/ekologiska-malta-saldzioji-paprika\/\" \/>\n<meta property=\"og:locale\" content=\"lt_LT\" \/>\n<meta property=\"og:type\" content=\"article\" \/>\n<meta property=\"og:title\" content=\"Ekologi\u0161ka malta sald\u017eioji paprika - Biopapa\" \/>\n<meta property=\"og:description\" content=\"Ekologi\u0161ka malta sald\u017eioji paprika virtuv\u0117je yra labai universali; ji da\u017enai naudojama \u012fvairiose kulinarijos tradicijose kaip prieskonis \u012fvairiems tradiciniams ir moderniems patiekalams.\" \/>\n<meta property=\"og:url\" content=\"https:\/\/www.biopapa.de\/lt\/producte\/ekologiska-malta-saldzioji-paprika\/\" \/>\n<meta property=\"og:site_name\" content=\"Biopapa\" \/>\n<meta property=\"article:publisher\" content=\"https:\/\/www.facebook.com\/biopapa.lt\" \/>\n<meta property=\"article:modified_time\" content=\"2026-01-23T16:05:46+00:00\" \/>\n<meta property=\"og:image\" content=\"https:\/\/www.biopapa.de\/wp-content\/uploads\/2022\/08\/Ekologiska-malta-saldzioji-paprika.png\" \/>\n\t<meta property=\"og:image:width\" content=\"800\" \/>\n\t<meta property=\"og:image:height\" content=\"640\" \/>\n\t<meta property=\"og:image:type\" content=\"image\/png\" \/>\n<meta name=\"twitter:card\" content=\"summary_large_image\" \/>\n<meta name=\"twitter:label1\" content=\"Est. reading time\" \/>\n\t<meta name=\"twitter:data1\" content=\"1 minut\u0117\" \/>\n<script type=\"application\/ld+json\" class=\"yoast-schema-graph\">{\"@context\":\"https:\\\/\\\/schema.org\",\"@graph\":[{\"@type\":\"WebPage\",\"@id\":\"https:\\\/\\\/www.biopapa.de\\\/lt\\\/producte\\\/ekologiska-malta-saldzioji-paprika\\\/\",\"url\":\"https:\\\/\\\/www.biopapa.de\\\/lt\\\/producte\\\/ekologiska-malta-saldzioji-paprika\\\/\",\"name\":\"Ekologi\u0161ka malta sald\u017eioji paprika - Biopapa\",\"isPartOf\":{\"@id\":\"https:\\\/\\\/www.biopapa.de\\\/lt\\\/#website\"},\"primaryImageOfPage\":{\"@id\":\"https:\\\/\\\/www.biopapa.de\\\/lt\\\/producte\\\/ekologiska-malta-saldzioji-paprika\\\/#primaryimage\"},\"image\":{\"@id\":\"https:\\\/\\\/www.biopapa.de\\\/lt\\\/producte\\\/ekologiska-malta-saldzioji-paprika\\\/#primaryimage\"},\"thumbnailUrl\":\"https:\\\/\\\/www.biopapa.de\\\/wp-content\\\/uploads\\\/2022\\\/08\\\/Ekologiska-malta-saldzioji-paprika.png\",\"datePublished\":\"2022-08-31T03:48:03+00:00\",\"dateModified\":\"2026-01-23T16:05:46+00:00\",\"description\":\"Ekologi\u0161ka malta sald\u017eioji paprika virtuv\u0117je yra labai universali; ji da\u017enai naudojama \u012fvairiose kulinarijos tradicijose kaip prieskonis \u012fvairiems tradiciniams ir moderniems patiekalams.\",\"breadcrumb\":{\"@id\":\"https:\\\/\\\/www.biopapa.de\\\/lt\\\/producte\\\/ekologiska-malta-saldzioji-paprika\\\/#breadcrumb\"},\"inLanguage\":\"lt-LT\",\"potentialAction\":[{\"@type\":\"ReadAction\",\"target\":[\"https:\\\/\\\/www.biopapa.de\\\/lt\\\/producte\\\/ekologiska-malta-saldzioji-paprika\\\/\"]}]},{\"@type\":\"ImageObject\",\"inLanguage\":\"lt-LT\",\"@id\":\"https:\\\/\\\/www.biopapa.de\\\/lt\\\/producte\\\/ekologiska-malta-saldzioji-paprika\\\/#primaryimage\",\"url\":\"https:\\\/\\\/www.biopapa.de\\\/wp-content\\\/uploads\\\/2022\\\/08\\\/Ekologiska-malta-saldzioji-paprika.png\",\"contentUrl\":\"https:\\\/\\\/www.biopapa.de\\\/wp-content\\\/uploads\\\/2022\\\/08\\\/Ekologiska-malta-saldzioji-paprika.png\",\"width\":800,\"height\":640,\"caption\":\"Ekologi\u0161ka malta sald\u017eioji paprika\"},{\"@type\":\"BreadcrumbList\",\"@id\":\"https:\\\/\\\/www.biopapa.de\\\/lt\\\/producte\\\/ekologiska-malta-saldzioji-paprika\\\/#breadcrumb\",\"itemListElement\":[{\"@type\":\"ListItem\",\"position\":1,\"name\":\"Home\",\"item\":\"https:\\\/\\\/www.biopapa.de\\\/lt\\\/\"},{\"@type\":\"ListItem\",\"position\":2,\"name\":\"Parduotuv\u0117\",\"item\":\"https:\\\/\\\/www.biopapa.de\\\/parduotuve\\\/\"},{\"@type\":\"ListItem\",\"position\":3,\"name\":\"Ekologi\u0161ka malta sald\u017eioji paprika\"}]},{\"@type\":\"WebSite\",\"@id\":\"https:\\\/\\\/www.biopapa.de\\\/lt\\\/#website\",\"url\":\"https:\\\/\\\/www.biopapa.de\\\/lt\\\/\",\"name\":\"Biopapa\",\"description\":\"\u0160var\u016bs ekologi\u0161ki produktai\",\"publisher\":{\"@id\":\"https:\\\/\\\/www.biopapa.de\\\/lt\\\/#organization\"},\"potentialAction\":[{\"@type\":\"SearchAction\",\"target\":{\"@type\":\"EntryPoint\",\"urlTemplate\":\"https:\\\/\\\/www.biopapa.de\\\/lt\\\/?s={search_term_string}\"},\"query-input\":{\"@type\":\"PropertyValueSpecification\",\"valueRequired\":true,\"valueName\":\"search_term_string\"}}],\"inLanguage\":\"lt-LT\"},{\"@type\":\"Organization\",\"@id\":\"https:\\\/\\\/www.biopapa.de\\\/lt\\\/#organization\",\"name\":\"Biopapa\",\"url\":\"https:\\\/\\\/www.biopapa.de\\\/lt\\\/\",\"logo\":{\"@type\":\"ImageObject\",\"inLanguage\":\"lt-LT\",\"@id\":\"https:\\\/\\\/www.biopapa.de\\\/lt\\\/#\\\/schema\\\/logo\\\/image\\\/\",\"url\":\"https:\\\/\\\/www.biopapa.lt\\\/wp-content\\\/uploads\\\/2022\\\/04\\\/facebook_biopapa.jpg\",\"contentUrl\":\"https:\\\/\\\/www.biopapa.lt\\\/wp-content\\\/uploads\\\/2022\\\/04\\\/facebook_biopapa.jpg\",\"width\":1733,\"height\":907,\"caption\":\"Biopapa\"},\"image\":{\"@id\":\"https:\\\/\\\/www.biopapa.de\\\/lt\\\/#\\\/schema\\\/logo\\\/image\\\/\"},\"sameAs\":[\"https:\\\/\\\/www.facebook.com\\\/biopapa.lt\"]}]}<\/script>\n<!-- \/ Yoast SEO plugin. -->","yoast_head_json":{"title":"Ekologi\u0161ka malta sald\u017eioji paprika - Biopapa","description":"Ekologi\u0161ka malta sald\u017eioji paprika virtuv\u0117je yra labai universali; ji da\u017enai naudojama \u012fvairiose kulinarijos tradicijose kaip prieskonis \u012fvairiems tradiciniams ir moderniems patiekalams.","robots":{"index":"index","follow":"follow","max-snippet":"max-snippet:-1","max-image-preview":"max-image-preview:large","max-video-preview":"max-video-preview:-1"},"canonical":"https:\/\/www.biopapa.de\/lt\/producte\/ekologiska-malta-saldzioji-paprika\/","og_locale":"lt_LT","og_type":"article","og_title":"Ekologi\u0161ka malta sald\u017eioji paprika - Biopapa","og_description":"Ekologi\u0161ka malta sald\u017eioji paprika virtuv\u0117je yra labai universali; ji da\u017enai naudojama \u012fvairiose kulinarijos tradicijose kaip prieskonis \u012fvairiems tradiciniams ir moderniems patiekalams.","og_url":"https:\/\/www.biopapa.de\/lt\/producte\/ekologiska-malta-saldzioji-paprika\/","og_site_name":"Biopapa","article_publisher":"https:\/\/www.facebook.com\/biopapa.lt","article_modified_time":"2026-01-23T16:05:46+00:00","og_image":[{"width":800,"height":640,"url":"https:\/\/www.biopapa.de\/wp-content\/uploads\/2022\/08\/Ekologiska-malta-saldzioji-paprika.png","type":"image\/png"}],"twitter_card":"summary_large_image","twitter_misc":{"Est. reading time":"1 minut\u0117"},"schema":{"@context":"https:\/\/schema.org","@graph":[{"@type":"WebPage","@id":"https:\/\/www.biopapa.de\/lt\/producte\/ekologiska-malta-saldzioji-paprika\/","url":"https:\/\/www.biopapa.de\/lt\/producte\/ekologiska-malta-saldzioji-paprika\/","name":"Ekologi\u0161ka malta sald\u017eioji paprika - Biopapa","isPartOf":{"@id":"https:\/\/www.biopapa.de\/lt\/#website"},"primaryImageOfPage":{"@id":"https:\/\/www.biopapa.de\/lt\/producte\/ekologiska-malta-saldzioji-paprika\/#primaryimage"},"image":{"@id":"https:\/\/www.biopapa.de\/lt\/producte\/ekologiska-malta-saldzioji-paprika\/#primaryimage"},"thumbnailUrl":"https:\/\/www.biopapa.de\/wp-content\/uploads\/2022\/08\/Ekologiska-malta-saldzioji-paprika.png","datePublished":"2022-08-31T03:48:03+00:00","dateModified":"2026-01-23T16:05:46+00:00","description":"Ekologi\u0161ka malta sald\u017eioji paprika virtuv\u0117je yra labai universali; ji da\u017enai naudojama \u012fvairiose kulinarijos tradicijose kaip prieskonis \u012fvairiems tradiciniams ir moderniems patiekalams.","breadcrumb":{"@id":"https:\/\/www.biopapa.de\/lt\/producte\/ekologiska-malta-saldzioji-paprika\/#breadcrumb"},"inLanguage":"lt-LT","potentialAction":[{"@type":"ReadAction","target":["https:\/\/www.biopapa.de\/lt\/producte\/ekologiska-malta-saldzioji-paprika\/"]}]},{"@type":"ImageObject","inLanguage":"lt-LT","@id":"https:\/\/www.biopapa.de\/lt\/producte\/ekologiska-malta-saldzioji-paprika\/#primaryimage","url":"https:\/\/www.biopapa.de\/wp-content\/uploads\/2022\/08\/Ekologiska-malta-saldzioji-paprika.png","contentUrl":"https:\/\/www.biopapa.de\/wp-content\/uploads\/2022\/08\/Ekologiska-malta-saldzioji-paprika.png","width":800,"height":640,"caption":"Ekologi\u0161ka malta sald\u017eioji paprika"},{"@type":"BreadcrumbList","@id":"https:\/\/www.biopapa.de\/lt\/producte\/ekologiska-malta-saldzioji-paprika\/#breadcrumb","itemListElement":[{"@type":"ListItem","position":1,"name":"Home","item":"https:\/\/www.biopapa.de\/lt\/"},{"@type":"ListItem","position":2,"name":"Parduotuv\u0117","item":"https:\/\/www.biopapa.de\/parduotuve\/"},{"@type":"ListItem","position":3,"name":"Ekologi\u0161ka malta sald\u017eioji paprika"}]},{"@type":"WebSite","@id":"https:\/\/www.biopapa.de\/lt\/#website","url":"https:\/\/www.biopapa.de\/lt\/","name":"Biopapa","description":"\u0160var\u016bs ekologi\u0161ki produktai","publisher":{"@id":"https:\/\/www.biopapa.de\/lt\/#organization"},"potentialAction":[{"@type":"SearchAction","target":{"@type":"EntryPoint","urlTemplate":"https:\/\/www.biopapa.de\/lt\/?s={search_term_string}"},"query-input":{"@type":"PropertyValueSpecification","valueRequired":true,"valueName":"search_term_string"}}],"inLanguage":"lt-LT"},{"@type":"Organization","@id":"https:\/\/www.biopapa.de\/lt\/#organization","name":"Biopapa","url":"https:\/\/www.biopapa.de\/lt\/","logo":{"@type":"ImageObject","inLanguage":"lt-LT","@id":"https:\/\/www.biopapa.de\/lt\/#\/schema\/logo\/image\/","url":"https:\/\/www.biopapa.lt\/wp-content\/uploads\/2022\/04\/facebook_biopapa.jpg","contentUrl":"https:\/\/www.biopapa.lt\/wp-content\/uploads\/2022\/04\/facebook_biopapa.jpg","width":1733,"height":907,"caption":"Biopapa"},"image":{"@id":"https:\/\/www.biopapa.de\/lt\/#\/schema\/logo\/image\/"},"sameAs":["https:\/\/www.facebook.com\/biopapa.lt"]}]}},"_links":{"self":[{"href":"https:\/\/www.biopapa.de\/lt\/wp-json\/wp\/v2\/product\/19935","targetHints":{"allow":["GET"]}}],"collection":[{"href":"https:\/\/www.biopapa.de\/lt\/wp-json\/wp\/v2\/product"}],"about":[{"href":"https:\/\/www.biopapa.de\/lt\/wp-json\/wp\/v2\/types\/product"}],"wp:featuredmedia":[{"embeddable":true,"href":"https:\/\/www.biopapa.de\/lt\/wp-json\/wp\/v2\/media\/23475"}],"wp:attachment":[{"href":"https:\/\/www.biopapa.de\/lt\/wp-json\/wp\/v2\/media?parent=19935"}],"wp:term":[{"taxonomy":"product_brand","embeddable":true,"href":"https:\/\/www.biopapa.de\/lt\/wp-json\/wp\/v2\/product_brand?post=19935"},{"taxonomy":"product_cat","embeddable":true,"href":"https:\/\/www.biopapa.de\/lt\/wp-json\/wp\/v2\/product_cat?post=19935"},{"taxonomy":"product_tag","embeddable":true,"href":"https:\/\/www.biopapa.de\/lt\/wp-json\/wp\/v2\/product_tag?post=19935"}],"curies":[{"name":"wp","href":"https:\/\/api.w.org\/{rel}","templated":true}]}}