{"id":21878,"date":"2022-12-15T17:39:30","date_gmt":"2022-12-15T15:39:30","guid":{"rendered":"https:\/\/www.biopapa.lt\/?post_type=product&#038;p=21878"},"modified":"2026-01-27T10:53:53","modified_gmt":"2026-01-27T08:53:53","slug":"ekologiskos-kalendros-seklos","status":"publish","type":"product","link":"https:\/\/www.biopapa.de\/lt\/producte\/ekologiskos-kalendros-seklos\/","title":{"rendered":"Ekologi\u0161kos kalendros s\u0117klos"},"content":{"rendered":"<p>Kalendra gali b\u016bti viena i\u0161 labiausiai ne\u012fvertint\u0173 \u017eoleli\u0173, nepaisant jos populiarumo visame pasaulyje kaip kulinarinis prieskonis. Jos aromatingas kvapas yra vienas i\u0161 daugelio \u017eavesi\u0173.<\/p>\n<p>Manoma, kad kalendros kilusios i\u0161 Vidurini\u0173 Ryt\u0173 ir Vidur\u017eemio j\u016bros regiono, jos galima rasti regionin\u0117je virtuv\u0117je visame pasaulyje.<br \/>\nJis priklauso Umbelliferae (Apiaceae) augal\u0173 \u0161eimai, turi plon\u0105 stieb\u0105 ir gra\u017eius baltus arba \u0161viesiai rausvus \u017eiedus, o visos augalo dalys yra valgomos (jauni lapai ir subrendusios s\u0117klos). Pats augalas yra nuostabiai subtilus su ry\u0161kiu, \u017eemi\u0161ku pavasario skoniu. Ji taip pat \u017einoma kaip kini\u0161ka petra\u017eol\u0117, o sanskrito kalba &#8211; \u201edhanyaka\u201c &#8211; \u201eturtinga\u201c.<br \/>\nNors auga visame pasaulyje, kalendra nelabai m\u0117gsta kar\u0161\u010dio. Tai vienmetis augalas, kurio augimo sezonas yra gana trumpas, nes m\u0117gsta v\u0117sesn\u0119 pavasario ir rudens temperat\u016br\u0105. \u012esik\u016br\u0119s lengvoje, gerai nusausintoje dirvoje, saul\u0117je, augalas savaime pasis\u0117ja ir kit\u0105 pavasar\u012f v\u0117l sudygsta.<br \/>\nIstori\u0161kai ir tradici\u0161kai kalendra buvo naudojama vir\u0161kinimo trakto diskomfortui palengvinti.<br \/>\nAjurvedoje naudojama kaip vaistinis augalas. Energeti\u0161kai, Ajurvedos terminais kalbant, kalendra laikoma ir \u0161ildan\u010dia, ir v\u0117sinan\u010dia \u017eole, priklausomai nuo naudojamos augalo dalies. Teigiama, kad lapai v\u0117sina ir i\u0161 j\u0173 galima pagaminti sultis arba kompres\u0105, naudojam\u0105 \u0161velniam odos dirginimui palengvinti, o s\u0117klos \u0161iek tiek \u0161ildo, o tai gali pad\u0117ti vir\u0161kinimui,\u00a0 pasisavinti maistines med\u017eiagas ir pad\u0117ti pa\u0161alinti toksinus.<br \/>\nNors daugiausia \u017einoma d\u0117l savo stipraus giminingumo ir naudos vir\u0161kinimo sistemai, kalendra taip pat gali b\u016bti naudinga \u0161lapimo sistemai ir plau\u010diams, nes padeda i\u0161valyti \u0161ilum\u0105 ir atitinkamai gleives.<\/p>\n<p>Kalendros s\u0117klas galima naudoti naudoti kaip prieskon\u012f \u012fvairiems marinatams, \u012fvairiems tro\u0161kiniams, l\u0119\u0161i\u0173 patiekalams.<\/p>\n<p><strong>Arbatos receptas:<br \/>\n<\/strong>Pankolio s\u0117klos, kumino s\u0117klos ir kalendros s\u0117klos naudingos vir\u0161kinimo bei detoksikacijos procesams palaikyti.<\/p>\n<p>Recept\u0105 galima rati <a href=\"https:\/\/www.biopapa.lt\/produktas\/ekologiskos-kumino-seklos\/\">\u010dia.<\/a><\/p>\n<p><em>PASTABA. \u010cia pateikta informacija negali b\u016bti interpretuojama kaip gydymo ar kitokio pob\u016bd\u017eio sveikatos klausim\u0173 sprendimo rekomendacija. Raginame sprendimus, susijusius su asmenine sveikata, priimti asmeni\u0161kai, \u012fvertinus \u012fvairius informacijos \u0161altinius.<\/em><\/p>\n","protected":false},"excerpt":{"rendered":"<p>Kalendra gali b\u016bti viena i\u0161 labiausiai ne\u012fvertint\u0173 \u017eoleli\u0173, nepaisant jos populiarumo visame pasaulyje kaip kulinarinis prieskonis. Jos aromatingas kvapas yra<\/p>\n","protected":false},"featured_media":21886,"template":"","meta":{"_acf_changed":false},"product_brand":[],"product_cat":[1315],"product_tag":[1378,1382],"class_list":{"0":"post-21878","1":"product","2":"type-product","3":"status-publish","4":"has-post-thumbnail","6":"product_cat-ekologiski-prieskoniai","7":"product_tag-veganams","8":"product_tag-zaliavalgiams","9":"pa_svoris-1-kg","10":"pa_svoris-100-g","11":"pa_svoris-200-g","12":"pa_svoris-25-kg","13":"pa_svoris-300-g","14":"pa_svoris-400-g","15":"pa_svoris-50-g","16":"pa_svoris-500-g","18":"first","19":"instock","20":"shipping-taxable","21":"purchasable","22":"product-type-variable"},"acf":[],"yoast_head":"<!-- This site is optimized with the Yoast SEO plugin v27.5 - https:\/\/yoast.com\/product\/yoast-seo-wordpress\/ -->\n<title>Ekologi\u0161kos kalendros s\u0117klos - Biopapa<\/title>\n<meta name=\"description\" content=\"Kalendra gali b\u016bti viena i\u0161 labiausiai ne\u012fvertint\u0173 \u017eoleli\u0173, nepaisant jos populiarumo visame pasaulyje kaip kulinarinis prieskonis. Daugiausia \u017einoma d\u0117l savo stipraus giminingumo ir naudos vir\u0161kinimo sistemai, kalendra taip pat gali b\u016bti naudinga \u0161lapimo sistemai ir plau\u010diams.\" \/>\n<meta name=\"robots\" content=\"index, follow, max-snippet:-1, max-image-preview:large, max-video-preview:-1\" \/>\n<link rel=\"canonical\" href=\"https:\/\/www.biopapa.de\/lt\/producte\/ekologiskos-kalendros-seklos\/\" \/>\n<meta property=\"og:locale\" content=\"lt_LT\" \/>\n<meta property=\"og:type\" content=\"article\" \/>\n<meta property=\"og:title\" content=\"Ekologi\u0161kos kalendros s\u0117klos - Biopapa\" \/>\n<meta property=\"og:description\" content=\"Kalendra gali b\u016bti viena i\u0161 labiausiai ne\u012fvertint\u0173 \u017eoleli\u0173, nepaisant jos populiarumo visame pasaulyje kaip kulinarinis prieskonis. Daugiausia \u017einoma d\u0117l savo stipraus giminingumo ir naudos vir\u0161kinimo sistemai, kalendra taip pat gali b\u016bti naudinga \u0161lapimo sistemai ir plau\u010diams.\" \/>\n<meta property=\"og:url\" content=\"https:\/\/www.biopapa.de\/lt\/producte\/ekologiskos-kalendros-seklos\/\" \/>\n<meta property=\"og:site_name\" content=\"Biopapa\" \/>\n<meta property=\"article:publisher\" content=\"https:\/\/www.facebook.com\/biopapa.lt\" \/>\n<meta property=\"article:modified_time\" content=\"2026-01-27T08:53:53+00:00\" \/>\n<meta property=\"og:image\" content=\"https:\/\/www.biopapa.de\/wp-content\/uploads\/2022\/12\/kalendra.png\" \/>\n\t<meta property=\"og:image:width\" content=\"800\" \/>\n\t<meta property=\"og:image:height\" content=\"640\" \/>\n\t<meta property=\"og:image:type\" content=\"image\/png\" \/>\n<meta name=\"twitter:card\" content=\"summary_large_image\" \/>\n<meta name=\"twitter:label1\" content=\"Est. reading time\" \/>\n\t<meta name=\"twitter:data1\" content=\"2 minut\u0117s\" \/>\n<script type=\"application\/ld+json\" class=\"yoast-schema-graph\">{\"@context\":\"https:\\\/\\\/schema.org\",\"@graph\":[{\"@type\":\"WebPage\",\"@id\":\"https:\\\/\\\/www.biopapa.de\\\/lt\\\/producte\\\/ekologiskos-kalendros-seklos\\\/\",\"url\":\"https:\\\/\\\/www.biopapa.de\\\/lt\\\/producte\\\/ekologiskos-kalendros-seklos\\\/\",\"name\":\"Ekologi\u0161kos kalendros s\u0117klos - Biopapa\",\"isPartOf\":{\"@id\":\"https:\\\/\\\/www.biopapa.de\\\/lt\\\/#website\"},\"primaryImageOfPage\":{\"@id\":\"https:\\\/\\\/www.biopapa.de\\\/lt\\\/producte\\\/ekologiskos-kalendros-seklos\\\/#primaryimage\"},\"image\":{\"@id\":\"https:\\\/\\\/www.biopapa.de\\\/lt\\\/producte\\\/ekologiskos-kalendros-seklos\\\/#primaryimage\"},\"thumbnailUrl\":\"https:\\\/\\\/www.biopapa.de\\\/wp-content\\\/uploads\\\/2022\\\/12\\\/kalendra.png\",\"datePublished\":\"2022-12-15T15:39:30+00:00\",\"dateModified\":\"2026-01-27T08:53:53+00:00\",\"description\":\"Kalendra gali b\u016bti viena i\u0161 labiausiai ne\u012fvertint\u0173 \u017eoleli\u0173, nepaisant jos populiarumo visame pasaulyje kaip kulinarinis prieskonis. Daugiausia \u017einoma d\u0117l savo stipraus giminingumo ir naudos vir\u0161kinimo sistemai, kalendra taip pat gali b\u016bti naudinga \u0161lapimo sistemai ir plau\u010diams.\",\"breadcrumb\":{\"@id\":\"https:\\\/\\\/www.biopapa.de\\\/lt\\\/producte\\\/ekologiskos-kalendros-seklos\\\/#breadcrumb\"},\"inLanguage\":\"lt-LT\",\"potentialAction\":[{\"@type\":\"ReadAction\",\"target\":[\"https:\\\/\\\/www.biopapa.de\\\/lt\\\/producte\\\/ekologiskos-kalendros-seklos\\\/\"]}]},{\"@type\":\"ImageObject\",\"inLanguage\":\"lt-LT\",\"@id\":\"https:\\\/\\\/www.biopapa.de\\\/lt\\\/producte\\\/ekologiskos-kalendros-seklos\\\/#primaryimage\",\"url\":\"https:\\\/\\\/www.biopapa.de\\\/wp-content\\\/uploads\\\/2022\\\/12\\\/kalendra.png\",\"contentUrl\":\"https:\\\/\\\/www.biopapa.de\\\/wp-content\\\/uploads\\\/2022\\\/12\\\/kalendra.png\",\"width\":800,\"height\":640,\"caption\":\"Ekologi\u0161kos kalendros s\u0117klos\"},{\"@type\":\"BreadcrumbList\",\"@id\":\"https:\\\/\\\/www.biopapa.de\\\/lt\\\/producte\\\/ekologiskos-kalendros-seklos\\\/#breadcrumb\",\"itemListElement\":[{\"@type\":\"ListItem\",\"position\":1,\"name\":\"Home\",\"item\":\"https:\\\/\\\/www.biopapa.de\\\/lt\\\/\"},{\"@type\":\"ListItem\",\"position\":2,\"name\":\"Parduotuv\u0117\",\"item\":\"https:\\\/\\\/www.biopapa.de\\\/parduotuve\\\/\"},{\"@type\":\"ListItem\",\"position\":3,\"name\":\"Ekologi\u0161kos kalendros s\u0117klos\"}]},{\"@type\":\"WebSite\",\"@id\":\"https:\\\/\\\/www.biopapa.de\\\/lt\\\/#website\",\"url\":\"https:\\\/\\\/www.biopapa.de\\\/lt\\\/\",\"name\":\"Biopapa\",\"description\":\"\u0160var\u016bs ekologi\u0161ki produktai\",\"publisher\":{\"@id\":\"https:\\\/\\\/www.biopapa.de\\\/lt\\\/#organization\"},\"potentialAction\":[{\"@type\":\"SearchAction\",\"target\":{\"@type\":\"EntryPoint\",\"urlTemplate\":\"https:\\\/\\\/www.biopapa.de\\\/lt\\\/?s={search_term_string}\"},\"query-input\":{\"@type\":\"PropertyValueSpecification\",\"valueRequired\":true,\"valueName\":\"search_term_string\"}}],\"inLanguage\":\"lt-LT\"},{\"@type\":\"Organization\",\"@id\":\"https:\\\/\\\/www.biopapa.de\\\/lt\\\/#organization\",\"name\":\"Biopapa\",\"url\":\"https:\\\/\\\/www.biopapa.de\\\/lt\\\/\",\"logo\":{\"@type\":\"ImageObject\",\"inLanguage\":\"lt-LT\",\"@id\":\"https:\\\/\\\/www.biopapa.de\\\/lt\\\/#\\\/schema\\\/logo\\\/image\\\/\",\"url\":\"https:\\\/\\\/www.biopapa.lt\\\/wp-content\\\/uploads\\\/2022\\\/04\\\/facebook_biopapa.jpg\",\"contentUrl\":\"https:\\\/\\\/www.biopapa.lt\\\/wp-content\\\/uploads\\\/2022\\\/04\\\/facebook_biopapa.jpg\",\"width\":1733,\"height\":907,\"caption\":\"Biopapa\"},\"image\":{\"@id\":\"https:\\\/\\\/www.biopapa.de\\\/lt\\\/#\\\/schema\\\/logo\\\/image\\\/\"},\"sameAs\":[\"https:\\\/\\\/www.facebook.com\\\/biopapa.lt\"]}]}<\/script>\n<!-- \/ Yoast SEO plugin. -->","yoast_head_json":{"title":"Ekologi\u0161kos kalendros s\u0117klos - Biopapa","description":"Kalendra gali b\u016bti viena i\u0161 labiausiai ne\u012fvertint\u0173 \u017eoleli\u0173, nepaisant jos populiarumo visame pasaulyje kaip kulinarinis prieskonis. Daugiausia \u017einoma d\u0117l savo stipraus giminingumo ir naudos vir\u0161kinimo sistemai, kalendra taip pat gali b\u016bti naudinga \u0161lapimo sistemai ir plau\u010diams.","robots":{"index":"index","follow":"follow","max-snippet":"max-snippet:-1","max-image-preview":"max-image-preview:large","max-video-preview":"max-video-preview:-1"},"canonical":"https:\/\/www.biopapa.de\/lt\/producte\/ekologiskos-kalendros-seklos\/","og_locale":"lt_LT","og_type":"article","og_title":"Ekologi\u0161kos kalendros s\u0117klos - Biopapa","og_description":"Kalendra gali b\u016bti viena i\u0161 labiausiai ne\u012fvertint\u0173 \u017eoleli\u0173, nepaisant jos populiarumo visame pasaulyje kaip kulinarinis prieskonis. Daugiausia \u017einoma d\u0117l savo stipraus giminingumo ir naudos vir\u0161kinimo sistemai, kalendra taip pat gali b\u016bti naudinga \u0161lapimo sistemai ir plau\u010diams.","og_url":"https:\/\/www.biopapa.de\/lt\/producte\/ekologiskos-kalendros-seklos\/","og_site_name":"Biopapa","article_publisher":"https:\/\/www.facebook.com\/biopapa.lt","article_modified_time":"2026-01-27T08:53:53+00:00","og_image":[{"width":800,"height":640,"url":"https:\/\/www.biopapa.de\/wp-content\/uploads\/2022\/12\/kalendra.png","type":"image\/png"}],"twitter_card":"summary_large_image","twitter_misc":{"Est. reading time":"2 minut\u0117s"},"schema":{"@context":"https:\/\/schema.org","@graph":[{"@type":"WebPage","@id":"https:\/\/www.biopapa.de\/lt\/producte\/ekologiskos-kalendros-seklos\/","url":"https:\/\/www.biopapa.de\/lt\/producte\/ekologiskos-kalendros-seklos\/","name":"Ekologi\u0161kos kalendros s\u0117klos - Biopapa","isPartOf":{"@id":"https:\/\/www.biopapa.de\/lt\/#website"},"primaryImageOfPage":{"@id":"https:\/\/www.biopapa.de\/lt\/producte\/ekologiskos-kalendros-seklos\/#primaryimage"},"image":{"@id":"https:\/\/www.biopapa.de\/lt\/producte\/ekologiskos-kalendros-seklos\/#primaryimage"},"thumbnailUrl":"https:\/\/www.biopapa.de\/wp-content\/uploads\/2022\/12\/kalendra.png","datePublished":"2022-12-15T15:39:30+00:00","dateModified":"2026-01-27T08:53:53+00:00","description":"Kalendra gali b\u016bti viena i\u0161 labiausiai ne\u012fvertint\u0173 \u017eoleli\u0173, nepaisant jos populiarumo visame pasaulyje kaip kulinarinis prieskonis. Daugiausia \u017einoma d\u0117l savo stipraus giminingumo ir naudos vir\u0161kinimo sistemai, kalendra taip pat gali b\u016bti naudinga \u0161lapimo sistemai ir plau\u010diams.","breadcrumb":{"@id":"https:\/\/www.biopapa.de\/lt\/producte\/ekologiskos-kalendros-seklos\/#breadcrumb"},"inLanguage":"lt-LT","potentialAction":[{"@type":"ReadAction","target":["https:\/\/www.biopapa.de\/lt\/producte\/ekologiskos-kalendros-seklos\/"]}]},{"@type":"ImageObject","inLanguage":"lt-LT","@id":"https:\/\/www.biopapa.de\/lt\/producte\/ekologiskos-kalendros-seklos\/#primaryimage","url":"https:\/\/www.biopapa.de\/wp-content\/uploads\/2022\/12\/kalendra.png","contentUrl":"https:\/\/www.biopapa.de\/wp-content\/uploads\/2022\/12\/kalendra.png","width":800,"height":640,"caption":"Ekologi\u0161kos kalendros s\u0117klos"},{"@type":"BreadcrumbList","@id":"https:\/\/www.biopapa.de\/lt\/producte\/ekologiskos-kalendros-seklos\/#breadcrumb","itemListElement":[{"@type":"ListItem","position":1,"name":"Home","item":"https:\/\/www.biopapa.de\/lt\/"},{"@type":"ListItem","position":2,"name":"Parduotuv\u0117","item":"https:\/\/www.biopapa.de\/parduotuve\/"},{"@type":"ListItem","position":3,"name":"Ekologi\u0161kos kalendros s\u0117klos"}]},{"@type":"WebSite","@id":"https:\/\/www.biopapa.de\/lt\/#website","url":"https:\/\/www.biopapa.de\/lt\/","name":"Biopapa","description":"\u0160var\u016bs ekologi\u0161ki produktai","publisher":{"@id":"https:\/\/www.biopapa.de\/lt\/#organization"},"potentialAction":[{"@type":"SearchAction","target":{"@type":"EntryPoint","urlTemplate":"https:\/\/www.biopapa.de\/lt\/?s={search_term_string}"},"query-input":{"@type":"PropertyValueSpecification","valueRequired":true,"valueName":"search_term_string"}}],"inLanguage":"lt-LT"},{"@type":"Organization","@id":"https:\/\/www.biopapa.de\/lt\/#organization","name":"Biopapa","url":"https:\/\/www.biopapa.de\/lt\/","logo":{"@type":"ImageObject","inLanguage":"lt-LT","@id":"https:\/\/www.biopapa.de\/lt\/#\/schema\/logo\/image\/","url":"https:\/\/www.biopapa.lt\/wp-content\/uploads\/2022\/04\/facebook_biopapa.jpg","contentUrl":"https:\/\/www.biopapa.lt\/wp-content\/uploads\/2022\/04\/facebook_biopapa.jpg","width":1733,"height":907,"caption":"Biopapa"},"image":{"@id":"https:\/\/www.biopapa.de\/lt\/#\/schema\/logo\/image\/"},"sameAs":["https:\/\/www.facebook.com\/biopapa.lt"]}]}},"_links":{"self":[{"href":"https:\/\/www.biopapa.de\/lt\/wp-json\/wp\/v2\/product\/21878","targetHints":{"allow":["GET"]}}],"collection":[{"href":"https:\/\/www.biopapa.de\/lt\/wp-json\/wp\/v2\/product"}],"about":[{"href":"https:\/\/www.biopapa.de\/lt\/wp-json\/wp\/v2\/types\/product"}],"wp:featuredmedia":[{"embeddable":true,"href":"https:\/\/www.biopapa.de\/lt\/wp-json\/wp\/v2\/media\/21886"}],"wp:attachment":[{"href":"https:\/\/www.biopapa.de\/lt\/wp-json\/wp\/v2\/media?parent=21878"}],"wp:term":[{"taxonomy":"product_brand","embeddable":true,"href":"https:\/\/www.biopapa.de\/lt\/wp-json\/wp\/v2\/product_brand?post=21878"},{"taxonomy":"product_cat","embeddable":true,"href":"https:\/\/www.biopapa.de\/lt\/wp-json\/wp\/v2\/product_cat?post=21878"},{"taxonomy":"product_tag","embeddable":true,"href":"https:\/\/www.biopapa.de\/lt\/wp-json\/wp\/v2\/product_tag?post=21878"}],"curies":[{"name":"wp","href":"https:\/\/api.w.org\/{rel}","templated":true}]}}