{"id":22679,"date":"2023-01-17T18:06:26","date_gmt":"2023-01-17T16:06:26","guid":{"rendered":"https:\/\/www.biopapa.lt\/?post_type=product&#038;p=22679"},"modified":"2025-09-16T17:29:07","modified_gmt":"2025-09-16T14:29:07","slug":"ekologiska-vaistine-melisa","status":"publish","type":"product","link":"https:\/\/www.biopapa.de\/lt\/producte\/ekologiska-vaistine-melisa\/","title":{"rendered":"Ekologi\u0161ka vaistin\u0117 melisa"},"content":{"rendered":"<p><strong>Ekologi\u0161ka vaistin\u0117 melisa<br \/>\n<\/strong>Vidur\u017eemio, Azijos ir Europos regionuose kilusi melisa yra citrinos kvapo, aromatinga, daugiametis augalas su dantytais \u0161irdies formos lapais ir su ma\u017eomis m\u0117lynomis, geltonomis ar baltomis g\u0117l\u0117mis, b\u016bdingais <em>Lamiaceae<\/em> \u0161eimai. Jis pla\u010diai auginamas ir nat\u016bralizuojamas visame pasaulyje vidutinio klimato zonose.<br \/>\nMelisa yra graiki\u0161kas \u017eodis, rei\u0161kiantis \u201ebit\u0117\u201c, taip pavadinta d\u0117l to, kad bit\u0117s m\u0117gsta \u0161i\u0105 nuostabiai kvepian\u010di\u0105 \u017eolel\u0119.<br \/>\n\u0160imtme\u010dius melisa buvo naudojama d\u0117l sveikatai nauding\u0173 savybi\u0173 ir buvo labai vertinama d\u0117l emocinio ir dvasinio poveikio. Ji buvo da\u017enai naudojama siekiant skatinti ramyb\u0117s jausm\u0105 ir geriama kaip melis\u0173 arbata, \u012fmai\u0161yta \u012f kitus \u017eoleli\u0173 arbatos mi\u0161inius ir naudojama k\u016bno prie\u017ei\u016bros receptuose.<br \/>\nNuo seno naudojama \u0161ird\u017eiai ir k\u016bnui nuraminti, subtilaus citrininio skonio melisa pakelia dvasi\u0105 ir pagardina bet kok\u012f kulinarin\u012f patiekal\u0105, \u012f kur\u012f dedama. Ji buvo naudojama uogien\u0117ms, drebu\u010diams saldinti, kaip priedas prie salot\u0173, bei g\u0117rimams ruo\u0161ti. Be to, melisa naudojama kvepalams gaminti, kosmetikoje, tepalams gaminti.<\/p>\n<p>Melisos naudojimas siekia t\u016bkstan\u010dius met\u0173 senov\u0117s rom\u0117n\u0173 ir graik\u0173 laikais. Kaip min\u0117jo Nicholas Culpeper (angl\u0173 botanikas, \u017eolininkas, gydytojas), kad melisos savyb\u0117s dvasinio pob\u016bd\u017eio, jos veikia emocijas, sveika \u0161ird\u017eiai.<br \/>\nMelissa officinalis naudojamos Ajurvedoje, kad nuramint\u0173 skrand\u012f ir subalansuot\u0173 nuotaik\u0105. Taip pat naudojamos tradicin\u0117je kin\u0173 medicinoje (TCM), kurioje melisa laikoma energeti\u0161kai v\u0117sinan\u010dia ir d\u017eiovinan\u010dia.<br \/>\nM\u016bs\u0173 prot\u0117viai naudojo melis\u0105 atsipalaidavimui ir emocinei pusiausvyrai pasiekti.<\/p>\n<p><em>PASTABA. \u010cia pateikta informacija negali b\u016bti interpretuojama kaip gydymo ar kitokio pob\u016bd\u017eio sveikatos klausim\u0173 sprendimo rekomendacija. Raginame sprendimus, susijusius su asmenine sveikata, priimti asmeni\u0161kai, \u012fvertinus \u012fvairius informacijos \u0161altinius. <\/em><\/p>\n","protected":false},"excerpt":{"rendered":"<p>Ekologi\u0161ka vaistin\u0117 melisa Vidur\u017eemio, Azijos ir Europos regionuose kilusi melisa yra citrinos kvapo, aromatinga, daugiametis augalas su dantytais \u0161irdies formos<\/p>\n","protected":false},"featured_media":22732,"template":"","meta":{"_acf_changed":false},"product_brand":[],"product_cat":[1907,1265],"product_tag":[2642],"class_list":{"0":"post-22679","1":"product","2":"type-product","3":"status-publish","4":"has-post-thumbnail","6":"product_cat-arbata","7":"product_cat-ekologiska-kakava-arbata-kava","8":"product_tag-fuer-veganer-lt","9":"pa_svoris-1-kg","10":"pa_svoris-100-g","11":"pa_svoris-200-g","12":"pa_svoris-25-g","13":"pa_svoris-300-g","14":"pa_svoris-400-g","15":"pa_svoris-50-g","16":"pa_svoris-500-g","18":"first","19":"instock","20":"shipping-taxable","21":"purchasable","22":"product-type-variable"},"acf":[],"yoast_head":"<!-- This site is optimized with the Yoast SEO plugin v27.5 - https:\/\/yoast.com\/product\/yoast-seo-wordpress\/ -->\n<title>Ekologi\u0161ka vaistin\u0117 melisa - Biopapa<\/title>\n<meta name=\"description\" content=\"Melisa \u0161imtme\u010dius buvo naudojama d\u0117l sveikatai nauding\u0173 savybi\u0173 ir buvo labai vertinama d\u0117l emocinio ir dvasinio poveikio. Ji buvo da\u017enai naudojama siekiant skatinti ramyb\u0117s jausm\u0105 ir geriama kaip melis\u0173 arbata.\" \/>\n<meta name=\"robots\" content=\"index, follow, max-snippet:-1, max-image-preview:large, max-video-preview:-1\" \/>\n<link rel=\"canonical\" href=\"https:\/\/www.biopapa.de\/lt\/producte\/ekologiska-vaistine-melisa\/\" \/>\n<meta property=\"og:locale\" content=\"lt_LT\" \/>\n<meta property=\"og:type\" content=\"article\" \/>\n<meta property=\"og:title\" content=\"Ekologi\u0161ka vaistin\u0117 melisa - Biopapa\" \/>\n<meta property=\"og:description\" content=\"Melisa \u0161imtme\u010dius buvo naudojama d\u0117l sveikatai nauding\u0173 savybi\u0173 ir buvo labai vertinama d\u0117l emocinio ir dvasinio poveikio. Ji buvo da\u017enai naudojama siekiant skatinti ramyb\u0117s jausm\u0105 ir geriama kaip melis\u0173 arbata.\" \/>\n<meta property=\"og:url\" content=\"https:\/\/www.biopapa.de\/lt\/producte\/ekologiska-vaistine-melisa\/\" \/>\n<meta property=\"og:site_name\" content=\"Biopapa\" \/>\n<meta property=\"article:publisher\" content=\"https:\/\/www.facebook.com\/biopapa.lt\" \/>\n<meta property=\"article:modified_time\" content=\"2025-09-16T14:29:07+00:00\" \/>\n<meta property=\"og:image\" content=\"https:\/\/www.biopapa.de\/wp-content\/uploads\/2023\/01\/Ekologiska-vaistine-melisa.png\" \/>\n\t<meta property=\"og:image:width\" content=\"800\" \/>\n\t<meta property=\"og:image:height\" content=\"640\" \/>\n\t<meta property=\"og:image:type\" content=\"image\/png\" \/>\n<meta name=\"twitter:card\" content=\"summary_large_image\" \/>\n<script type=\"application\/ld+json\" class=\"yoast-schema-graph\">{\"@context\":\"https:\\\/\\\/schema.org\",\"@graph\":[{\"@type\":\"WebPage\",\"@id\":\"https:\\\/\\\/www.biopapa.de\\\/lt\\\/producte\\\/ekologiska-vaistine-melisa\\\/\",\"url\":\"https:\\\/\\\/www.biopapa.de\\\/lt\\\/producte\\\/ekologiska-vaistine-melisa\\\/\",\"name\":\"Ekologi\u0161ka vaistin\u0117 melisa - Biopapa\",\"isPartOf\":{\"@id\":\"https:\\\/\\\/www.biopapa.de\\\/lt\\\/#website\"},\"primaryImageOfPage\":{\"@id\":\"https:\\\/\\\/www.biopapa.de\\\/lt\\\/producte\\\/ekologiska-vaistine-melisa\\\/#primaryimage\"},\"image\":{\"@id\":\"https:\\\/\\\/www.biopapa.de\\\/lt\\\/producte\\\/ekologiska-vaistine-melisa\\\/#primaryimage\"},\"thumbnailUrl\":\"https:\\\/\\\/www.biopapa.de\\\/wp-content\\\/uploads\\\/2023\\\/01\\\/Ekologiska-vaistine-melisa.png\",\"datePublished\":\"2023-01-17T16:06:26+00:00\",\"dateModified\":\"2025-09-16T14:29:07+00:00\",\"description\":\"Melisa \u0161imtme\u010dius buvo naudojama d\u0117l sveikatai nauding\u0173 savybi\u0173 ir buvo labai vertinama d\u0117l emocinio ir dvasinio poveikio. Ji buvo da\u017enai naudojama siekiant skatinti ramyb\u0117s jausm\u0105 ir geriama kaip melis\u0173 arbata.\",\"breadcrumb\":{\"@id\":\"https:\\\/\\\/www.biopapa.de\\\/lt\\\/producte\\\/ekologiska-vaistine-melisa\\\/#breadcrumb\"},\"inLanguage\":\"lt-LT\",\"potentialAction\":[{\"@type\":\"ReadAction\",\"target\":[\"https:\\\/\\\/www.biopapa.de\\\/lt\\\/producte\\\/ekologiska-vaistine-melisa\\\/\"]}]},{\"@type\":\"ImageObject\",\"inLanguage\":\"lt-LT\",\"@id\":\"https:\\\/\\\/www.biopapa.de\\\/lt\\\/producte\\\/ekologiska-vaistine-melisa\\\/#primaryimage\",\"url\":\"https:\\\/\\\/www.biopapa.de\\\/wp-content\\\/uploads\\\/2023\\\/01\\\/Ekologiska-vaistine-melisa.png\",\"contentUrl\":\"https:\\\/\\\/www.biopapa.de\\\/wp-content\\\/uploads\\\/2023\\\/01\\\/Ekologiska-vaistine-melisa.png\",\"width\":800,\"height\":640,\"caption\":\"Ekologi\u0161ka vaistin\u0117 melisa\"},{\"@type\":\"BreadcrumbList\",\"@id\":\"https:\\\/\\\/www.biopapa.de\\\/lt\\\/producte\\\/ekologiska-vaistine-melisa\\\/#breadcrumb\",\"itemListElement\":[{\"@type\":\"ListItem\",\"position\":1,\"name\":\"Home\",\"item\":\"https:\\\/\\\/www.biopapa.de\\\/lt\\\/\"},{\"@type\":\"ListItem\",\"position\":2,\"name\":\"Parduotuv\u0117\",\"item\":\"https:\\\/\\\/www.biopapa.de\\\/parduotuve\\\/\"},{\"@type\":\"ListItem\",\"position\":3,\"name\":\"Ekologi\u0161ka vaistin\u0117 melisa\"}]},{\"@type\":\"WebSite\",\"@id\":\"https:\\\/\\\/www.biopapa.de\\\/lt\\\/#website\",\"url\":\"https:\\\/\\\/www.biopapa.de\\\/lt\\\/\",\"name\":\"Biopapa\",\"description\":\"\u0160var\u016bs ekologi\u0161ki produktai\",\"publisher\":{\"@id\":\"https:\\\/\\\/www.biopapa.de\\\/lt\\\/#organization\"},\"potentialAction\":[{\"@type\":\"SearchAction\",\"target\":{\"@type\":\"EntryPoint\",\"urlTemplate\":\"https:\\\/\\\/www.biopapa.de\\\/lt\\\/?s={search_term_string}\"},\"query-input\":{\"@type\":\"PropertyValueSpecification\",\"valueRequired\":true,\"valueName\":\"search_term_string\"}}],\"inLanguage\":\"lt-LT\"},{\"@type\":\"Organization\",\"@id\":\"https:\\\/\\\/www.biopapa.de\\\/lt\\\/#organization\",\"name\":\"Biopapa\",\"url\":\"https:\\\/\\\/www.biopapa.de\\\/lt\\\/\",\"logo\":{\"@type\":\"ImageObject\",\"inLanguage\":\"lt-LT\",\"@id\":\"https:\\\/\\\/www.biopapa.de\\\/lt\\\/#\\\/schema\\\/logo\\\/image\\\/\",\"url\":\"https:\\\/\\\/www.biopapa.lt\\\/wp-content\\\/uploads\\\/2022\\\/04\\\/facebook_biopapa.jpg\",\"contentUrl\":\"https:\\\/\\\/www.biopapa.lt\\\/wp-content\\\/uploads\\\/2022\\\/04\\\/facebook_biopapa.jpg\",\"width\":1733,\"height\":907,\"caption\":\"Biopapa\"},\"image\":{\"@id\":\"https:\\\/\\\/www.biopapa.de\\\/lt\\\/#\\\/schema\\\/logo\\\/image\\\/\"},\"sameAs\":[\"https:\\\/\\\/www.facebook.com\\\/biopapa.lt\"]}]}<\/script>\n<!-- \/ Yoast SEO plugin. -->","yoast_head_json":{"title":"Ekologi\u0161ka vaistin\u0117 melisa - Biopapa","description":"Melisa \u0161imtme\u010dius buvo naudojama d\u0117l sveikatai nauding\u0173 savybi\u0173 ir buvo labai vertinama d\u0117l emocinio ir dvasinio poveikio. Ji buvo da\u017enai naudojama siekiant skatinti ramyb\u0117s jausm\u0105 ir geriama kaip melis\u0173 arbata.","robots":{"index":"index","follow":"follow","max-snippet":"max-snippet:-1","max-image-preview":"max-image-preview:large","max-video-preview":"max-video-preview:-1"},"canonical":"https:\/\/www.biopapa.de\/lt\/producte\/ekologiska-vaistine-melisa\/","og_locale":"lt_LT","og_type":"article","og_title":"Ekologi\u0161ka vaistin\u0117 melisa - Biopapa","og_description":"Melisa \u0161imtme\u010dius buvo naudojama d\u0117l sveikatai nauding\u0173 savybi\u0173 ir buvo labai vertinama d\u0117l emocinio ir dvasinio poveikio. Ji buvo da\u017enai naudojama siekiant skatinti ramyb\u0117s jausm\u0105 ir geriama kaip melis\u0173 arbata.","og_url":"https:\/\/www.biopapa.de\/lt\/producte\/ekologiska-vaistine-melisa\/","og_site_name":"Biopapa","article_publisher":"https:\/\/www.facebook.com\/biopapa.lt","article_modified_time":"2025-09-16T14:29:07+00:00","og_image":[{"width":800,"height":640,"url":"https:\/\/www.biopapa.de\/wp-content\/uploads\/2023\/01\/Ekologiska-vaistine-melisa.png","type":"image\/png"}],"twitter_card":"summary_large_image","schema":{"@context":"https:\/\/schema.org","@graph":[{"@type":"WebPage","@id":"https:\/\/www.biopapa.de\/lt\/producte\/ekologiska-vaistine-melisa\/","url":"https:\/\/www.biopapa.de\/lt\/producte\/ekologiska-vaistine-melisa\/","name":"Ekologi\u0161ka vaistin\u0117 melisa - Biopapa","isPartOf":{"@id":"https:\/\/www.biopapa.de\/lt\/#website"},"primaryImageOfPage":{"@id":"https:\/\/www.biopapa.de\/lt\/producte\/ekologiska-vaistine-melisa\/#primaryimage"},"image":{"@id":"https:\/\/www.biopapa.de\/lt\/producte\/ekologiska-vaistine-melisa\/#primaryimage"},"thumbnailUrl":"https:\/\/www.biopapa.de\/wp-content\/uploads\/2023\/01\/Ekologiska-vaistine-melisa.png","datePublished":"2023-01-17T16:06:26+00:00","dateModified":"2025-09-16T14:29:07+00:00","description":"Melisa \u0161imtme\u010dius buvo naudojama d\u0117l sveikatai nauding\u0173 savybi\u0173 ir buvo labai vertinama d\u0117l emocinio ir dvasinio poveikio. Ji buvo da\u017enai naudojama siekiant skatinti ramyb\u0117s jausm\u0105 ir geriama kaip melis\u0173 arbata.","breadcrumb":{"@id":"https:\/\/www.biopapa.de\/lt\/producte\/ekologiska-vaistine-melisa\/#breadcrumb"},"inLanguage":"lt-LT","potentialAction":[{"@type":"ReadAction","target":["https:\/\/www.biopapa.de\/lt\/producte\/ekologiska-vaistine-melisa\/"]}]},{"@type":"ImageObject","inLanguage":"lt-LT","@id":"https:\/\/www.biopapa.de\/lt\/producte\/ekologiska-vaistine-melisa\/#primaryimage","url":"https:\/\/www.biopapa.de\/wp-content\/uploads\/2023\/01\/Ekologiska-vaistine-melisa.png","contentUrl":"https:\/\/www.biopapa.de\/wp-content\/uploads\/2023\/01\/Ekologiska-vaistine-melisa.png","width":800,"height":640,"caption":"Ekologi\u0161ka vaistin\u0117 melisa"},{"@type":"BreadcrumbList","@id":"https:\/\/www.biopapa.de\/lt\/producte\/ekologiska-vaistine-melisa\/#breadcrumb","itemListElement":[{"@type":"ListItem","position":1,"name":"Home","item":"https:\/\/www.biopapa.de\/lt\/"},{"@type":"ListItem","position":2,"name":"Parduotuv\u0117","item":"https:\/\/www.biopapa.de\/parduotuve\/"},{"@type":"ListItem","position":3,"name":"Ekologi\u0161ka vaistin\u0117 melisa"}]},{"@type":"WebSite","@id":"https:\/\/www.biopapa.de\/lt\/#website","url":"https:\/\/www.biopapa.de\/lt\/","name":"Biopapa","description":"\u0160var\u016bs ekologi\u0161ki produktai","publisher":{"@id":"https:\/\/www.biopapa.de\/lt\/#organization"},"potentialAction":[{"@type":"SearchAction","target":{"@type":"EntryPoint","urlTemplate":"https:\/\/www.biopapa.de\/lt\/?s={search_term_string}"},"query-input":{"@type":"PropertyValueSpecification","valueRequired":true,"valueName":"search_term_string"}}],"inLanguage":"lt-LT"},{"@type":"Organization","@id":"https:\/\/www.biopapa.de\/lt\/#organization","name":"Biopapa","url":"https:\/\/www.biopapa.de\/lt\/","logo":{"@type":"ImageObject","inLanguage":"lt-LT","@id":"https:\/\/www.biopapa.de\/lt\/#\/schema\/logo\/image\/","url":"https:\/\/www.biopapa.lt\/wp-content\/uploads\/2022\/04\/facebook_biopapa.jpg","contentUrl":"https:\/\/www.biopapa.lt\/wp-content\/uploads\/2022\/04\/facebook_biopapa.jpg","width":1733,"height":907,"caption":"Biopapa"},"image":{"@id":"https:\/\/www.biopapa.de\/lt\/#\/schema\/logo\/image\/"},"sameAs":["https:\/\/www.facebook.com\/biopapa.lt"]}]}},"_links":{"self":[{"href":"https:\/\/www.biopapa.de\/lt\/wp-json\/wp\/v2\/product\/22679","targetHints":{"allow":["GET"]}}],"collection":[{"href":"https:\/\/www.biopapa.de\/lt\/wp-json\/wp\/v2\/product"}],"about":[{"href":"https:\/\/www.biopapa.de\/lt\/wp-json\/wp\/v2\/types\/product"}],"wp:featuredmedia":[{"embeddable":true,"href":"https:\/\/www.biopapa.de\/lt\/wp-json\/wp\/v2\/media\/22732"}],"wp:attachment":[{"href":"https:\/\/www.biopapa.de\/lt\/wp-json\/wp\/v2\/media?parent=22679"}],"wp:term":[{"taxonomy":"product_brand","embeddable":true,"href":"https:\/\/www.biopapa.de\/lt\/wp-json\/wp\/v2\/product_brand?post=22679"},{"taxonomy":"product_cat","embeddable":true,"href":"https:\/\/www.biopapa.de\/lt\/wp-json\/wp\/v2\/product_cat?post=22679"},{"taxonomy":"product_tag","embeddable":true,"href":"https:\/\/www.biopapa.de\/lt\/wp-json\/wp\/v2\/product_tag?post=22679"}],"curies":[{"name":"wp","href":"https:\/\/api.w.org\/{rel}","templated":true}]}}