{"id":23416,"date":"2023-02-10T22:11:09","date_gmt":"2023-02-10T20:11:09","guid":{"rendered":"https:\/\/www.biopapa.lt\/?post_type=product&#038;p=23416"},"modified":"2026-03-17T15:22:45","modified_gmt":"2026-03-17T13:22:45","slug":"ekologiski-melynziedes-liucernos-alfalfa-milteliai","status":"publish","type":"product","link":"https:\/\/www.biopapa.de\/lt\/producte\/ekologiski-melynziedes-liucernos-alfalfa-milteliai\/","title":{"rendered":"Ekologi\u0161ki m\u0117lyn\u017eied\u0117s liucernos (Alfalfa) milteliai"},"content":{"rendered":"<p>M\u0117lyn\u017eied\u0117 liucerna\u00a0pupini\u0173 (Fabaceae) \u0161eimos daugiametis (iki\u00a010 met\u0173)\u00a0\u017eolinis augalas su daugeliu stieb\u0173.\u00a0M\u0117lyn\u017eied\u0117 liucerna gerina dirvo\u017eem\u012f, yra prieskoninis, medingas ir vaistinis augalas.\u00a0\u017dydi bir\u017eelio &#8211; rugs\u0117jo m\u0117n. Auga kalvose, pakelia sausr\u0105. M\u0117gsta ner\u016bg\u0161\u010dias dirvas.<\/p>\n<p>M\u0117lyn\u017eied\u0117 liucerna (Alfalfa) vertingus mikloelementus ir mineralus siurbia i\u0161 \u017eem\u0117s gilumos. \u0160io augalo \u0161aknys \u012fsiskverbia \u012f didesn\u012f gyl\u012f ir maitinasi tais mikroelementais, kuri\u0173 n\u0117ra \u017eem\u0117s pavir\u0161iuje.<\/p>\n<p>Manoma, kad liucerna (Alfalfa) yra viena pirm\u0173j\u0173 \u017emonijai \u017einom\u0173 maistui tinkam\u0173 augal\u0173. Arab\u0173 kalba jos pavadinimas rei\u0161kia \u201eviso maisto T\u0117vas\u201c. Akivaizdu, kad senov\u0117je \u017emon\u0117ms liucerna buvo gyvybi\u0161kai svarbi. Tradicin\u0117se medicinose, kaip kin\u0173 ar Ajurvedoje, naudojama jau vir\u0161 1500 met\u0173.<\/p>\n<ul>\n<li>Fenoliniai junginiai ir flavonoidai esantys liucernoje yra puik\u016bs antioksidantai, kurie pasi\u017eymi geb\u0117jimu suri\u0161ti laisvuosius radikalus<\/li>\n<li>Turi daug nepakei\u010diam\u0173j\u0173 aminor\u016bg\u0161\u010di\u0173<\/li>\n<li>Izoflavonai pasi\u017eymi pana\u0161iu poveikiu kaip estrogenai, tod\u0117l liucernos naudingos moterims menopauz\u0117s metu<\/li>\n<\/ul>\n<p><em>Naudojimas<\/em><\/p>\n<p>Ekologi\u0161ki m\u0117lyna\u017eied\u0117s liucernos (alfalfa) milteliai praturtins j\u016bs\u0173 maist\u0105 biologi\u0161kai vertingomis med\u017eiagomis.<br \/>\nLiucerna yra \u0161velnaus skonio ir puikiai tinka ko\u0161\u0117ms, kokteiliams, pada\u017eams, sriuboms, garnyrams, tro\u0161kiniams pagardinti. Puikiai dera \u012f salotas.<br \/>\nGalima virti liucernos arbat\u0105.<\/p>\n<p>Rekomenduojama dienos norma yra 1-2 arbatiniai \u0161auk\u0161teliai.<\/p>\n<p><em>PASTABA. \u010cia pateikta informacija negali b\u016bti interpretuojama kaip gydymo ar kitokio pob\u016bd\u017eio sveikatos klausim\u0173 sprendimo rekomendacija. Raginame sprendimus, susijusius su asmenine sveikata, priimti asmeni\u0161kai, \u012fvertinus \u012fvairius informacijos \u0161altinius. <\/em><\/p>\n","protected":false},"excerpt":{"rendered":"<p>M\u0117lyn\u017eied\u0117 liucerna\u00a0pupini\u0173 (Fabaceae) \u0161eimos daugiametis (iki\u00a010 met\u0173)\u00a0\u017eolinis augalas su daugeliu stieb\u0173.\u00a0M\u0117lyn\u017eied\u0117 liucerna gerina dirvo\u017eem\u012f, yra prieskoninis, medingas ir vaistinis augalas.\u00a0\u017dydi<\/p>\n","protected":false},"featured_media":23559,"template":"","meta":{"_acf_changed":false},"product_brand":[],"product_cat":[1216,2349],"product_tag":[1433,1636,1378],"class_list":{"0":"post-23416","1":"product","2":"type-product","3":"status-publish","4":"has-post-thumbnail","6":"product_cat-augalinis-supermaistas","7":"product_cat-milteliai","8":"product_tag-baltymu-saltinis","9":"product_tag-skaidulu-saltinis","10":"product_tag-veganams","11":"pa_svoris-1-kg","12":"pa_svoris-100-g","13":"pa_svoris-200-g","14":"pa_svoris-300-g","15":"pa_svoris-400-g","16":"pa_svoris-50-g","17":"pa_svoris-500-g","19":"first","20":"instock","21":"shipping-taxable","22":"purchasable","23":"product-type-variable"},"acf":[],"yoast_head":"<!-- This site is optimized with the Yoast SEO plugin v27.5 - https:\/\/yoast.com\/product\/yoast-seo-wordpress\/ -->\n<title>Ekologi\u0161ki m\u0117lyn\u017eied\u0117s liucernos (Alfalfa) milteliai - Biopapa<\/title>\n<meta name=\"description\" content=\"Ekologi\u0161ka m\u0117lyn\u017eied\u0117 liucerna (100 %)\" \/>\n<meta name=\"robots\" content=\"index, follow, max-snippet:-1, max-image-preview:large, max-video-preview:-1\" \/>\n<link rel=\"canonical\" href=\"https:\/\/www.biopapa.de\/lt\/producte\/ekologiski-melynziedes-liucernos-alfalfa-milteliai\/\" \/>\n<meta property=\"og:locale\" content=\"lt_LT\" \/>\n<meta property=\"og:type\" content=\"article\" \/>\n<meta property=\"og:title\" content=\"Ekologi\u0161ki m\u0117lyn\u017eied\u0117s liucernos (Alfalfa) milteliai - Biopapa\" \/>\n<meta property=\"og:description\" content=\"Ekologi\u0161ka m\u0117lyn\u017eied\u0117 liucerna (100 %)\" \/>\n<meta property=\"og:url\" content=\"https:\/\/www.biopapa.de\/lt\/producte\/ekologiski-melynziedes-liucernos-alfalfa-milteliai\/\" \/>\n<meta property=\"og:site_name\" content=\"Biopapa\" \/>\n<meta property=\"article:publisher\" content=\"https:\/\/www.facebook.com\/biopapa.lt\" \/>\n<meta property=\"article:modified_time\" content=\"2026-03-17T13:22:45+00:00\" \/>\n<meta property=\"og:image\" content=\"https:\/\/www.biopapa.de\/wp-content\/uploads\/2023\/02\/Ekologiski-melynziedes-liucernos-Alfalfa-milteliai.png\" \/>\n\t<meta property=\"og:image:width\" content=\"800\" \/>\n\t<meta property=\"og:image:height\" content=\"640\" \/>\n\t<meta property=\"og:image:type\" content=\"image\/png\" \/>\n<meta name=\"twitter:card\" content=\"summary_large_image\" \/>\n<meta name=\"twitter:label1\" content=\"Est. reading time\" \/>\n\t<meta name=\"twitter:data1\" content=\"1 minut\u0117\" \/>\n<script type=\"application\/ld+json\" class=\"yoast-schema-graph\">{\"@context\":\"https:\\\/\\\/schema.org\",\"@graph\":[{\"@type\":\"WebPage\",\"@id\":\"https:\\\/\\\/www.biopapa.de\\\/lt\\\/producte\\\/ekologiski-melynziedes-liucernos-alfalfa-milteliai\\\/\",\"url\":\"https:\\\/\\\/www.biopapa.de\\\/lt\\\/producte\\\/ekologiski-melynziedes-liucernos-alfalfa-milteliai\\\/\",\"name\":\"Ekologi\u0161ki m\u0117lyn\u017eied\u0117s liucernos (Alfalfa) milteliai - Biopapa\",\"isPartOf\":{\"@id\":\"https:\\\/\\\/www.biopapa.de\\\/lt\\\/#website\"},\"primaryImageOfPage\":{\"@id\":\"https:\\\/\\\/www.biopapa.de\\\/lt\\\/producte\\\/ekologiski-melynziedes-liucernos-alfalfa-milteliai\\\/#primaryimage\"},\"image\":{\"@id\":\"https:\\\/\\\/www.biopapa.de\\\/lt\\\/producte\\\/ekologiski-melynziedes-liucernos-alfalfa-milteliai\\\/#primaryimage\"},\"thumbnailUrl\":\"https:\\\/\\\/www.biopapa.de\\\/wp-content\\\/uploads\\\/2023\\\/02\\\/Ekologiski-melynziedes-liucernos-Alfalfa-milteliai.png\",\"datePublished\":\"2023-02-10T20:11:09+00:00\",\"dateModified\":\"2026-03-17T13:22:45+00:00\",\"description\":\"Ekologi\u0161ka m\u0117lyn\u017eied\u0117 liucerna (100 %)\",\"breadcrumb\":{\"@id\":\"https:\\\/\\\/www.biopapa.de\\\/lt\\\/producte\\\/ekologiski-melynziedes-liucernos-alfalfa-milteliai\\\/#breadcrumb\"},\"inLanguage\":\"lt-LT\",\"potentialAction\":[{\"@type\":\"ReadAction\",\"target\":[\"https:\\\/\\\/www.biopapa.de\\\/lt\\\/producte\\\/ekologiski-melynziedes-liucernos-alfalfa-milteliai\\\/\"]}]},{\"@type\":\"ImageObject\",\"inLanguage\":\"lt-LT\",\"@id\":\"https:\\\/\\\/www.biopapa.de\\\/lt\\\/producte\\\/ekologiski-melynziedes-liucernos-alfalfa-milteliai\\\/#primaryimage\",\"url\":\"https:\\\/\\\/www.biopapa.de\\\/wp-content\\\/uploads\\\/2023\\\/02\\\/Ekologiski-melynziedes-liucernos-Alfalfa-milteliai.png\",\"contentUrl\":\"https:\\\/\\\/www.biopapa.de\\\/wp-content\\\/uploads\\\/2023\\\/02\\\/Ekologiski-melynziedes-liucernos-Alfalfa-milteliai.png\",\"width\":800,\"height\":640,\"caption\":\"Ekologi\u0161ki m\u0117lyn\u017eied\u0117s liucernos (Alfalfa) milteliai\"},{\"@type\":\"BreadcrumbList\",\"@id\":\"https:\\\/\\\/www.biopapa.de\\\/lt\\\/producte\\\/ekologiski-melynziedes-liucernos-alfalfa-milteliai\\\/#breadcrumb\",\"itemListElement\":[{\"@type\":\"ListItem\",\"position\":1,\"name\":\"Home\",\"item\":\"https:\\\/\\\/www.biopapa.de\\\/lt\\\/\"},{\"@type\":\"ListItem\",\"position\":2,\"name\":\"Parduotuv\u0117\",\"item\":\"https:\\\/\\\/www.biopapa.de\\\/parduotuve\\\/\"},{\"@type\":\"ListItem\",\"position\":3,\"name\":\"Ekologi\u0161ki m\u0117lyn\u017eied\u0117s liucernos (Alfalfa) milteliai\"}]},{\"@type\":\"WebSite\",\"@id\":\"https:\\\/\\\/www.biopapa.de\\\/lt\\\/#website\",\"url\":\"https:\\\/\\\/www.biopapa.de\\\/lt\\\/\",\"name\":\"Biopapa\",\"description\":\"\u0160var\u016bs ekologi\u0161ki produktai\",\"publisher\":{\"@id\":\"https:\\\/\\\/www.biopapa.de\\\/lt\\\/#organization\"},\"potentialAction\":[{\"@type\":\"SearchAction\",\"target\":{\"@type\":\"EntryPoint\",\"urlTemplate\":\"https:\\\/\\\/www.biopapa.de\\\/lt\\\/?s={search_term_string}\"},\"query-input\":{\"@type\":\"PropertyValueSpecification\",\"valueRequired\":true,\"valueName\":\"search_term_string\"}}],\"inLanguage\":\"lt-LT\"},{\"@type\":\"Organization\",\"@id\":\"https:\\\/\\\/www.biopapa.de\\\/lt\\\/#organization\",\"name\":\"Biopapa\",\"url\":\"https:\\\/\\\/www.biopapa.de\\\/lt\\\/\",\"logo\":{\"@type\":\"ImageObject\",\"inLanguage\":\"lt-LT\",\"@id\":\"https:\\\/\\\/www.biopapa.de\\\/lt\\\/#\\\/schema\\\/logo\\\/image\\\/\",\"url\":\"https:\\\/\\\/www.biopapa.lt\\\/wp-content\\\/uploads\\\/2022\\\/04\\\/facebook_biopapa.jpg\",\"contentUrl\":\"https:\\\/\\\/www.biopapa.lt\\\/wp-content\\\/uploads\\\/2022\\\/04\\\/facebook_biopapa.jpg\",\"width\":1733,\"height\":907,\"caption\":\"Biopapa\"},\"image\":{\"@id\":\"https:\\\/\\\/www.biopapa.de\\\/lt\\\/#\\\/schema\\\/logo\\\/image\\\/\"},\"sameAs\":[\"https:\\\/\\\/www.facebook.com\\\/biopapa.lt\"]}]}<\/script>\n<!-- \/ Yoast SEO plugin. -->","yoast_head_json":{"title":"Ekologi\u0161ki m\u0117lyn\u017eied\u0117s liucernos (Alfalfa) milteliai - Biopapa","description":"Ekologi\u0161ka m\u0117lyn\u017eied\u0117 liucerna (100 %)","robots":{"index":"index","follow":"follow","max-snippet":"max-snippet:-1","max-image-preview":"max-image-preview:large","max-video-preview":"max-video-preview:-1"},"canonical":"https:\/\/www.biopapa.de\/lt\/producte\/ekologiski-melynziedes-liucernos-alfalfa-milteliai\/","og_locale":"lt_LT","og_type":"article","og_title":"Ekologi\u0161ki m\u0117lyn\u017eied\u0117s liucernos (Alfalfa) milteliai - Biopapa","og_description":"Ekologi\u0161ka m\u0117lyn\u017eied\u0117 liucerna (100 %)","og_url":"https:\/\/www.biopapa.de\/lt\/producte\/ekologiski-melynziedes-liucernos-alfalfa-milteliai\/","og_site_name":"Biopapa","article_publisher":"https:\/\/www.facebook.com\/biopapa.lt","article_modified_time":"2026-03-17T13:22:45+00:00","og_image":[{"width":800,"height":640,"url":"https:\/\/www.biopapa.de\/wp-content\/uploads\/2023\/02\/Ekologiski-melynziedes-liucernos-Alfalfa-milteliai.png","type":"image\/png"}],"twitter_card":"summary_large_image","twitter_misc":{"Est. reading time":"1 minut\u0117"},"schema":{"@context":"https:\/\/schema.org","@graph":[{"@type":"WebPage","@id":"https:\/\/www.biopapa.de\/lt\/producte\/ekologiski-melynziedes-liucernos-alfalfa-milteliai\/","url":"https:\/\/www.biopapa.de\/lt\/producte\/ekologiski-melynziedes-liucernos-alfalfa-milteliai\/","name":"Ekologi\u0161ki m\u0117lyn\u017eied\u0117s liucernos (Alfalfa) milteliai - Biopapa","isPartOf":{"@id":"https:\/\/www.biopapa.de\/lt\/#website"},"primaryImageOfPage":{"@id":"https:\/\/www.biopapa.de\/lt\/producte\/ekologiski-melynziedes-liucernos-alfalfa-milteliai\/#primaryimage"},"image":{"@id":"https:\/\/www.biopapa.de\/lt\/producte\/ekologiski-melynziedes-liucernos-alfalfa-milteliai\/#primaryimage"},"thumbnailUrl":"https:\/\/www.biopapa.de\/wp-content\/uploads\/2023\/02\/Ekologiski-melynziedes-liucernos-Alfalfa-milteliai.png","datePublished":"2023-02-10T20:11:09+00:00","dateModified":"2026-03-17T13:22:45+00:00","description":"Ekologi\u0161ka m\u0117lyn\u017eied\u0117 liucerna (100 %)","breadcrumb":{"@id":"https:\/\/www.biopapa.de\/lt\/producte\/ekologiski-melynziedes-liucernos-alfalfa-milteliai\/#breadcrumb"},"inLanguage":"lt-LT","potentialAction":[{"@type":"ReadAction","target":["https:\/\/www.biopapa.de\/lt\/producte\/ekologiski-melynziedes-liucernos-alfalfa-milteliai\/"]}]},{"@type":"ImageObject","inLanguage":"lt-LT","@id":"https:\/\/www.biopapa.de\/lt\/producte\/ekologiski-melynziedes-liucernos-alfalfa-milteliai\/#primaryimage","url":"https:\/\/www.biopapa.de\/wp-content\/uploads\/2023\/02\/Ekologiski-melynziedes-liucernos-Alfalfa-milteliai.png","contentUrl":"https:\/\/www.biopapa.de\/wp-content\/uploads\/2023\/02\/Ekologiski-melynziedes-liucernos-Alfalfa-milteliai.png","width":800,"height":640,"caption":"Ekologi\u0161ki m\u0117lyn\u017eied\u0117s liucernos (Alfalfa) milteliai"},{"@type":"BreadcrumbList","@id":"https:\/\/www.biopapa.de\/lt\/producte\/ekologiski-melynziedes-liucernos-alfalfa-milteliai\/#breadcrumb","itemListElement":[{"@type":"ListItem","position":1,"name":"Home","item":"https:\/\/www.biopapa.de\/lt\/"},{"@type":"ListItem","position":2,"name":"Parduotuv\u0117","item":"https:\/\/www.biopapa.de\/parduotuve\/"},{"@type":"ListItem","position":3,"name":"Ekologi\u0161ki m\u0117lyn\u017eied\u0117s liucernos (Alfalfa) milteliai"}]},{"@type":"WebSite","@id":"https:\/\/www.biopapa.de\/lt\/#website","url":"https:\/\/www.biopapa.de\/lt\/","name":"Biopapa","description":"\u0160var\u016bs ekologi\u0161ki produktai","publisher":{"@id":"https:\/\/www.biopapa.de\/lt\/#organization"},"potentialAction":[{"@type":"SearchAction","target":{"@type":"EntryPoint","urlTemplate":"https:\/\/www.biopapa.de\/lt\/?s={search_term_string}"},"query-input":{"@type":"PropertyValueSpecification","valueRequired":true,"valueName":"search_term_string"}}],"inLanguage":"lt-LT"},{"@type":"Organization","@id":"https:\/\/www.biopapa.de\/lt\/#organization","name":"Biopapa","url":"https:\/\/www.biopapa.de\/lt\/","logo":{"@type":"ImageObject","inLanguage":"lt-LT","@id":"https:\/\/www.biopapa.de\/lt\/#\/schema\/logo\/image\/","url":"https:\/\/www.biopapa.lt\/wp-content\/uploads\/2022\/04\/facebook_biopapa.jpg","contentUrl":"https:\/\/www.biopapa.lt\/wp-content\/uploads\/2022\/04\/facebook_biopapa.jpg","width":1733,"height":907,"caption":"Biopapa"},"image":{"@id":"https:\/\/www.biopapa.de\/lt\/#\/schema\/logo\/image\/"},"sameAs":["https:\/\/www.facebook.com\/biopapa.lt"]}]}},"_links":{"self":[{"href":"https:\/\/www.biopapa.de\/lt\/wp-json\/wp\/v2\/product\/23416","targetHints":{"allow":["GET"]}}],"collection":[{"href":"https:\/\/www.biopapa.de\/lt\/wp-json\/wp\/v2\/product"}],"about":[{"href":"https:\/\/www.biopapa.de\/lt\/wp-json\/wp\/v2\/types\/product"}],"wp:featuredmedia":[{"embeddable":true,"href":"https:\/\/www.biopapa.de\/lt\/wp-json\/wp\/v2\/media\/23559"}],"wp:attachment":[{"href":"https:\/\/www.biopapa.de\/lt\/wp-json\/wp\/v2\/media?parent=23416"}],"wp:term":[{"taxonomy":"product_brand","embeddable":true,"href":"https:\/\/www.biopapa.de\/lt\/wp-json\/wp\/v2\/product_brand?post=23416"},{"taxonomy":"product_cat","embeddable":true,"href":"https:\/\/www.biopapa.de\/lt\/wp-json\/wp\/v2\/product_cat?post=23416"},{"taxonomy":"product_tag","embeddable":true,"href":"https:\/\/www.biopapa.de\/lt\/wp-json\/wp\/v2\/product_tag?post=23416"}],"curies":[{"name":"wp","href":"https:\/\/api.w.org\/{rel}","templated":true}]}}