{"id":43395,"date":"2024-03-18T10:17:15","date_gmt":"2024-03-18T08:17:15","guid":{"rendered":"https:\/\/www.biopapa.de\/?post_type=product&#038;p=43395"},"modified":"2025-11-12T11:07:22","modified_gmt":"2025-11-12T09:07:22","slug":"ekologiska-arbata-virskinimui-eliksyras-skrandziui","status":"publish","type":"product","link":"https:\/\/www.biopapa.de\/lt\/producte\/ekologiska-arbata-virskinimui-eliksyras-skrandziui\/","title":{"rendered":"Ekologi\u0161ka arbata vir\u0161kinimui \u201cEliksyras skrand\u017eiui\u201d"},"content":{"rendered":"<p><strong>Ekologi\u0161ka arbata vir\u0161kinimui \u201cEliksyras skrand\u017eui\u201d<\/strong><\/p>\n<p>Leiskite jus apgaubti melisos ir ramun\u0117li\u0173 kvapu, tuo metu subtilesni any\u017eiai ir pankoliai prideda kiekvienam gurk\u0161niui subtilaus gilumo. Atgaivinantis pipirmet\u0117s aromatas susipina kartu su \u017eemi\u0161ku mork\u0173 saldumu ir krap\u0173 aromatin\u0117mis natomis, sukurdami skonio simfonij\u0105, kuri \u0161oka gomuryje. M\u0117gaukit\u0117s raminamomis saldymed\u017eio \u0161aknies su visa\u017ein\u0117s verbenos raminamomis savyb\u0117mis bei medetkomis ir apyni\u0173 \u017eiedlapiais, suteikian\u010diais g\u0117rimui turtingumo ir g\u0117li\u0173 akcento. Visa tai sukuria kompozicij\u0105, kuri pa\u017eada u\u017etikrint\u0105 ramyb\u0119 ir atgaivinim\u0105 su kiekvienu puodeliu.<br \/>\n<em>Paruo\u0161imas<\/em><br \/>\nArbatos 12-15 g\/l,<br \/>\nU\u017eplikyti 100\u00b0C vandeniu,<br \/>\nPalaukti prie\u0161 geriant 7-10 min.<\/p>\n","protected":false},"excerpt":{"rendered":"<p>Ekologi\u0161ka arbata vir\u0161kinimui \u201cEliksyras skrand\u017eui\u201d Leiskite jus apgaubti melisos ir ramun\u0117li\u0173 kvapu, tuo metu subtilesni any\u017eiai ir pankoliai prideda kiekvienam<\/p>\n","protected":false},"featured_media":43427,"template":"","meta":{"_acf_changed":false},"product_brand":[],"product_cat":[1907,1265],"product_tag":[1378],"class_list":{"0":"post-43395","1":"product","2":"type-product","3":"status-publish","4":"has-post-thumbnail","6":"product_cat-arbata","7":"product_cat-ekologiska-kakava-arbata-kava","8":"product_tag-veganams","9":"pa_svoris-1-kg","10":"pa_svoris-100-g","11":"pa_svoris-200-g","12":"pa_svoris-25-g","13":"pa_svoris-300-g","14":"pa_svoris-400-g","15":"pa_svoris-50-g","16":"pa_svoris-500-g","18":"first","19":"instock","20":"shipping-taxable","21":"purchasable","22":"product-type-variable"},"acf":[],"yoast_head":"<!-- This site is optimized with the Yoast SEO plugin v27.5 - https:\/\/yoast.com\/product\/yoast-seo-wordpress\/ -->\n<title>Ekologi\u0161ka arbata vir\u0161kinimui \u201cEliksyras skrand\u017eiui\u201d - Biopapa<\/title>\n<meta name=\"description\" content=\"Ekologi\u0161ka arbata vir\u0161kinimui, kuri pa\u017eada u\u017etikrint\u0105 ramyb\u0119 ir atgaivinim\u0105 su kiekvienu puodeliu.\u00a0\" \/>\n<meta name=\"robots\" content=\"index, follow, max-snippet:-1, max-image-preview:large, max-video-preview:-1\" \/>\n<link rel=\"canonical\" href=\"https:\/\/www.biopapa.de\/lt\/producte\/ekologiska-arbata-virskinimui-eliksyras-skrandziui\/\" \/>\n<meta property=\"og:locale\" content=\"lt_LT\" \/>\n<meta property=\"og:type\" content=\"article\" \/>\n<meta property=\"og:title\" content=\"Ekologi\u0161ka arbata vir\u0161kinimui \u201cEliksyras skrand\u017eiui\u201d - Biopapa\" \/>\n<meta property=\"og:description\" content=\"Ekologi\u0161ka arbata vir\u0161kinimui, kuri pa\u017eada u\u017etikrint\u0105 ramyb\u0119 ir atgaivinim\u0105 su kiekvienu puodeliu.\u00a0\" \/>\n<meta property=\"og:url\" content=\"https:\/\/www.biopapa.de\/lt\/producte\/ekologiska-arbata-virskinimui-eliksyras-skrandziui\/\" \/>\n<meta property=\"og:site_name\" content=\"Biopapa\" \/>\n<meta property=\"article:publisher\" content=\"https:\/\/www.facebook.com\/biopapa.lt\" \/>\n<meta property=\"article:modified_time\" content=\"2025-11-12T09:07:22+00:00\" \/>\n<meta property=\"og:image\" content=\"https:\/\/www.biopapa.de\/wp-content\/uploads\/2024\/03\/Ekologiska-arbata-virskinimui.jpg\" \/>\n\t<meta property=\"og:image:width\" content=\"800\" \/>\n\t<meta property=\"og:image:height\" content=\"640\" \/>\n\t<meta property=\"og:image:type\" content=\"image\/jpeg\" \/>\n<meta name=\"twitter:card\" content=\"summary_large_image\" \/>\n<script type=\"application\/ld+json\" class=\"yoast-schema-graph\">{\"@context\":\"https:\\\/\\\/schema.org\",\"@graph\":[{\"@type\":\"WebPage\",\"@id\":\"https:\\\/\\\/www.biopapa.de\\\/lt\\\/producte\\\/ekologiska-arbata-virskinimui-eliksyras-skrandziui\\\/\",\"url\":\"https:\\\/\\\/www.biopapa.de\\\/lt\\\/producte\\\/ekologiska-arbata-virskinimui-eliksyras-skrandziui\\\/\",\"name\":\"Ekologi\u0161ka arbata vir\u0161kinimui \u201cEliksyras skrand\u017eiui\u201d - Biopapa\",\"isPartOf\":{\"@id\":\"https:\\\/\\\/www.biopapa.de\\\/lt\\\/#website\"},\"primaryImageOfPage\":{\"@id\":\"https:\\\/\\\/www.biopapa.de\\\/lt\\\/producte\\\/ekologiska-arbata-virskinimui-eliksyras-skrandziui\\\/#primaryimage\"},\"image\":{\"@id\":\"https:\\\/\\\/www.biopapa.de\\\/lt\\\/producte\\\/ekologiska-arbata-virskinimui-eliksyras-skrandziui\\\/#primaryimage\"},\"thumbnailUrl\":\"https:\\\/\\\/www.biopapa.de\\\/wp-content\\\/uploads\\\/2024\\\/03\\\/Ekologiska-arbata-virskinimui.jpg\",\"datePublished\":\"2024-03-18T08:17:15+00:00\",\"dateModified\":\"2025-11-12T09:07:22+00:00\",\"description\":\"Ekologi\u0161ka arbata vir\u0161kinimui, kuri pa\u017eada u\u017etikrint\u0105 ramyb\u0119 ir atgaivinim\u0105 su kiekvienu puodeliu.\u00a0\",\"breadcrumb\":{\"@id\":\"https:\\\/\\\/www.biopapa.de\\\/lt\\\/producte\\\/ekologiska-arbata-virskinimui-eliksyras-skrandziui\\\/#breadcrumb\"},\"inLanguage\":\"lt-LT\",\"potentialAction\":[{\"@type\":\"ReadAction\",\"target\":[\"https:\\\/\\\/www.biopapa.de\\\/lt\\\/producte\\\/ekologiska-arbata-virskinimui-eliksyras-skrandziui\\\/\"]}]},{\"@type\":\"ImageObject\",\"inLanguage\":\"lt-LT\",\"@id\":\"https:\\\/\\\/www.biopapa.de\\\/lt\\\/producte\\\/ekologiska-arbata-virskinimui-eliksyras-skrandziui\\\/#primaryimage\",\"url\":\"https:\\\/\\\/www.biopapa.de\\\/wp-content\\\/uploads\\\/2024\\\/03\\\/Ekologiska-arbata-virskinimui.jpg\",\"contentUrl\":\"https:\\\/\\\/www.biopapa.de\\\/wp-content\\\/uploads\\\/2024\\\/03\\\/Ekologiska-arbata-virskinimui.jpg\",\"width\":800,\"height\":640},{\"@type\":\"BreadcrumbList\",\"@id\":\"https:\\\/\\\/www.biopapa.de\\\/lt\\\/producte\\\/ekologiska-arbata-virskinimui-eliksyras-skrandziui\\\/#breadcrumb\",\"itemListElement\":[{\"@type\":\"ListItem\",\"position\":1,\"name\":\"Home\",\"item\":\"https:\\\/\\\/www.biopapa.de\\\/lt\\\/\"},{\"@type\":\"ListItem\",\"position\":2,\"name\":\"Parduotuv\u0117\",\"item\":\"https:\\\/\\\/www.biopapa.de\\\/parduotuve\\\/\"},{\"@type\":\"ListItem\",\"position\":3,\"name\":\"Ekologi\u0161ka arbata vir\u0161kinimui \u201cEliksyras skrand\u017eiui\u201d\"}]},{\"@type\":\"WebSite\",\"@id\":\"https:\\\/\\\/www.biopapa.de\\\/lt\\\/#website\",\"url\":\"https:\\\/\\\/www.biopapa.de\\\/lt\\\/\",\"name\":\"Biopapa\",\"description\":\"\u0160var\u016bs ekologi\u0161ki produktai\",\"publisher\":{\"@id\":\"https:\\\/\\\/www.biopapa.de\\\/lt\\\/#organization\"},\"potentialAction\":[{\"@type\":\"SearchAction\",\"target\":{\"@type\":\"EntryPoint\",\"urlTemplate\":\"https:\\\/\\\/www.biopapa.de\\\/lt\\\/?s={search_term_string}\"},\"query-input\":{\"@type\":\"PropertyValueSpecification\",\"valueRequired\":true,\"valueName\":\"search_term_string\"}}],\"inLanguage\":\"lt-LT\"},{\"@type\":\"Organization\",\"@id\":\"https:\\\/\\\/www.biopapa.de\\\/lt\\\/#organization\",\"name\":\"Biopapa\",\"url\":\"https:\\\/\\\/www.biopapa.de\\\/lt\\\/\",\"logo\":{\"@type\":\"ImageObject\",\"inLanguage\":\"lt-LT\",\"@id\":\"https:\\\/\\\/www.biopapa.de\\\/lt\\\/#\\\/schema\\\/logo\\\/image\\\/\",\"url\":\"https:\\\/\\\/www.biopapa.lt\\\/wp-content\\\/uploads\\\/2022\\\/04\\\/facebook_biopapa.jpg\",\"contentUrl\":\"https:\\\/\\\/www.biopapa.lt\\\/wp-content\\\/uploads\\\/2022\\\/04\\\/facebook_biopapa.jpg\",\"width\":1733,\"height\":907,\"caption\":\"Biopapa\"},\"image\":{\"@id\":\"https:\\\/\\\/www.biopapa.de\\\/lt\\\/#\\\/schema\\\/logo\\\/image\\\/\"},\"sameAs\":[\"https:\\\/\\\/www.facebook.com\\\/biopapa.lt\"]}]}<\/script>\n<!-- \/ Yoast SEO plugin. -->","yoast_head_json":{"title":"Ekologi\u0161ka arbata vir\u0161kinimui \u201cEliksyras skrand\u017eiui\u201d - Biopapa","description":"Ekologi\u0161ka arbata vir\u0161kinimui, kuri pa\u017eada u\u017etikrint\u0105 ramyb\u0119 ir atgaivinim\u0105 su kiekvienu puodeliu.\u00a0","robots":{"index":"index","follow":"follow","max-snippet":"max-snippet:-1","max-image-preview":"max-image-preview:large","max-video-preview":"max-video-preview:-1"},"canonical":"https:\/\/www.biopapa.de\/lt\/producte\/ekologiska-arbata-virskinimui-eliksyras-skrandziui\/","og_locale":"lt_LT","og_type":"article","og_title":"Ekologi\u0161ka arbata vir\u0161kinimui \u201cEliksyras skrand\u017eiui\u201d - Biopapa","og_description":"Ekologi\u0161ka arbata vir\u0161kinimui, kuri pa\u017eada u\u017etikrint\u0105 ramyb\u0119 ir atgaivinim\u0105 su kiekvienu puodeliu.\u00a0","og_url":"https:\/\/www.biopapa.de\/lt\/producte\/ekologiska-arbata-virskinimui-eliksyras-skrandziui\/","og_site_name":"Biopapa","article_publisher":"https:\/\/www.facebook.com\/biopapa.lt","article_modified_time":"2025-11-12T09:07:22+00:00","og_image":[{"width":800,"height":640,"url":"https:\/\/www.biopapa.de\/wp-content\/uploads\/2024\/03\/Ekologiska-arbata-virskinimui.jpg","type":"image\/jpeg"}],"twitter_card":"summary_large_image","schema":{"@context":"https:\/\/schema.org","@graph":[{"@type":"WebPage","@id":"https:\/\/www.biopapa.de\/lt\/producte\/ekologiska-arbata-virskinimui-eliksyras-skrandziui\/","url":"https:\/\/www.biopapa.de\/lt\/producte\/ekologiska-arbata-virskinimui-eliksyras-skrandziui\/","name":"Ekologi\u0161ka arbata vir\u0161kinimui \u201cEliksyras skrand\u017eiui\u201d - Biopapa","isPartOf":{"@id":"https:\/\/www.biopapa.de\/lt\/#website"},"primaryImageOfPage":{"@id":"https:\/\/www.biopapa.de\/lt\/producte\/ekologiska-arbata-virskinimui-eliksyras-skrandziui\/#primaryimage"},"image":{"@id":"https:\/\/www.biopapa.de\/lt\/producte\/ekologiska-arbata-virskinimui-eliksyras-skrandziui\/#primaryimage"},"thumbnailUrl":"https:\/\/www.biopapa.de\/wp-content\/uploads\/2024\/03\/Ekologiska-arbata-virskinimui.jpg","datePublished":"2024-03-18T08:17:15+00:00","dateModified":"2025-11-12T09:07:22+00:00","description":"Ekologi\u0161ka arbata vir\u0161kinimui, kuri pa\u017eada u\u017etikrint\u0105 ramyb\u0119 ir atgaivinim\u0105 su kiekvienu puodeliu.\u00a0","breadcrumb":{"@id":"https:\/\/www.biopapa.de\/lt\/producte\/ekologiska-arbata-virskinimui-eliksyras-skrandziui\/#breadcrumb"},"inLanguage":"lt-LT","potentialAction":[{"@type":"ReadAction","target":["https:\/\/www.biopapa.de\/lt\/producte\/ekologiska-arbata-virskinimui-eliksyras-skrandziui\/"]}]},{"@type":"ImageObject","inLanguage":"lt-LT","@id":"https:\/\/www.biopapa.de\/lt\/producte\/ekologiska-arbata-virskinimui-eliksyras-skrandziui\/#primaryimage","url":"https:\/\/www.biopapa.de\/wp-content\/uploads\/2024\/03\/Ekologiska-arbata-virskinimui.jpg","contentUrl":"https:\/\/www.biopapa.de\/wp-content\/uploads\/2024\/03\/Ekologiska-arbata-virskinimui.jpg","width":800,"height":640},{"@type":"BreadcrumbList","@id":"https:\/\/www.biopapa.de\/lt\/producte\/ekologiska-arbata-virskinimui-eliksyras-skrandziui\/#breadcrumb","itemListElement":[{"@type":"ListItem","position":1,"name":"Home","item":"https:\/\/www.biopapa.de\/lt\/"},{"@type":"ListItem","position":2,"name":"Parduotuv\u0117","item":"https:\/\/www.biopapa.de\/parduotuve\/"},{"@type":"ListItem","position":3,"name":"Ekologi\u0161ka arbata vir\u0161kinimui \u201cEliksyras skrand\u017eiui\u201d"}]},{"@type":"WebSite","@id":"https:\/\/www.biopapa.de\/lt\/#website","url":"https:\/\/www.biopapa.de\/lt\/","name":"Biopapa","description":"\u0160var\u016bs ekologi\u0161ki produktai","publisher":{"@id":"https:\/\/www.biopapa.de\/lt\/#organization"},"potentialAction":[{"@type":"SearchAction","target":{"@type":"EntryPoint","urlTemplate":"https:\/\/www.biopapa.de\/lt\/?s={search_term_string}"},"query-input":{"@type":"PropertyValueSpecification","valueRequired":true,"valueName":"search_term_string"}}],"inLanguage":"lt-LT"},{"@type":"Organization","@id":"https:\/\/www.biopapa.de\/lt\/#organization","name":"Biopapa","url":"https:\/\/www.biopapa.de\/lt\/","logo":{"@type":"ImageObject","inLanguage":"lt-LT","@id":"https:\/\/www.biopapa.de\/lt\/#\/schema\/logo\/image\/","url":"https:\/\/www.biopapa.lt\/wp-content\/uploads\/2022\/04\/facebook_biopapa.jpg","contentUrl":"https:\/\/www.biopapa.lt\/wp-content\/uploads\/2022\/04\/facebook_biopapa.jpg","width":1733,"height":907,"caption":"Biopapa"},"image":{"@id":"https:\/\/www.biopapa.de\/lt\/#\/schema\/logo\/image\/"},"sameAs":["https:\/\/www.facebook.com\/biopapa.lt"]}]}},"_links":{"self":[{"href":"https:\/\/www.biopapa.de\/lt\/wp-json\/wp\/v2\/product\/43395","targetHints":{"allow":["GET"]}}],"collection":[{"href":"https:\/\/www.biopapa.de\/lt\/wp-json\/wp\/v2\/product"}],"about":[{"href":"https:\/\/www.biopapa.de\/lt\/wp-json\/wp\/v2\/types\/product"}],"wp:featuredmedia":[{"embeddable":true,"href":"https:\/\/www.biopapa.de\/lt\/wp-json\/wp\/v2\/media\/43427"}],"wp:attachment":[{"href":"https:\/\/www.biopapa.de\/lt\/wp-json\/wp\/v2\/media?parent=43395"}],"wp:term":[{"taxonomy":"product_brand","embeddable":true,"href":"https:\/\/www.biopapa.de\/lt\/wp-json\/wp\/v2\/product_brand?post=43395"},{"taxonomy":"product_cat","embeddable":true,"href":"https:\/\/www.biopapa.de\/lt\/wp-json\/wp\/v2\/product_cat?post=43395"},{"taxonomy":"product_tag","embeddable":true,"href":"https:\/\/www.biopapa.de\/lt\/wp-json\/wp\/v2\/product_tag?post=43395"}],"curies":[{"name":"wp","href":"https:\/\/api.w.org\/{rel}","templated":true}]}}